{"id":50776,"date":"2025-09-22T14:08:25","date_gmt":"2025-09-22T14:08:25","guid":{"rendered":"https:\/\/conclusao.pt\/portal\/?page_id=50776"},"modified":"2025-09-23T14:50:26","modified_gmt":"2025-09-23T14:50:26","slug":"curso-de-especializacao-tecnologica","status":"publish","type":"page","link":"https:\/\/conclusao.pt\/portal\/curso-de-especializacao-tecnologica\/","title":{"rendered":"Curso de Especializa\u00e7\u00e3o Tecnol\u00f3gica"},"content":{"rendered":"\t\t<div data-elementor-type=\"wp-page\" data-elementor-id=\"50776\" class=\"elementor elementor-50776\">\n\t\t\t\t\t\t<section class=\"elementor-section elementor-top-section elementor-element elementor-element-694afa34 elementor-section-boxed elementor-section-height-default elementor-section-height-default\" data-id=\"694afa34\" data-element_type=\"section\">\n\t\t\t\t\t\t<div class=\"elementor-container elementor-column-gap-default\">\n\t\t\t\t\t<div class=\"elementor-column elementor-col-100 elementor-top-column elementor-element elementor-element-6302a6ab\" data-id=\"6302a6ab\" data-element_type=\"column\">\n\t\t\t<div class=\"elementor-widget-wrap elementor-element-populated\">\n\t\t\t\t\t\t<div class=\"elementor-element elementor-element-a147767 elementor-widget elementor-widget-text-editor\" data-id=\"a147767\" data-element_type=\"widget\" data-widget_type=\"text-editor.default\">\n\t\t\t\t<div class=\"elementor-widget-container\">\n\t\t\t\t\t\t\t\t\t<h1 data-start=\"223\" data-end=\"270\"><img fetchpriority=\"high\" decoding=\"async\" src=\"https:\/\/lh7-rt.googleusercontent.com\/formsz\/AN7BsVDNhCUc_O5bFk7pCy7xPZLQ5ZSIOwUfRXMFcRgbtoYYtmozj2VWA_sQe4Mo7AfrAAaDIB4qj7RRyqk_CPo8Aw3izpHMXixtHthOKbM26VpZHkczxPX_kOdTvIMgWF0Xvz2OHePo7ytnf9N51YHr8edPuylATJEUdB7prnK0PFKWK7png1KKk6zmC_uXGV8DlmwcM-T6o2AfPpLA=w2388?key=E-0ZXTBxSv_RQ1hsRvMCqw\" alt=\"https:\/\/lh7-rt.googleusercontent.com\/formsz\/AN7BsVDNhCUc_O5bFk7pCy7xPZLQ5ZSIOwUfRXMFcRgbtoYYtmozj2VWA_sQe4Mo7AfrAAaDIB4qj7RRyqk_CPo8Aw3izpHMXixtHthOKbM26VpZHkczxPX_kOdTvIMgWF0Xvz2OHePo7ytnf9N51YHr8edPuylATJEUdB7prnK0PFKWK7png1KKk6zmC_uXGV8DlmwcM-T6o2AfPpLA=w2388?key=E-0ZXTBxSv_RQ1hsRvMCqw\" width=\"1869\" height=\"467\" \/><br \/><br \/>T\u00e9cnico\/a Especialista em Exerc\u00edcio F\u00edsico<\/h1><p data-start=\"271\" data-end=\"318\"><strong data-start=\"271\" data-end=\"316\">CET \u2014 Curso de Especializa\u00e7\u00e3o Tecnol\u00f3gica<br \/><\/strong><br \/>O Curso de Especializa\u00e7\u00e3o Tecnol\u00f3gica (CET) em T\u00e9cnico\/a Especialista de Exerc\u00edcio F\u00edsico forma profissionais preparados para planear, executar e avaliar programas de exerc\u00edcio f\u00edsico dirigidos a diferentes popula\u00e7\u00f5es.<br data-start=\"705\" data-end=\"708\" \/>Inclui <strong data-start=\"715\" data-end=\"737\">dupla certifica\u00e7\u00e3o<\/strong> e <strong data-start=\"740\" data-end=\"761\">est\u00e1gio integrado<\/strong>.<\/p><hr data-start=\"766\" data-end=\"769\" \/><h3 data-start=\"771\" data-end=\"787\">Benef\u00edcios<\/h3><ul data-start=\"788\" data-end=\"932\"><li data-start=\"788\" data-end=\"809\"><p data-start=\"790\" data-end=\"809\">Bolsa de forma\u00e7\u00e3o<\/p><\/li><li data-start=\"810\" data-end=\"837\"><p data-start=\"812\" data-end=\"837\">Subs\u00eddio de alimenta\u00e7\u00e3o<\/p><\/li><li data-start=\"838\" data-end=\"889\"><p data-start=\"840\" data-end=\"889\">Subs\u00eddio de transporte \/ despesas de desloca\u00e7\u00e3o<\/p><\/li><li data-start=\"890\" data-end=\"932\"><p data-start=\"892\" data-end=\"932\">Dupla certifica\u00e7\u00e3o e est\u00e1gio integrado<\/p><\/li><\/ul><h2 data-start=\"934\" data-end=\"982\">Fa\u00e7a aqui a sua<strong>\u00a0<\/strong><a href=\"https:\/\/docs.google.com\/forms\/d\/e\/1FAIpQLSf6jnnGwqH-EBEztcxdCDgGkFaTgH6NvChMQPHW77DMOw9f1Q\/viewform\" target=\"_blank\" rel=\"noopener\">PR\u00c9-INSCRI\u00c7\u00d5ES<\/a><\/h2><hr data-start=\"984\" data-end=\"987\" \/><h3 data-start=\"989\" data-end=\"1015\">Informa\u00e7\u00e3o principal<\/h3><ul data-start=\"1016\" data-end=\"1156\"><li data-start=\"1016\" data-end=\"1043\"><p data-start=\"1018\" data-end=\"1043\"><strong data-start=\"1018\" data-end=\"1030\">Dura\u00e7\u00e3o:<\/strong> 1250 horas\u00a0<strong data-start=\"1046\" data-end=\"1056\">N\u00edvel:<\/strong> 5\u00a0\u00a0<strong data-start=\"1063\" data-end=\"1074\">Regime:<\/strong> Presencial \u2014 hor\u00e1rio laboral\u00a0<strong data-start=\"1108\" data-end=\"1118\">Local:<\/strong> Coimbra\u00a0<\/p><\/li><\/ul><hr data-start=\"1158\" data-end=\"1161\" \/><h3 data-start=\"1163\" data-end=\"1187\">Dupla Certifica\u00e7\u00e3o<\/h3><p data-start=\"1188\" data-end=\"1312\">O curso confere certifica\u00e7\u00e3o profissional e qualifica\u00e7\u00e3o acad\u00e9mica, potenciando melhores oportunidades de empregabilidade.<\/p><h3 data-start=\"1314\" data-end=\"1337\">Est\u00e1gio Integrado<\/h3><p data-start=\"1338\" data-end=\"1452\">Est\u00e1gio pr\u00e1tico em contexto real, integrado no plano curricular, que facilita a inser\u00e7\u00e3o no mercado de trabalho.<\/p><p data-start=\"271\" data-end=\"318\">\u00a0<\/p>\t\t\t\t\t\t\t\t<\/div>\n\t\t\t\t<\/div>\n\t\t\t\t\t<\/div>\n\t\t<\/div>\n\t\t\t\t\t<\/div>\n\t\t<\/section>\n\t\t\t\t<\/div>\n\t\t","protected":false},"excerpt":{"rendered":"<p>T\u00e9cnico\/a Especialista em Exerc\u00edcio F\u00edsico CET \u2014 Curso de Especializa\u00e7\u00e3o Tecnol\u00f3gicaO Curso de Especializa\u00e7\u00e3o Tecnol\u00f3gica (CET) em T\u00e9cnico\/a Especialista de Exerc\u00edcio F\u00edsico forma profissionais preparados para planear, executar e avaliar programas de exerc\u00edcio f\u00edsico dirigidos a diferentes popula\u00e7\u00f5es.Inclui dupla certifica\u00e7\u00e3o e est\u00e1gio integrado. Benef\u00edcios Bolsa de forma\u00e7\u00e3o Subs\u00eddio de alimenta\u00e7\u00e3o Subs\u00eddio de transporte \/ despesas &hellip;<\/p>\n<p class=\"read-more\"> <a class=\"\" href=\"https:\/\/conclusao.pt\/portal\/curso-de-especializacao-tecnologica\/\"> <span class=\"screen-reader-text\">Curso de Especializa\u00e7\u00e3o Tecnol\u00f3gica<\/span> Read More &raquo;<\/a><\/p>\n","protected":false},"author":7,"featured_media":0,"parent":0,"menu_order":0,"comment_status":"closed","ping_status":"closed","template":"","meta":{"om_disable_all_campaigns":false,"_uag_custom_page_level_css":"","sfsi_plus_gutenberg_text_before_share":"","sfsi_plus_gutenberg_show_text_before_share":"","sfsi_plus_gutenberg_icon_type":"","sfsi_plus_gutenberg_icon_alignemt":"","sfsi_plus_gutenburg_max_per_row":"","site-sidebar-layout":"no-sidebar","site-content-layout":"page-builder","ast-global-header-display":"","ast-banner-title-visibility":"","ast-main-header-display":"","ast-hfb-above-header-display":"","ast-hfb-below-header-display":"","ast-hfb-mobile-header-display":"","site-post-title":"disabled","ast-breadcrumbs-content":"","ast-featured-img":"disabled","footer-sml-layout":"","theme-transparent-header-meta":"","adv-header-id-meta":"","stick-header-meta":"","header-above-stick-meta":"","header-main-stick-meta":"","header-below-stick-meta":"","_joinchat":[],"footnotes":""},"class_list":["post-50776","page","type-page","status-publish","hentry"],"yoast_head":"<!-- This site is optimized with the Yoast SEO plugin v26.5 - https:\/\/yoast.com\/wordpress\/plugins\/seo\/ -->\n<title>Curso de Especializa\u00e7\u00e3o Tecnol\u00f3gica - Conclus\u00e3o - Estudos e Forma\u00e7\u00e3o<\/title>\n<meta name=\"robots\" content=\"index, follow, max-snippet:-1, max-image-preview:large, max-video-preview:-1\" \/>\n<link rel=\"canonical\" href=\"https:\/\/conclusao.pt\/portal\/curso-de-especializacao-tecnologica\/\" \/>\n<meta property=\"og:locale\" content=\"pt_PT\" \/>\n<meta property=\"og:type\" content=\"article\" \/>\n<meta property=\"og:title\" content=\"Curso de Especializa\u00e7\u00e3o Tecnol\u00f3gica - Conclus\u00e3o - Estudos e Forma\u00e7\u00e3o\" \/>\n<meta property=\"og:description\" content=\"T\u00e9cnico\/a Especialista em Exerc\u00edcio F\u00edsico CET \u2014 Curso de Especializa\u00e7\u00e3o Tecnol\u00f3gicaO Curso de Especializa\u00e7\u00e3o Tecnol\u00f3gica (CET) em T\u00e9cnico\/a Especialista de Exerc\u00edcio F\u00edsico forma profissionais preparados para planear, executar e avaliar programas de exerc\u00edcio f\u00edsico dirigidos a diferentes popula\u00e7\u00f5es.Inclui dupla certifica\u00e7\u00e3o e est\u00e1gio integrado. Benef\u00edcios Bolsa de forma\u00e7\u00e3o Subs\u00eddio de alimenta\u00e7\u00e3o Subs\u00eddio de transporte \/ despesas &hellip; Curso de Especializa\u00e7\u00e3o Tecnol\u00f3gica Read More &raquo;\" \/>\n<meta property=\"og:url\" content=\"https:\/\/conclusao.pt\/portal\/curso-de-especializacao-tecnologica\/\" \/>\n<meta property=\"og:site_name\" content=\"Conclus\u00e3o - Estudos e Forma\u00e7\u00e3o\" \/>\n<meta property=\"article:publisher\" content=\"https:\/\/www.facebook.com\/conclusaoformacao\/\" \/>\n<meta property=\"article:modified_time\" content=\"2025-09-23T14:50:26+00:00\" \/>\n<meta property=\"og:image\" content=\"https:\/\/lh7-rt.googleusercontent.com\/formsz\/AN7BsVDNhCUc_O5bFk7pCy7xPZLQ5ZSIOwUfRXMFcRgbtoYYtmozj2VWA_sQe4Mo7AfrAAaDIB4qj7RRyqk_CPo8Aw3izpHMXixtHthOKbM26VpZHkczxPX_kOdTvIMgWF0Xvz2OHePo7ytnf9N51YHr8edPuylATJEUdB7prnK0PFKWK7png1KKk6zmC_uXGV8DlmwcM-T6o2AfPpLA=w2388?key=E-0ZXTBxSv_RQ1hsRvMCqw\" \/>\n<meta name=\"twitter:card\" content=\"summary_large_image\" \/>\n<meta name=\"twitter:label1\" content=\"Tempo estimado de leitura\" \/>\n\t<meta name=\"twitter:data1\" content=\"1 minuto\" \/>\n<script type=\"application\/ld+json\" class=\"yoast-schema-graph\">{\"@context\":\"https:\/\/schema.org\",\"@graph\":[{\"@type\":\"WebPage\",\"@id\":\"https:\/\/conclusao.pt\/portal\/curso-de-especializacao-tecnologica\/\",\"url\":\"https:\/\/conclusao.pt\/portal\/curso-de-especializacao-tecnologica\/\",\"name\":\"Curso de Especializa\u00e7\u00e3o Tecnol\u00f3gica - Conclus\u00e3o - Estudos e Forma\u00e7\u00e3o\",\"isPartOf\":{\"@id\":\"https:\/\/conclusao.pt\/portal\/#website\"},\"primaryImageOfPage\":{\"@id\":\"https:\/\/conclusao.pt\/portal\/curso-de-especializacao-tecnologica\/#primaryimage\"},\"image\":{\"@id\":\"https:\/\/conclusao.pt\/portal\/curso-de-especializacao-tecnologica\/#primaryimage\"},\"thumbnailUrl\":\"https:\/\/lh7-rt.googleusercontent.com\/formsz\/AN7BsVDNhCUc_O5bFk7pCy7xPZLQ5ZSIOwUfRXMFcRgbtoYYtmozj2VWA_sQe4Mo7AfrAAaDIB4qj7RRyqk_CPo8Aw3izpHMXixtHthOKbM26VpZHkczxPX_kOdTvIMgWF0Xvz2OHePo7ytnf9N51YHr8edPuylATJEUdB7prnK0PFKWK7png1KKk6zmC_uXGV8DlmwcM-T6o2AfPpLA=w2388?key=E-0ZXTBxSv_RQ1hsRvMCqw\",\"datePublished\":\"2025-09-22T14:08:25+00:00\",\"dateModified\":\"2025-09-23T14:50:26+00:00\",\"breadcrumb\":{\"@id\":\"https:\/\/conclusao.pt\/portal\/curso-de-especializacao-tecnologica\/#breadcrumb\"},\"inLanguage\":\"pt-PT\",\"potentialAction\":[{\"@type\":\"ReadAction\",\"target\":[\"https:\/\/conclusao.pt\/portal\/curso-de-especializacao-tecnologica\/\"]}]},{\"@type\":\"ImageObject\",\"inLanguage\":\"pt-PT\",\"@id\":\"https:\/\/conclusao.pt\/portal\/curso-de-especializacao-tecnologica\/#primaryimage\",\"url\":\"https:\/\/lh7-rt.googleusercontent.com\/formsz\/AN7BsVDNhCUc_O5bFk7pCy7xPZLQ5ZSIOwUfRXMFcRgbtoYYtmozj2VWA_sQe4Mo7AfrAAaDIB4qj7RRyqk_CPo8Aw3izpHMXixtHthOKbM26VpZHkczxPX_kOdTvIMgWF0Xvz2OHePo7ytnf9N51YHr8edPuylATJEUdB7prnK0PFKWK7png1KKk6zmC_uXGV8DlmwcM-T6o2AfPpLA=w2388?key=E-0ZXTBxSv_RQ1hsRvMCqw\",\"contentUrl\":\"https:\/\/lh7-rt.googleusercontent.com\/formsz\/AN7BsVDNhCUc_O5bFk7pCy7xPZLQ5ZSIOwUfRXMFcRgbtoYYtmozj2VWA_sQe4Mo7AfrAAaDIB4qj7RRyqk_CPo8Aw3izpHMXixtHthOKbM26VpZHkczxPX_kOdTvIMgWF0Xvz2OHePo7ytnf9N51YHr8edPuylATJEUdB7prnK0PFKWK7png1KKk6zmC_uXGV8DlmwcM-T6o2AfPpLA=w2388?key=E-0ZXTBxSv_RQ1hsRvMCqw\"},{\"@type\":\"BreadcrumbList\",\"@id\":\"https:\/\/conclusao.pt\/portal\/curso-de-especializacao-tecnologica\/#breadcrumb\",\"itemListElement\":[{\"@type\":\"ListItem\",\"position\":1,\"name\":\"In\u00edcio\",\"item\":\"https:\/\/conclusao.pt\/portal\/\"},{\"@type\":\"ListItem\",\"position\":2,\"name\":\"Curso de Especializa\u00e7\u00e3o Tecnol\u00f3gica\"}]},{\"@type\":\"WebSite\",\"@id\":\"https:\/\/conclusao.pt\/portal\/#website\",\"url\":\"https:\/\/conclusao.pt\/portal\/\",\"name\":\"Conclus\u00e3o - Estudos e Forma\u00e7\u00e3o\",\"description\":\"A Conclus\u00e3o \u2013 Estudos e Forma\u00e7\u00e3o, Lda \u00e9 uma empresa que iniciou a sua atividade em 1987, tendo ao longo dos anos especializado na promo\u00e7\u00e3o de cursos de forma\u00e7\u00e3o profissional, na elabora\u00e7\u00e3o estudos e projetos e no desenvolvimento de atividades de consultoria empresarial.\",\"publisher\":{\"@id\":\"https:\/\/conclusao.pt\/portal\/#organization\"},\"potentialAction\":[{\"@type\":\"SearchAction\",\"target\":{\"@type\":\"EntryPoint\",\"urlTemplate\":\"https:\/\/conclusao.pt\/portal\/?s={search_term_string}\"},\"query-input\":{\"@type\":\"PropertyValueSpecification\",\"valueRequired\":true,\"valueName\":\"search_term_string\"}}],\"inLanguage\":\"pt-PT\"},{\"@type\":\"Organization\",\"@id\":\"https:\/\/conclusao.pt\/portal\/#organization\",\"name\":\"Conclus\u00e3o - Estudos e Forma\u00e7\u00e3o\",\"url\":\"https:\/\/conclusao.pt\/portal\/\",\"logo\":{\"@type\":\"ImageObject\",\"inLanguage\":\"pt-PT\",\"@id\":\"https:\/\/conclusao.pt\/portal\/#\/schema\/logo\/image\/\",\"url\":\"https:\/\/conclusao.pt\/portal\/wp-content\/uploads\/2023\/09\/cropped-logotipo.png\",\"contentUrl\":\"https:\/\/conclusao.pt\/portal\/wp-content\/uploads\/2023\/09\/cropped-logotipo.png\",\"width\":200,\"height\":65,\"caption\":\"Conclus\u00e3o - Estudos e Forma\u00e7\u00e3o\"},\"image\":{\"@id\":\"https:\/\/conclusao.pt\/portal\/#\/schema\/logo\/image\/\"},\"sameAs\":[\"https:\/\/www.facebook.com\/conclusaoformacao\/\",\"https:\/\/www.instagram.com\/conclusaolda\/\",\"https:\/\/www.linkedin.com\/company\/conclusao\/\"]}]}<\/script>\n<!-- \/ Yoast SEO plugin. -->","yoast_head_json":{"title":"Curso de Especializa\u00e7\u00e3o Tecnol\u00f3gica - Conclus\u00e3o - Estudos e Forma\u00e7\u00e3o","robots":{"index":"index","follow":"follow","max-snippet":"max-snippet:-1","max-image-preview":"max-image-preview:large","max-video-preview":"max-video-preview:-1"},"canonical":"https:\/\/conclusao.pt\/portal\/curso-de-especializacao-tecnologica\/","og_locale":"pt_PT","og_type":"article","og_title":"Curso de Especializa\u00e7\u00e3o Tecnol\u00f3gica - Conclus\u00e3o - Estudos e Forma\u00e7\u00e3o","og_description":"T\u00e9cnico\/a Especialista em Exerc\u00edcio F\u00edsico CET \u2014 Curso de Especializa\u00e7\u00e3o Tecnol\u00f3gicaO Curso de Especializa\u00e7\u00e3o Tecnol\u00f3gica (CET) em T\u00e9cnico\/a Especialista de Exerc\u00edcio F\u00edsico forma profissionais preparados para planear, executar e avaliar programas de exerc\u00edcio f\u00edsico dirigidos a diferentes popula\u00e7\u00f5es.Inclui dupla certifica\u00e7\u00e3o e est\u00e1gio integrado. Benef\u00edcios Bolsa de forma\u00e7\u00e3o Subs\u00eddio de alimenta\u00e7\u00e3o Subs\u00eddio de transporte \/ despesas &hellip; Curso de Especializa\u00e7\u00e3o Tecnol\u00f3gica Read More &raquo;","og_url":"https:\/\/conclusao.pt\/portal\/curso-de-especializacao-tecnologica\/","og_site_name":"Conclus\u00e3o - Estudos e Forma\u00e7\u00e3o","article_publisher":"https:\/\/www.facebook.com\/conclusaoformacao\/","article_modified_time":"2025-09-23T14:50:26+00:00","og_image":[{"url":"https:\/\/lh7-rt.googleusercontent.com\/formsz\/AN7BsVDNhCUc_O5bFk7pCy7xPZLQ5ZSIOwUfRXMFcRgbtoYYtmozj2VWA_sQe4Mo7AfrAAaDIB4qj7RRyqk_CPo8Aw3izpHMXixtHthOKbM26VpZHkczxPX_kOdTvIMgWF0Xvz2OHePo7ytnf9N51YHr8edPuylATJEUdB7prnK0PFKWK7png1KKk6zmC_uXGV8DlmwcM-T6o2AfPpLA=w2388?key=E-0ZXTBxSv_RQ1hsRvMCqw","type":"","width":"","height":""}],"twitter_card":"summary_large_image","twitter_misc":{"Tempo estimado de leitura":"1 minuto"},"schema":{"@context":"https:\/\/schema.org","@graph":[{"@type":"WebPage","@id":"https:\/\/conclusao.pt\/portal\/curso-de-especializacao-tecnologica\/","url":"https:\/\/conclusao.pt\/portal\/curso-de-especializacao-tecnologica\/","name":"Curso de Especializa\u00e7\u00e3o Tecnol\u00f3gica - Conclus\u00e3o - Estudos e Forma\u00e7\u00e3o","isPartOf":{"@id":"https:\/\/conclusao.pt\/portal\/#website"},"primaryImageOfPage":{"@id":"https:\/\/conclusao.pt\/portal\/curso-de-especializacao-tecnologica\/#primaryimage"},"image":{"@id":"https:\/\/conclusao.pt\/portal\/curso-de-especializacao-tecnologica\/#primaryimage"},"thumbnailUrl":"https:\/\/lh7-rt.googleusercontent.com\/formsz\/AN7BsVDNhCUc_O5bFk7pCy7xPZLQ5ZSIOwUfRXMFcRgbtoYYtmozj2VWA_sQe4Mo7AfrAAaDIB4qj7RRyqk_CPo8Aw3izpHMXixtHthOKbM26VpZHkczxPX_kOdTvIMgWF0Xvz2OHePo7ytnf9N51YHr8edPuylATJEUdB7prnK0PFKWK7png1KKk6zmC_uXGV8DlmwcM-T6o2AfPpLA=w2388?key=E-0ZXTBxSv_RQ1hsRvMCqw","datePublished":"2025-09-22T14:08:25+00:00","dateModified":"2025-09-23T14:50:26+00:00","breadcrumb":{"@id":"https:\/\/conclusao.pt\/portal\/curso-de-especializacao-tecnologica\/#breadcrumb"},"inLanguage":"pt-PT","potentialAction":[{"@type":"ReadAction","target":["https:\/\/conclusao.pt\/portal\/curso-de-especializacao-tecnologica\/"]}]},{"@type":"ImageObject","inLanguage":"pt-PT","@id":"https:\/\/conclusao.pt\/portal\/curso-de-especializacao-tecnologica\/#primaryimage","url":"https:\/\/lh7-rt.googleusercontent.com\/formsz\/AN7BsVDNhCUc_O5bFk7pCy7xPZLQ5ZSIOwUfRXMFcRgbtoYYtmozj2VWA_sQe4Mo7AfrAAaDIB4qj7RRyqk_CPo8Aw3izpHMXixtHthOKbM26VpZHkczxPX_kOdTvIMgWF0Xvz2OHePo7ytnf9N51YHr8edPuylATJEUdB7prnK0PFKWK7png1KKk6zmC_uXGV8DlmwcM-T6o2AfPpLA=w2388?key=E-0ZXTBxSv_RQ1hsRvMCqw","contentUrl":"https:\/\/lh7-rt.googleusercontent.com\/formsz\/AN7BsVDNhCUc_O5bFk7pCy7xPZLQ5ZSIOwUfRXMFcRgbtoYYtmozj2VWA_sQe4Mo7AfrAAaDIB4qj7RRyqk_CPo8Aw3izpHMXixtHthOKbM26VpZHkczxPX_kOdTvIMgWF0Xvz2OHePo7ytnf9N51YHr8edPuylATJEUdB7prnK0PFKWK7png1KKk6zmC_uXGV8DlmwcM-T6o2AfPpLA=w2388?key=E-0ZXTBxSv_RQ1hsRvMCqw"},{"@type":"BreadcrumbList","@id":"https:\/\/conclusao.pt\/portal\/curso-de-especializacao-tecnologica\/#breadcrumb","itemListElement":[{"@type":"ListItem","position":1,"name":"In\u00edcio","item":"https:\/\/conclusao.pt\/portal\/"},{"@type":"ListItem","position":2,"name":"Curso de Especializa\u00e7\u00e3o Tecnol\u00f3gica"}]},{"@type":"WebSite","@id":"https:\/\/conclusao.pt\/portal\/#website","url":"https:\/\/conclusao.pt\/portal\/","name":"Conclus\u00e3o - Estudos e Forma\u00e7\u00e3o","description":"A Conclus\u00e3o \u2013 Estudos e Forma\u00e7\u00e3o, Lda \u00e9 uma empresa que iniciou a sua atividade em 1987, tendo ao longo dos anos especializado na promo\u00e7\u00e3o de cursos de forma\u00e7\u00e3o profissional, na elabora\u00e7\u00e3o estudos e projetos e no desenvolvimento de atividades de consultoria empresarial.","publisher":{"@id":"https:\/\/conclusao.pt\/portal\/#organization"},"potentialAction":[{"@type":"SearchAction","target":{"@type":"EntryPoint","urlTemplate":"https:\/\/conclusao.pt\/portal\/?s={search_term_string}"},"query-input":{"@type":"PropertyValueSpecification","valueRequired":true,"valueName":"search_term_string"}}],"inLanguage":"pt-PT"},{"@type":"Organization","@id":"https:\/\/conclusao.pt\/portal\/#organization","name":"Conclus\u00e3o - Estudos e Forma\u00e7\u00e3o","url":"https:\/\/conclusao.pt\/portal\/","logo":{"@type":"ImageObject","inLanguage":"pt-PT","@id":"https:\/\/conclusao.pt\/portal\/#\/schema\/logo\/image\/","url":"https:\/\/conclusao.pt\/portal\/wp-content\/uploads\/2023\/09\/cropped-logotipo.png","contentUrl":"https:\/\/conclusao.pt\/portal\/wp-content\/uploads\/2023\/09\/cropped-logotipo.png","width":200,"height":65,"caption":"Conclus\u00e3o - Estudos e Forma\u00e7\u00e3o"},"image":{"@id":"https:\/\/conclusao.pt\/portal\/#\/schema\/logo\/image\/"},"sameAs":["https:\/\/www.facebook.com\/conclusaoformacao\/","https:\/\/www.instagram.com\/conclusaolda\/","https:\/\/www.linkedin.com\/company\/conclusao\/"]}]}},"uagb_featured_image_src":{"full":false,"thumbnail":false,"medium":false,"medium_large":false,"large":false,"1536x1536":false,"2048x2048":false,"woocommerce_thumbnail":false,"woocommerce_single":false,"woocommerce_gallery_thumbnail":false},"uagb_author_info":{"display_name":"Hugo Neiva","author_link":"https:\/\/conclusao.pt\/portal\/author\/hugo-neiva\/"},"uagb_comment_info":0,"uagb_excerpt":"T\u00e9cnico\/a Especialista em Exerc\u00edcio F\u00edsico CET \u2014 Curso de Especializa\u00e7\u00e3o Tecnol\u00f3gicaO Curso de Especializa\u00e7\u00e3o Tecnol\u00f3gica (CET) em T\u00e9cnico\/a Especialista de Exerc\u00edcio F\u00edsico forma profissionais preparados para planear, executar e avaliar programas de exerc\u00edcio f\u00edsico dirigidos a diferentes popula\u00e7\u00f5es.Inclui dupla certifica\u00e7\u00e3o e est\u00e1gio integrado. Benef\u00edcios Bolsa de forma\u00e7\u00e3o Subs\u00eddio de alimenta\u00e7\u00e3o Subs\u00eddio de transporte \/ despesas&hellip;","_links":{"self":[{"href":"https:\/\/conclusao.pt\/portal\/wp-json\/wp\/v2\/pages\/50776","targetHints":{"allow":["GET"]}}],"collection":[{"href":"https:\/\/conclusao.pt\/portal\/wp-json\/wp\/v2\/pages"}],"about":[{"href":"https:\/\/conclusao.pt\/portal\/wp-json\/wp\/v2\/types\/page"}],"author":[{"embeddable":true,"href":"https:\/\/conclusao.pt\/portal\/wp-json\/wp\/v2\/users\/7"}],"replies":[{"embeddable":true,"href":"https:\/\/conclusao.pt\/portal\/wp-json\/wp\/v2\/comments?post=50776"}],"version-history":[{"count":26,"href":"https:\/\/conclusao.pt\/portal\/wp-json\/wp\/v2\/pages\/50776\/revisions"}],"predecessor-version":[{"id":50821,"href":"https:\/\/conclusao.pt\/portal\/wp-json\/wp\/v2\/pages\/50776\/revisions\/50821"}],"wp:attachment":[{"href":"https:\/\/conclusao.pt\/portal\/wp-json\/wp\/v2\/media?parent=50776"}],"curies":[{"name":"wp","href":"https:\/\/api.w.org\/{rel}","templated":true}]}}