{"id":48100,"date":"2024-12-26T17:47:52","date_gmt":"2024-12-26T17:47:52","guid":{"rendered":"https:\/\/conclusao.pt\/portal\/?page_id=48100"},"modified":"2025-02-13T15:03:41","modified_gmt":"2025-02-13T15:03:41","slug":"percursos-formativos-ufcd-lisboa-2030","status":"publish","type":"page","link":"https:\/\/conclusao.pt\/portal\/percursos-formativos-ufcd-lisboa-2030\/","title":{"rendered":"Percursos Formativos UFCD (Lisboa 2030)"},"content":{"rendered":"\t\t<div data-elementor-type=\"wp-page\" data-elementor-id=\"48100\" class=\"elementor elementor-48100\">\n\t\t\t\t\t\t<section class=\"elementor-section elementor-top-section elementor-element elementor-element-29d5fac elementor-section-boxed elementor-section-height-default elementor-section-height-default\" data-id=\"29d5fac\" data-element_type=\"section\" data-settings=\"{&quot;background_background&quot;:&quot;classic&quot;}\">\n\t\t\t\t\t\t<div class=\"elementor-container elementor-column-gap-no\">\n\t\t\t\t\t<div class=\"elementor-column elementor-col-100 elementor-top-column elementor-element elementor-element-f56b84e\" data-id=\"f56b84e\" data-element_type=\"column\">\n\t\t\t<div class=\"elementor-widget-wrap elementor-element-populated\">\n\t\t\t\t\t\t<div class=\"elementor-element elementor-element-45f6de3 elementor-widget elementor-widget-heading\" data-id=\"45f6de3\" data-element_type=\"widget\" data-widget_type=\"heading.default\">\n\t\t\t\t<div class=\"elementor-widget-container\">\n\t\t\t\t\t<h2 class=\"elementor-heading-title elementor-size-default\">Percursos Formativos UFCDs (Lisboa 2030)<\/h2>\t\t\t\t<\/div>\n\t\t\t\t<\/div>\n\t\t\t\t\t<\/div>\n\t\t<\/div>\n\t\t\t\t\t<\/div>\n\t\t<\/section>\n\t\t\t\t<section class=\"elementor-section elementor-top-section elementor-element elementor-element-9db150e elementor-section-boxed elementor-section-height-default elementor-section-height-default\" data-id=\"9db150e\" data-element_type=\"section\">\n\t\t\t\t\t\t<div class=\"elementor-container elementor-column-gap-no\">\n\t\t\t\t\t<div class=\"elementor-column elementor-col-100 elementor-top-column elementor-element elementor-element-71f7ec4\" data-id=\"71f7ec4\" data-element_type=\"column\" data-settings=\"{&quot;background_background&quot;:&quot;classic&quot;}\">\n\t\t\t<div class=\"elementor-widget-wrap elementor-element-populated\">\n\t\t\t\t\t\t<div class=\"elementor-element elementor-element-4e63a11 elementor-widget elementor-widget-image\" data-id=\"4e63a11\" data-element_type=\"widget\" data-widget_type=\"image.default\">\n\t\t\t\t<div class=\"elementor-widget-container\">\n\t\t\t\t\t\t\t\t\t\t\t\t\t\t\t<img fetchpriority=\"high\" decoding=\"async\" width=\"1024\" height=\"235\" src=\"https:\/\/conclusao.pt\/portal\/wp-content\/uploads\/2024\/12\/lisboa2030-1024x235.jpg\" class=\"attachment-large size-large wp-image-48102\" alt=\"\" srcset=\"https:\/\/conclusao.pt\/portal\/wp-content\/uploads\/2024\/12\/lisboa2030-e1735235369358.jpg 1024w, https:\/\/conclusao.pt\/portal\/wp-content\/uploads\/2024\/12\/lisboa2030-300x69.jpg 300w, https:\/\/conclusao.pt\/portal\/wp-content\/uploads\/2024\/12\/lisboa2030-768x176.jpg 768w, https:\/\/conclusao.pt\/portal\/wp-content\/uploads\/2024\/12\/lisboa2030-1536x352.jpg 1536w, https:\/\/conclusao.pt\/portal\/wp-content\/uploads\/2024\/12\/lisboa2030-2048x470.jpg 2048w, https:\/\/conclusao.pt\/portal\/wp-content\/uploads\/2024\/12\/lisboa2030-600x138.jpg 600w\" sizes=\"(max-width: 1024px) 100vw, 1024px\" \/>\t\t\t\t\t\t\t\t\t\t\t\t\t\t\t<\/div>\n\t\t\t\t<\/div>\n\t\t\t\t<div class=\"elementor-element elementor-element-0022edf elementor-widget__width-initial elementor-widget elementor-widget-html\" data-id=\"0022edf\" data-element_type=\"widget\" data-widget_type=\"html.default\">\n\t\t\t\t<div class=\"elementor-widget-container\">\n\t\t\t\t\t<iframe width=\"640\" height=\"360\" frameborder=\"0\" src=\"https:\/\/mega.nz\/embed\/tLtVWK4C#9xOdp58a_R9LjnxcOh0NVH23j8w7Zq4uhJ-Lrs8QE74!1a\" allowfullscreen allow=\"autoplay;\"><\/iframe>\t\t\t\t<\/div>\n\t\t\t\t<\/div>\n\t\t\t\t<div class=\"elementor-element elementor-element-1b1aa4f elementor-widget elementor-widget-heading\" data-id=\"1b1aa4f\" data-element_type=\"widget\" data-widget_type=\"heading.default\">\n\t\t\t\t<div class=\"elementor-widget-container\">\n\t\t\t\t\t<h3 class=\"elementor-heading-title elementor-size-default\">O que s\u00e3o<\/h3>\t\t\t\t<\/div>\n\t\t\t\t<\/div>\n\t\t\t\t<div class=\"elementor-element elementor-element-f570708 elementor-widget elementor-widget-text-editor\" data-id=\"f570708\" data-element_type=\"widget\" data-widget_type=\"text-editor.default\">\n\t\t\t\t<div class=\"elementor-widget-container\">\n\t\t\t\t\t\t\t\t\t<p>As forma\u00e7\u00f5es modulares s\u00e3o unidades de forma\u00e7\u00e3o de curta dura\u00e7\u00e3o (25 horas ou 50 horas), que s\u00e3o capitaliz\u00e1veis para a obten\u00e7\u00e3o de uma ou mais qualifica\u00e7\u00f5es constantes do Cat\u00e1logo Nacional de Qualifica\u00e7\u00f5es e permitem a cria\u00e7\u00e3o de percursos flex\u00edveis de dura\u00e7\u00e3o variada.\u00a0Sempre que um adulto conclua com aproveitamento uma forma\u00e7\u00e3o modular \u00e9-lhe emitido um certificado de qualifica\u00e7\u00f5es que discrimina todas as unidades de compet\u00eancia ou de forma\u00e7\u00e3o de curta dura\u00e7\u00e3o conclu\u00eddas com aproveitamento (frequ\u00eancia m\u00ednima de 90%).<\/p>\t\t\t\t\t\t\t\t<\/div>\n\t\t\t\t<\/div>\n\t\t\t\t<div class=\"elementor-element elementor-element-29ec5f0 elementor-widget elementor-widget-heading\" data-id=\"29ec5f0\" data-element_type=\"widget\" data-widget_type=\"heading.default\">\n\t\t\t\t<div class=\"elementor-widget-container\">\n\t\t\t\t\t<h4 class=\"elementor-heading-title elementor-size-default\">A quem se destina<\/h4>\t\t\t\t<\/div>\n\t\t\t\t<\/div>\n\t\t\t\t<div class=\"elementor-element elementor-element-e4ce2d3 elementor-widget elementor-widget-text-editor\" data-id=\"e4ce2d3\" data-element_type=\"widget\" data-widget_type=\"text-editor.default\">\n\t\t\t\t<div class=\"elementor-widget-container\">\n\t\t\t\t\t\t\t\t\t<p>\u2013 Adultos\/as com idade igual ou superior a 18 anos <br \/>\u2013 Habilita\u00e7\u00e3o m\u00ednima de acesso 9.\u00ba ano<br \/>\u2013 Residentes na \u00c1rea Metropolitana de Lisboa (NUTS II)<\/p>\t\t\t\t\t\t\t\t<\/div>\n\t\t\t\t<\/div>\n\t\t\t\t<div class=\"elementor-element elementor-element-25abc13 elementor-widget elementor-widget-heading\" data-id=\"25abc13\" data-element_type=\"widget\" data-widget_type=\"heading.default\">\n\t\t\t\t<div class=\"elementor-widget-container\">\n\t\t\t\t\t<h4 class=\"elementor-heading-title elementor-size-default\">Apoios<\/h4>\t\t\t\t<\/div>\n\t\t\t\t<\/div>\n\t\t\t\t<div class=\"elementor-element elementor-element-792d45c elementor-icon-list--layout-traditional elementor-list-item-link-full_width elementor-widget elementor-widget-icon-list\" data-id=\"792d45c\" data-element_type=\"widget\" data-widget_type=\"icon-list.default\">\n\t\t\t\t<div class=\"elementor-widget-container\">\n\t\t\t\t\t\t\t<ul class=\"elementor-icon-list-items\">\n\t\t\t\t\t\t\t<li class=\"elementor-icon-list-item\">\n\t\t\t\t\t\t\t\t\t\t\t<span class=\"elementor-icon-list-icon\">\n\t\t\t\t\t\t\t<i aria-hidden=\"true\" class=\"fas fa-genderless\"><\/i>\t\t\t\t\t\t<\/span>\n\t\t\t\t\t\t\t\t\t\t<span class=\"elementor-icon-list-text\">T\u00eam tamb\u00e9m direito a um subs\u00eddio de alimenta\u00e7\u00e3o no valor de 6\u20ac\/sess\u00e3o de acordo com a legisla\u00e7\u00e3o em vigor.<\/span>\n\t\t\t\t\t\t\t\t\t<\/li>\n\t\t\t\t\t\t<\/ul>\n\t\t\t\t\t\t<\/div>\n\t\t\t\t<\/div>\n\t\t\t\t<div class=\"elementor-element elementor-element-c17d7e7 elementor-widget elementor-widget-text-editor\" data-id=\"c17d7e7\" data-element_type=\"widget\" data-widget_type=\"text-editor.default\">\n\t\t\t\t<div class=\"elementor-widget-container\">\n\t\t\t\t\t\t\t\t\t<p>Consultar <b><a href=\"https:\/\/conclusao.pt\/pdf\/Ficha_Projeto_FMC_CONCLUSAO%20LISBOA%202030.pdf\">Ficha de Projecto<\/a><\/b><br><\/p>\t\t\t\t\t\t\t\t<\/div>\n\t\t\t\t<\/div>\n\t\t\t\t<div class=\"elementor-element elementor-element-f0d7b64 elementor-widget elementor-widget-heading\" data-id=\"f0d7b64\" data-element_type=\"widget\" data-widget_type=\"heading.default\">\n\t\t\t\t<div class=\"elementor-widget-container\">\n\t\t\t\t\t<h4 class=\"elementor-heading-title elementor-size-default\">Percursos Formativos Detalhados<\/h4>\t\t\t\t<\/div>\n\t\t\t\t<\/div>\n\t\t\t\t<div class=\"elementor-element elementor-element-99632f0 elementor-widget elementor-widget-accordion\" data-id=\"99632f0\" data-element_type=\"widget\" data-widget_type=\"accordion.default\">\n\t\t\t\t<div class=\"elementor-widget-container\">\n\t\t\t\t\t\t\t<div class=\"elementor-accordion\">\n\t\t\t\t\t\t\t<div class=\"elementor-accordion-item\">\n\t\t\t\t\t<div id=\"elementor-tab-title-1601\" class=\"elementor-tab-title\" data-tab=\"1\" role=\"button\" aria-controls=\"elementor-tab-content-1601\" aria-expanded=\"false\">\n\t\t\t\t\t\t\t\t\t\t\t\t\t<span class=\"elementor-accordion-icon elementor-accordion-icon-left\" aria-hidden=\"true\">\n\t\t\t\t\t\t\t\t\t\t\t\t\t\t\t<span class=\"elementor-accordion-icon-closed\"><i class=\"fas fa-plus\"><\/i><\/span>\n\t\t\t\t\t\t\t\t<span class=\"elementor-accordion-icon-opened\"><i class=\"fas fa-minus\"><\/i><\/span>\n\t\t\t\t\t\t\t\t\t\t\t\t\t\t<\/span>\n\t\t\t\t\t\t\t\t\t\t\t\t<a class=\"elementor-accordion-title\" tabindex=\"0\">Prospe\u00e7\u00e3o, capta\u00e7\u00e3o e fideliza\u00e7\u00e3o de clientes (175h)<\/a>\n\t\t\t\t\t<\/div>\n\t\t\t\t\t<div id=\"elementor-tab-content-1601\" class=\"elementor-tab-content elementor-clearfix\" data-tab=\"1\" role=\"region\" aria-labelledby=\"elementor-tab-title-1601\"><p>\u00a0<\/p><table width=\"742\"><tbody><tr><td width=\"159\">C\u00d3DIGO\u00a0<\/td><td width=\"489\">UFCD\u00a0<\/td><td width=\"94\">Horas<\/td><\/tr><tr><td width=\"159\">11004<\/td><td width=\"489\">Avalia\u00e7\u00e3o, sele\u00e7\u00e3o de mercados e clientes internacionais\u00a0<\/td><td width=\"94\">50<\/td><\/tr><tr><td width=\"159\">7494<\/td><td width=\"489\">Pr\u00e1ticas de com\u00e9rcio internacional\u00a0<\/td><td width=\"94\">25<\/td><\/tr><tr><td width=\"159\">11005<\/td><td width=\"489\">Negocia\u00e7\u00e3o e gest\u00e3o de vendas em contexto internacional\u00a0<\/td><td width=\"94\">50<\/td><\/tr><tr><td width=\"159\"><table><tbody><tr><td width=\"159\">8018<\/td><\/tr><\/tbody><\/table><\/td><td width=\"489\">Gest\u00e3o e comunica\u00e7\u00e3o intercultural\u00a0<\/td><td width=\"94\">50<\/td><\/tr><\/tbody><\/table><\/div>\n\t\t\t\t<\/div>\n\t\t\t\t\t\t\t<div class=\"elementor-accordion-item\">\n\t\t\t\t\t<div id=\"elementor-tab-title-1602\" class=\"elementor-tab-title\" data-tab=\"2\" role=\"button\" aria-controls=\"elementor-tab-content-1602\" aria-expanded=\"false\">\n\t\t\t\t\t\t\t\t\t\t\t\t\t<span class=\"elementor-accordion-icon elementor-accordion-icon-left\" aria-hidden=\"true\">\n\t\t\t\t\t\t\t\t\t\t\t\t\t\t\t<span class=\"elementor-accordion-icon-closed\"><i class=\"fas fa-plus\"><\/i><\/span>\n\t\t\t\t\t\t\t\t<span class=\"elementor-accordion-icon-opened\"><i class=\"fas fa-minus\"><\/i><\/span>\n\t\t\t\t\t\t\t\t\t\t\t\t\t\t<\/span>\n\t\t\t\t\t\t\t\t\t\t\t\t<a class=\"elementor-accordion-title\" tabindex=\"0\">Mercado internacional e os meios digitais (200h)<\/a>\n\t\t\t\t\t<\/div>\n\t\t\t\t\t<div id=\"elementor-tab-content-1602\" class=\"elementor-tab-content elementor-clearfix\" data-tab=\"2\" role=\"region\" aria-labelledby=\"elementor-tab-title-1602\"><table width=\"742\"><tbody><tr><td width=\"159\">C\u00d3DIGO\u00a0<\/td><td width=\"489\">UFCD\u00a0<\/td><td width=\"94\">Horas <\/td><\/tr><tr><td width=\"159\">11006<\/td><td width=\"489\">Ci\u00eancia de dados no com\u00e9rcio internacional\u00a0<\/td><td width=\"94\">25<\/td><\/tr><tr><td width=\"159\">10868<\/td><td width=\"489\">CRM analytics\u00a0<\/td><td width=\"94\">25<\/td><\/tr><tr><td width=\"159\">10784<\/td><td width=\"489\">Gest\u00e3o da presen\u00e7a empresarial nas redes sociais\u00a0<\/td><td width=\"94\">50<\/td><\/tr><tr><td width=\"159\">9214<\/td><td width=\"489\">Marketing digital\u00a0<\/td><td width=\"94\">25<\/td><\/tr><tr><td width=\"159\">11007<\/td><td width=\"489\">Desenvolvimento de planos de marketing digital\u00a0<\/td><td width=\"94\">25<\/td><\/tr><tr><td width=\"159\">11008<\/td><td width=\"489\">Monitoriza\u00e7\u00e3o e avalia\u00e7\u00e3o de planos de marketing\u00a0<\/td><td width=\"94\">25<\/td><\/tr><tr><td width=\"159\">11009<\/td><td width=\"489\">E-commerce internacional\u00a0<\/td><td width=\"94\">25<\/td><\/tr><\/tbody><\/table><\/div>\n\t\t\t\t<\/div>\n\t\t\t\t\t\t\t<div class=\"elementor-accordion-item\">\n\t\t\t\t\t<div id=\"elementor-tab-title-1603\" class=\"elementor-tab-title\" data-tab=\"3\" role=\"button\" aria-controls=\"elementor-tab-content-1603\" aria-expanded=\"false\">\n\t\t\t\t\t\t\t\t\t\t\t\t\t<span class=\"elementor-accordion-icon elementor-accordion-icon-left\" aria-hidden=\"true\">\n\t\t\t\t\t\t\t\t\t\t\t\t\t\t\t<span class=\"elementor-accordion-icon-closed\"><i class=\"fas fa-plus\"><\/i><\/span>\n\t\t\t\t\t\t\t\t<span class=\"elementor-accordion-icon-opened\"><i class=\"fas fa-minus\"><\/i><\/span>\n\t\t\t\t\t\t\t\t\t\t\t\t\t\t<\/span>\n\t\t\t\t\t\t\t\t\t\t\t\t<a class=\"elementor-accordion-title\" tabindex=\"0\">Log\u00edstica internacional (150h)<\/a>\n\t\t\t\t\t<\/div>\n\t\t\t\t\t<div id=\"elementor-tab-content-1603\" class=\"elementor-tab-content elementor-clearfix\" data-tab=\"3\" role=\"region\" aria-labelledby=\"elementor-tab-title-1603\"><table width=\"742\"><tbody><tr><td width=\"159\">C\u00d3DIGO\u00a0<\/td><td width=\"489\">UFCD\u00a0<\/td><td width=\"94\">Horas<\/td><\/tr><tr><td width=\"159\">11010<\/td><td width=\"489\">Com\u00e9rcio internacional \u2013 pol\u00edticas aduaneiras e fiscalidade\u00a0<\/td><td width=\"94\">25<\/td><\/tr><tr><td width=\"159\">11011<\/td><td width=\"489\">Incoterms e gest\u00e3o documental\u00a0<\/td><td width=\"94\">25<\/td><\/tr><tr><td width=\"159\">11012<\/td><td width=\"489\">Aprovisionamentos \u2013 novas tecnologias e instrumentos de gest\u00e3o de compras\u00a0<\/td><td width=\"94\">25<\/td><\/tr><tr><td width=\"159\">8510<\/td><td width=\"489\">Log\u00edstica internacional\u00a0<\/td><td width=\"94\">25<\/td><\/tr><tr><td width=\"159\">8526<\/td><td width=\"489\">Transportes na otimiza\u00e7\u00e3o da cadeia log\u00edstica\u00a0<\/td><td width=\"94\">50<\/td><\/tr><\/tbody><\/table><\/div>\n\t\t\t\t<\/div>\n\t\t\t\t\t\t\t<div class=\"elementor-accordion-item\">\n\t\t\t\t\t<div id=\"elementor-tab-title-1604\" class=\"elementor-tab-title\" data-tab=\"4\" role=\"button\" aria-controls=\"elementor-tab-content-1604\" aria-expanded=\"false\">\n\t\t\t\t\t\t\t\t\t\t\t\t\t<span class=\"elementor-accordion-icon elementor-accordion-icon-left\" aria-hidden=\"true\">\n\t\t\t\t\t\t\t\t\t\t\t\t\t\t\t<span class=\"elementor-accordion-icon-closed\"><i class=\"fas fa-plus\"><\/i><\/span>\n\t\t\t\t\t\t\t\t<span class=\"elementor-accordion-icon-opened\"><i class=\"fas fa-minus\"><\/i><\/span>\n\t\t\t\t\t\t\t\t\t\t\t\t\t\t<\/span>\n\t\t\t\t\t\t\t\t\t\t\t\t<a class=\"elementor-accordion-title\" tabindex=\"0\">Tend\u00eancias e an\u00e1lises de mercado (125h)<\/a>\n\t\t\t\t\t<\/div>\n\t\t\t\t\t<div id=\"elementor-tab-content-1604\" class=\"elementor-tab-content elementor-clearfix\" data-tab=\"4\" role=\"region\" aria-labelledby=\"elementor-tab-title-1604\"><table width=\"742\"><tbody><tr><td width=\"159\">C\u00d3DIGO\u00a0<\/td><td width=\"489\">UFCD\u00a0<\/td><td width=\"94\">Horas<\/td><\/tr><tr><td width=\"159\">376<\/td><td width=\"489\">Marketing &#8211; mercado e posicionamento\u00a0<\/td><td width=\"94\">50<\/td><\/tr><tr><td width=\"159\">11013<\/td><td width=\"489\">Estudo e an\u00e1lise de mercado\u00a0<\/td><td width=\"94\">50<\/td><\/tr><tr><td width=\"159\">7905<\/td><td width=\"489\">Tend\u00eancias e comportamentos de consumo\u00a0<\/td><td width=\"94\">25<\/td><\/tr><tr><td width=\"159\">11014<\/td><td width=\"489\">An\u00e1lise de risco, sele\u00e7\u00e3o de mercado e modos de presen\u00e7a\u00a0<\/td><td width=\"94\">50<\/td><\/tr><tr><td width=\"159\">11015<\/td><td width=\"489\">Economia circular e sustentabilidade &#8211; internacionaliza\u00e7\u00e3o\u00a0<\/td><td width=\"94\">25<\/td><\/tr><\/tbody><\/table><\/div>\n\t\t\t\t<\/div>\n\t\t\t\t\t\t\t<div class=\"elementor-accordion-item\">\n\t\t\t\t\t<div id=\"elementor-tab-title-1605\" class=\"elementor-tab-title\" data-tab=\"5\" role=\"button\" aria-controls=\"elementor-tab-content-1605\" aria-expanded=\"false\">\n\t\t\t\t\t\t\t\t\t\t\t\t\t<span class=\"elementor-accordion-icon elementor-accordion-icon-left\" aria-hidden=\"true\">\n\t\t\t\t\t\t\t\t\t\t\t\t\t\t\t<span class=\"elementor-accordion-icon-closed\"><i class=\"fas fa-plus\"><\/i><\/span>\n\t\t\t\t\t\t\t\t<span class=\"elementor-accordion-icon-opened\"><i class=\"fas fa-minus\"><\/i><\/span>\n\t\t\t\t\t\t\t\t\t\t\t\t\t\t<\/span>\n\t\t\t\t\t\t\t\t\t\t\t\t<a class=\"elementor-accordion-title\" tabindex=\"0\">Monitoriza\u00e7\u00e3o e controlo de neg\u00f3cio internacional (125h)<\/a>\n\t\t\t\t\t<\/div>\n\t\t\t\t\t<div id=\"elementor-tab-content-1605\" class=\"elementor-tab-content elementor-clearfix\" data-tab=\"5\" role=\"region\" aria-labelledby=\"elementor-tab-title-1605\"><table width=\"742\"><tbody><tr><td width=\"159\">C\u00d3DIGO\u00a0<\/td><td width=\"489\">UFCD\u00a0<\/td><td width=\"94\">Horas<\/td><\/tr><tr><td width=\"159\">8006<\/td><td width=\"489\">Rela\u00e7\u00f5es comerciais &#8211; propostas e instrumentos de gest\u00e3o e monitoriza\u00e7\u00e3o da atividade comercial\u00a0<\/td><td width=\"94\">25<\/td><\/tr><tr><td width=\"159\">11016<\/td><td width=\"489\">Sistemas de informa\u00e7\u00e3o de suporte \u00e0 gest\u00e3o das opera\u00e7\u00f5es de com\u00e9rcio\u00a0<\/td><td width=\"94\">25<\/td><\/tr><tr><td width=\"159\">11017<\/td><td width=\"489\">Monitoriza\u00e7\u00e3o e controlo de gest\u00e3o internacional\u00a0<\/td><td width=\"94\">25<\/td><\/tr><tr><td width=\"159\">11018<\/td><td width=\"489\">Gest\u00e3o de expatriados e redes de coopera\u00e7\u00e3o\u00a0<\/td><td width=\"94\">25<\/td><\/tr><tr><td width=\"159\">11019<\/td><td width=\"489\">Gest\u00e3o de projeto internacional\u00a0<\/td><td width=\"94\">25<\/td><\/tr><\/tbody><\/table><\/div>\n\t\t\t\t<\/div>\n\t\t\t\t\t\t\t<div class=\"elementor-accordion-item\">\n\t\t\t\t\t<div id=\"elementor-tab-title-1606\" class=\"elementor-tab-title\" data-tab=\"6\" role=\"button\" aria-controls=\"elementor-tab-content-1606\" aria-expanded=\"false\">\n\t\t\t\t\t\t\t\t\t\t\t\t\t<span class=\"elementor-accordion-icon elementor-accordion-icon-left\" aria-hidden=\"true\">\n\t\t\t\t\t\t\t\t\t\t\t\t\t\t\t<span class=\"elementor-accordion-icon-closed\"><i class=\"fas fa-plus\"><\/i><\/span>\n\t\t\t\t\t\t\t\t<span class=\"elementor-accordion-icon-opened\"><i class=\"fas fa-minus\"><\/i><\/span>\n\t\t\t\t\t\t\t\t\t\t\t\t\t\t<\/span>\n\t\t\t\t\t\t\t\t\t\t\t\t<a class=\"elementor-accordion-title\" tabindex=\"0\">Lideran\u00e7a e criatividade (125h)<\/a>\n\t\t\t\t\t<\/div>\n\t\t\t\t\t<div id=\"elementor-tab-content-1606\" class=\"elementor-tab-content elementor-clearfix\" data-tab=\"6\" role=\"region\" aria-labelledby=\"elementor-tab-title-1606\"><table width=\"776\"><tbody><tr><td width=\"203\">C\u00d3DIGO\u00a0<\/td><td width=\"484\">UFCD\u00a0<\/td><td width=\"89\">Horas<\/td><\/tr><tr><td width=\"203\">4659<\/td><td width=\"484\">Criatividade e resolu\u00e7\u00e3o de problemas\u00a0<\/td><td width=\"89\">25<\/td><\/tr><tr><td width=\"203\">10319<\/td><td width=\"484\">Lideran\u00e7a e coaching\u00a0<\/td><td width=\"89\">25<\/td><\/tr><tr><td width=\"203\">9765<\/td><td width=\"484\">Lideran\u00e7a e gest\u00e3o de carreiras\u00a0<\/td><td width=\"89\">25<\/td><\/tr><tr><td width=\"203\">9208<\/td><td width=\"484\">Intelig\u00eancia emocional\u00a0<\/td><td width=\"89\">25<\/td><\/tr><tr><td width=\"203\">9761<\/td><td width=\"484\">Lideran\u00e7a, gest\u00e3o e motiva\u00e7\u00e3o de equipas\u00a0<\/td><td width=\"89\">25<\/td><\/tr><\/tbody><\/table><\/div>\n\t\t\t\t<\/div>\n\t\t\t\t\t\t\t<div class=\"elementor-accordion-item\">\n\t\t\t\t\t<div id=\"elementor-tab-title-1607\" class=\"elementor-tab-title\" data-tab=\"7\" role=\"button\" aria-controls=\"elementor-tab-content-1607\" aria-expanded=\"false\">\n\t\t\t\t\t\t\t\t\t\t\t\t\t<span class=\"elementor-accordion-icon elementor-accordion-icon-left\" aria-hidden=\"true\">\n\t\t\t\t\t\t\t\t\t\t\t\t\t\t\t<span class=\"elementor-accordion-icon-closed\"><i class=\"fas fa-plus\"><\/i><\/span>\n\t\t\t\t\t\t\t\t<span class=\"elementor-accordion-icon-opened\"><i class=\"fas fa-minus\"><\/i><\/span>\n\t\t\t\t\t\t\t\t\t\t\t\t\t\t<\/span>\n\t\t\t\t\t\t\t\t\t\t\t\t<a class=\"elementor-accordion-title\" tabindex=\"0\">Lideran\u00e7a em contexto social (225h)<\/a>\n\t\t\t\t\t<\/div>\n\t\t\t\t\t<div id=\"elementor-tab-content-1607\" class=\"elementor-tab-content elementor-clearfix\" data-tab=\"7\" role=\"region\" aria-labelledby=\"elementor-tab-title-1607\"><table width=\"776\"><tbody><tr><td width=\"203\">C\u00d3DIGO\u00a0<\/td><td width=\"484\">UFCD\u00a0<\/td><td width=\"89\">Horas<\/td><\/tr><tr><td width=\"203\">592<\/td><td width=\"484\">Legisla\u00e7\u00e3o laboral\u00a0<\/td><td width=\"89\">25<\/td><\/tr><tr><td width=\"203\">5209<\/td><td width=\"484\">Ambiente e patrim\u00f3nio\u00a0<\/td><td width=\"89\">50<\/td><\/tr><tr><td width=\"203\">9837<\/td><td width=\"484\">Comunica\u00e7\u00e3o interna, externa e integrada\u00a0<\/td><td width=\"89\">25<\/td><\/tr><tr><td width=\"203\">4258<\/td><td width=\"484\">Direito social\u00a0<\/td><td width=\"89\">25<\/td><\/tr><tr><td width=\"203\">10370<\/td><td width=\"484\">Pol\u00edticas sociais de interven\u00e7\u00e3o\u00a0<\/td><td width=\"89\">25<\/td><\/tr><tr><td width=\"203\">4262<\/td><td width=\"484\">Trabalho de projeto comunit\u00e1rio &#8211; avalia\u00e7\u00e3o\u00a0<\/td><td width=\"89\">50<\/td><\/tr><tr><td width=\"203\">8977<\/td><td width=\"484\">Voluntariado jovem\u00a0<\/td><td width=\"89\">25<\/td><\/tr><\/tbody><\/table><\/div>\n\t\t\t\t<\/div>\n\t\t\t\t\t\t\t<div class=\"elementor-accordion-item\">\n\t\t\t\t\t<div id=\"elementor-tab-title-1608\" class=\"elementor-tab-title\" data-tab=\"8\" role=\"button\" aria-controls=\"elementor-tab-content-1608\" aria-expanded=\"false\">\n\t\t\t\t\t\t\t\t\t\t\t\t\t<span class=\"elementor-accordion-icon elementor-accordion-icon-left\" aria-hidden=\"true\">\n\t\t\t\t\t\t\t\t\t\t\t\t\t\t\t<span class=\"elementor-accordion-icon-closed\"><i class=\"fas fa-plus\"><\/i><\/span>\n\t\t\t\t\t\t\t\t<span class=\"elementor-accordion-icon-opened\"><i class=\"fas fa-minus\"><\/i><\/span>\n\t\t\t\t\t\t\t\t\t\t\t\t\t\t<\/span>\n\t\t\t\t\t\t\t\t\t\t\t\t<a class=\"elementor-accordion-title\" tabindex=\"0\">Gest\u00e3o e finan\u00e7as (200h)<\/a>\n\t\t\t\t\t<\/div>\n\t\t\t\t\t<div id=\"elementor-tab-content-1608\" class=\"elementor-tab-content elementor-clearfix\" data-tab=\"8\" role=\"region\" aria-labelledby=\"elementor-tab-title-1608\"><table width=\"776\"><tbody><tr><td width=\"203\">C\u00d3DIGO\u00a0<\/td><td width=\"484\">UFCD\u00a0<\/td><td width=\"89\">Horas<\/td><\/tr><tr><td width=\"203\">5271<\/td><td width=\"484\">An\u00e1lise estrat\u00e9gica e de investimentos\u00a0<\/td><td width=\"89\">50<\/td><\/tr><tr><td width=\"203\">620<\/td><td width=\"484\">Controlo de gest\u00e3o\u00a0<\/td><td width=\"89\">50<\/td><\/tr><tr><td width=\"203\">5653<\/td><td width=\"484\">Direito do Trabalho\u00a0<\/td><td width=\"89\">25<\/td><\/tr><tr><td width=\"203\">4320<\/td><td width=\"484\">Gest\u00e3o e an\u00e1lise financeira\u00a0<\/td><td width=\"89\">25<\/td><\/tr><tr><td width=\"203\">10796<\/td><td width=\"484\">Gest\u00e3o de informa\u00e7\u00e3o\u00a0<\/td><td width=\"89\">25<\/td><\/tr><tr><td width=\"203\">7257<\/td><td width=\"484\">No\u00e7\u00f5es de contabilidade\u00a0<\/td><td width=\"89\">25<\/td><\/tr><\/tbody><\/table><\/div>\n\t\t\t\t<\/div>\n\t\t\t\t\t\t\t<div class=\"elementor-accordion-item\">\n\t\t\t\t\t<div id=\"elementor-tab-title-1609\" class=\"elementor-tab-title\" data-tab=\"9\" role=\"button\" aria-controls=\"elementor-tab-content-1609\" aria-expanded=\"false\">\n\t\t\t\t\t\t\t\t\t\t\t\t\t<span class=\"elementor-accordion-icon elementor-accordion-icon-left\" aria-hidden=\"true\">\n\t\t\t\t\t\t\t\t\t\t\t\t\t\t\t<span class=\"elementor-accordion-icon-closed\"><i class=\"fas fa-plus\"><\/i><\/span>\n\t\t\t\t\t\t\t\t<span class=\"elementor-accordion-icon-opened\"><i class=\"fas fa-minus\"><\/i><\/span>\n\t\t\t\t\t\t\t\t\t\t\t\t\t\t<\/span>\n\t\t\t\t\t\t\t\t\t\t\t\t<a class=\"elementor-accordion-title\" tabindex=\"0\">Inova\u00e7\u00e3o na lideran\u00e7a (200h)<\/a>\n\t\t\t\t\t<\/div>\n\t\t\t\t\t<div id=\"elementor-tab-content-1609\" class=\"elementor-tab-content elementor-clearfix\" data-tab=\"9\" role=\"region\" aria-labelledby=\"elementor-tab-title-1609\"><table width=\"776\"><tbody><tr><td width=\"203\">C\u00d3DIGO\u00a0<\/td><td width=\"484\">UFCD\u00a0<\/td><td width=\"89\">Horas<\/td><\/tr><tr><td width=\"203\">10396<\/td><td width=\"484\">Empreendedorismo social\u00a0<\/td><td width=\"89\">50<\/td><\/tr><tr><td width=\"203\">7852<\/td><td width=\"484\">Perfil e potencial do empreendedor \u2013 diagn\u00f3stico\/ desenvolvimento\u00a0<\/td><td width=\"89\">25<\/td><\/tr><tr><td width=\"203\">435<\/td><td width=\"484\">Gest\u00e3o da comunica\u00e7\u00e3o de marketing\u00a0<\/td><td width=\"89\">50<\/td><\/tr><tr><td width=\"203\">5456<\/td><td width=\"484\">\u00c9tica e responsabilidade social das empresas &#8211; uma exig\u00eancia\u00a0<\/td><td width=\"89\">25<\/td><\/tr><tr><td width=\"203\">2163<\/td><td width=\"484\">Plano estrat\u00e9gico e de a\u00e7\u00e3o da empresa\u00a0<\/td><td width=\"89\">50<\/td><\/tr><\/tbody><\/table><\/div>\n\t\t\t\t<\/div>\n\t\t\t\t\t\t\t\t<\/div>\n\t\t\t\t\t\t<\/div>\n\t\t\t\t<\/div>\n\t\t\t\t<div class=\"elementor-element elementor-element-88db9ca elementor-widget elementor-widget-heading\" data-id=\"88db9ca\" data-element_type=\"widget\" data-widget_type=\"heading.default\">\n\t\t\t\t<div class=\"elementor-widget-container\">\n\t\t\t\t\t<h4 class=\"elementor-heading-title elementor-size-default\">Formul\u00e1rio de Inscri\u00e7\u00e3o<\/h4>\t\t\t\t<\/div>\n\t\t\t\t<\/div>\n\t\t\t\t<div class=\"elementor-element elementor-element-6814164 elementor-widget elementor-widget-html\" data-id=\"6814164\" data-element_type=\"widget\" data-widget_type=\"html.default\">\n\t\t\t\t<div class=\"elementor-widget-container\">\n\t\t\t\t\t<iframe src=\"https:\/\/conclusao.pt\/lisboa2030\/\" scrolling=\"no\" height=\"2000px\" width=\"100%\" style=\"border:none;\"><\/iframe>\n\t\t\t\t<\/div>\n\t\t\t\t<\/div>\n\t\t\t\t\t<\/div>\n\t\t<\/div>\n\t\t\t\t\t<\/div>\n\t\t<\/section>\n\t\t\t\t<\/div>\n\t\t","protected":false},"excerpt":{"rendered":"<p>Percursos Formativos UFCDs (Lisboa 2030) O que s\u00e3o As forma\u00e7\u00f5es modulares s\u00e3o unidades de forma\u00e7\u00e3o de curta dura\u00e7\u00e3o (25 horas ou 50 horas), que s\u00e3o capitaliz\u00e1veis para a obten\u00e7\u00e3o de uma ou mais qualifica\u00e7\u00f5es constantes do Cat\u00e1logo Nacional de Qualifica\u00e7\u00f5es e permitem a cria\u00e7\u00e3o de percursos flex\u00edveis de dura\u00e7\u00e3o variada.\u00a0Sempre que um adulto conclua com &hellip;<\/p>\n<p class=\"read-more\"> <a class=\"\" href=\"https:\/\/conclusao.pt\/portal\/percursos-formativos-ufcd-lisboa-2030\/\"> <span class=\"screen-reader-text\">Percursos Formativos UFCD (Lisboa 2030)<\/span> Read More &raquo;<\/a><\/p>\n","protected":false},"author":7,"featured_media":48107,"parent":0,"menu_order":0,"comment_status":"closed","ping_status":"closed","template":"","meta":{"om_disable_all_campaigns":false,"_uag_custom_page_level_css":"","sfsi_plus_gutenberg_text_before_share":"","sfsi_plus_gutenberg_show_text_before_share":"","sfsi_plus_gutenberg_icon_type":"","sfsi_plus_gutenberg_icon_alignemt":"","sfsi_plus_gutenburg_max_per_row":"","site-sidebar-layout":"no-sidebar","site-content-layout":"page-builder","ast-global-header-display":"","ast-banner-title-visibility":"","ast-main-header-display":"","ast-hfb-above-header-display":"","ast-hfb-below-header-display":"","ast-hfb-mobile-header-display":"","site-post-title":"disabled","ast-breadcrumbs-content":"","ast-featured-img":"disabled","footer-sml-layout":"","theme-transparent-header-meta":"","adv-header-id-meta":"","stick-header-meta":"","header-above-stick-meta":"","header-main-stick-meta":"","header-below-stick-meta":"","_joinchat":[],"footnotes":""},"class_list":["post-48100","page","type-page","status-publish","has-post-thumbnail","hentry"],"yoast_head":"<!-- This site is optimized with the Yoast SEO plugin v26.5 - https:\/\/yoast.com\/wordpress\/plugins\/seo\/ -->\n<title>Percursos Formativos UFCD (Lisboa 2030) - Conclus\u00e3o - Estudos e Forma\u00e7\u00e3o<\/title>\n<meta name=\"description\" content=\"Para ativos empregados ou desempregados, com idade igual ou superior a 18 anos.\" \/>\n<meta name=\"robots\" content=\"index, follow, max-snippet:-1, max-image-preview:large, max-video-preview:-1\" \/>\n<link rel=\"canonical\" href=\"https:\/\/conclusao.pt\/portal\/percursos-formativos-ufcd-lisboa-2030\/\" \/>\n<meta property=\"og:locale\" content=\"pt_PT\" \/>\n<meta property=\"og:type\" content=\"article\" \/>\n<meta property=\"og:title\" content=\"Percursos Formativos UFCD (Lisboa 2030) - Conclus\u00e3o - Estudos e Forma\u00e7\u00e3o\" \/>\n<meta property=\"og:description\" content=\"Para ativos empregados ou desempregados, com idade igual ou superior a 18 anos.\" \/>\n<meta property=\"og:url\" content=\"https:\/\/conclusao.pt\/portal\/percursos-formativos-ufcd-lisboa-2030\/\" \/>\n<meta property=\"og:site_name\" content=\"Conclus\u00e3o - Estudos e Forma\u00e7\u00e3o\" \/>\n<meta property=\"article:publisher\" content=\"https:\/\/www.facebook.com\/conclusaoformacao\/\" \/>\n<meta property=\"article:modified_time\" content=\"2025-02-13T15:03:41+00:00\" \/>\n<meta property=\"og:image\" content=\"https:\/\/conclusao.pt\/portal\/wp-content\/uploads\/2024\/12\/Lisboa-2030-Logotipo.jpg\" \/>\n\t<meta property=\"og:image:width\" content=\"776\" \/>\n\t<meta property=\"og:image:height\" content=\"374\" \/>\n\t<meta property=\"og:image:type\" content=\"image\/jpeg\" \/>\n<meta name=\"twitter:card\" content=\"summary_large_image\" \/>\n<meta name=\"twitter:label1\" content=\"Tempo estimado de leitura\" \/>\n\t<meta name=\"twitter:data1\" content=\"4 minutos\" \/>\n<script type=\"application\/ld+json\" class=\"yoast-schema-graph\">{\"@context\":\"https:\/\/schema.org\",\"@graph\":[{\"@type\":\"WebPage\",\"@id\":\"https:\/\/conclusao.pt\/portal\/percursos-formativos-ufcd-lisboa-2030\/\",\"url\":\"https:\/\/conclusao.pt\/portal\/percursos-formativos-ufcd-lisboa-2030\/\",\"name\":\"Percursos Formativos UFCD (Lisboa 2030) - Conclus\u00e3o - Estudos e Forma\u00e7\u00e3o\",\"isPartOf\":{\"@id\":\"https:\/\/conclusao.pt\/portal\/#website\"},\"primaryImageOfPage\":{\"@id\":\"https:\/\/conclusao.pt\/portal\/percursos-formativos-ufcd-lisboa-2030\/#primaryimage\"},\"image\":{\"@id\":\"https:\/\/conclusao.pt\/portal\/percursos-formativos-ufcd-lisboa-2030\/#primaryimage\"},\"thumbnailUrl\":\"https:\/\/conclusao.pt\/portal\/wp-content\/uploads\/2024\/12\/Lisboa-2030-Logotipo.jpg\",\"datePublished\":\"2024-12-26T17:47:52+00:00\",\"dateModified\":\"2025-02-13T15:03:41+00:00\",\"description\":\"Para ativos empregados ou desempregados, com idade igual ou superior a 18 anos.\",\"breadcrumb\":{\"@id\":\"https:\/\/conclusao.pt\/portal\/percursos-formativos-ufcd-lisboa-2030\/#breadcrumb\"},\"inLanguage\":\"pt-PT\",\"potentialAction\":[{\"@type\":\"ReadAction\",\"target\":[\"https:\/\/conclusao.pt\/portal\/percursos-formativos-ufcd-lisboa-2030\/\"]}]},{\"@type\":\"ImageObject\",\"inLanguage\":\"pt-PT\",\"@id\":\"https:\/\/conclusao.pt\/portal\/percursos-formativos-ufcd-lisboa-2030\/#primaryimage\",\"url\":\"https:\/\/conclusao.pt\/portal\/wp-content\/uploads\/2024\/12\/Lisboa-2030-Logotipo.jpg\",\"contentUrl\":\"https:\/\/conclusao.pt\/portal\/wp-content\/uploads\/2024\/12\/Lisboa-2030-Logotipo.jpg\",\"width\":776,\"height\":374},{\"@type\":\"BreadcrumbList\",\"@id\":\"https:\/\/conclusao.pt\/portal\/percursos-formativos-ufcd-lisboa-2030\/#breadcrumb\",\"itemListElement\":[{\"@type\":\"ListItem\",\"position\":1,\"name\":\"In\u00edcio\",\"item\":\"https:\/\/conclusao.pt\/portal\/\"},{\"@type\":\"ListItem\",\"position\":2,\"name\":\"Cursos 100% Gr\u00e1tis para Empregados e Desempregados\"}]},{\"@type\":\"WebSite\",\"@id\":\"https:\/\/conclusao.pt\/portal\/#website\",\"url\":\"https:\/\/conclusao.pt\/portal\/\",\"name\":\"Conclus\u00e3o - Estudos e Forma\u00e7\u00e3o\",\"description\":\"A Conclus\u00e3o \u2013 Estudos e Forma\u00e7\u00e3o, Lda \u00e9 uma empresa que iniciou a sua atividade em 1987, tendo ao longo dos anos especializado na promo\u00e7\u00e3o de cursos de forma\u00e7\u00e3o profissional, na elabora\u00e7\u00e3o estudos e projetos e no desenvolvimento de atividades de consultoria empresarial.\",\"publisher\":{\"@id\":\"https:\/\/conclusao.pt\/portal\/#organization\"},\"potentialAction\":[{\"@type\":\"SearchAction\",\"target\":{\"@type\":\"EntryPoint\",\"urlTemplate\":\"https:\/\/conclusao.pt\/portal\/?s={search_term_string}\"},\"query-input\":{\"@type\":\"PropertyValueSpecification\",\"valueRequired\":true,\"valueName\":\"search_term_string\"}}],\"inLanguage\":\"pt-PT\"},{\"@type\":\"Organization\",\"@id\":\"https:\/\/conclusao.pt\/portal\/#organization\",\"name\":\"Conclus\u00e3o - Estudos e Forma\u00e7\u00e3o\",\"url\":\"https:\/\/conclusao.pt\/portal\/\",\"logo\":{\"@type\":\"ImageObject\",\"inLanguage\":\"pt-PT\",\"@id\":\"https:\/\/conclusao.pt\/portal\/#\/schema\/logo\/image\/\",\"url\":\"https:\/\/conclusao.pt\/portal\/wp-content\/uploads\/2023\/09\/cropped-logotipo.png\",\"contentUrl\":\"https:\/\/conclusao.pt\/portal\/wp-content\/uploads\/2023\/09\/cropped-logotipo.png\",\"width\":200,\"height\":65,\"caption\":\"Conclus\u00e3o - Estudos e Forma\u00e7\u00e3o\"},\"image\":{\"@id\":\"https:\/\/conclusao.pt\/portal\/#\/schema\/logo\/image\/\"},\"sameAs\":[\"https:\/\/www.facebook.com\/conclusaoformacao\/\",\"https:\/\/www.instagram.com\/conclusaolda\/\",\"https:\/\/www.linkedin.com\/company\/conclusao\/\"]}]}<\/script>\n<!-- \/ Yoast SEO plugin. -->","yoast_head_json":{"title":"Percursos Formativos UFCD (Lisboa 2030) - Conclus\u00e3o - Estudos e Forma\u00e7\u00e3o","description":"Para ativos empregados ou desempregados, com idade igual ou superior a 18 anos.","robots":{"index":"index","follow":"follow","max-snippet":"max-snippet:-1","max-image-preview":"max-image-preview:large","max-video-preview":"max-video-preview:-1"},"canonical":"https:\/\/conclusao.pt\/portal\/percursos-formativos-ufcd-lisboa-2030\/","og_locale":"pt_PT","og_type":"article","og_title":"Percursos Formativos UFCD (Lisboa 2030) - Conclus\u00e3o - Estudos e Forma\u00e7\u00e3o","og_description":"Para ativos empregados ou desempregados, com idade igual ou superior a 18 anos.","og_url":"https:\/\/conclusao.pt\/portal\/percursos-formativos-ufcd-lisboa-2030\/","og_site_name":"Conclus\u00e3o - Estudos e Forma\u00e7\u00e3o","article_publisher":"https:\/\/www.facebook.com\/conclusaoformacao\/","article_modified_time":"2025-02-13T15:03:41+00:00","og_image":[{"width":776,"height":374,"url":"https:\/\/conclusao.pt\/portal\/wp-content\/uploads\/2024\/12\/Lisboa-2030-Logotipo.jpg","type":"image\/jpeg"}],"twitter_card":"summary_large_image","twitter_misc":{"Tempo estimado de leitura":"4 minutos"},"schema":{"@context":"https:\/\/schema.org","@graph":[{"@type":"WebPage","@id":"https:\/\/conclusao.pt\/portal\/percursos-formativos-ufcd-lisboa-2030\/","url":"https:\/\/conclusao.pt\/portal\/percursos-formativos-ufcd-lisboa-2030\/","name":"Percursos Formativos UFCD (Lisboa 2030) - Conclus\u00e3o - Estudos e Forma\u00e7\u00e3o","isPartOf":{"@id":"https:\/\/conclusao.pt\/portal\/#website"},"primaryImageOfPage":{"@id":"https:\/\/conclusao.pt\/portal\/percursos-formativos-ufcd-lisboa-2030\/#primaryimage"},"image":{"@id":"https:\/\/conclusao.pt\/portal\/percursos-formativos-ufcd-lisboa-2030\/#primaryimage"},"thumbnailUrl":"https:\/\/conclusao.pt\/portal\/wp-content\/uploads\/2024\/12\/Lisboa-2030-Logotipo.jpg","datePublished":"2024-12-26T17:47:52+00:00","dateModified":"2025-02-13T15:03:41+00:00","description":"Para ativos empregados ou desempregados, com idade igual ou superior a 18 anos.","breadcrumb":{"@id":"https:\/\/conclusao.pt\/portal\/percursos-formativos-ufcd-lisboa-2030\/#breadcrumb"},"inLanguage":"pt-PT","potentialAction":[{"@type":"ReadAction","target":["https:\/\/conclusao.pt\/portal\/percursos-formativos-ufcd-lisboa-2030\/"]}]},{"@type":"ImageObject","inLanguage":"pt-PT","@id":"https:\/\/conclusao.pt\/portal\/percursos-formativos-ufcd-lisboa-2030\/#primaryimage","url":"https:\/\/conclusao.pt\/portal\/wp-content\/uploads\/2024\/12\/Lisboa-2030-Logotipo.jpg","contentUrl":"https:\/\/conclusao.pt\/portal\/wp-content\/uploads\/2024\/12\/Lisboa-2030-Logotipo.jpg","width":776,"height":374},{"@type":"BreadcrumbList","@id":"https:\/\/conclusao.pt\/portal\/percursos-formativos-ufcd-lisboa-2030\/#breadcrumb","itemListElement":[{"@type":"ListItem","position":1,"name":"In\u00edcio","item":"https:\/\/conclusao.pt\/portal\/"},{"@type":"ListItem","position":2,"name":"Cursos 100% Gr\u00e1tis para Empregados e Desempregados"}]},{"@type":"WebSite","@id":"https:\/\/conclusao.pt\/portal\/#website","url":"https:\/\/conclusao.pt\/portal\/","name":"Conclus\u00e3o - Estudos e Forma\u00e7\u00e3o","description":"A Conclus\u00e3o \u2013 Estudos e Forma\u00e7\u00e3o, Lda \u00e9 uma empresa que iniciou a sua atividade em 1987, tendo ao longo dos anos especializado na promo\u00e7\u00e3o de cursos de forma\u00e7\u00e3o profissional, na elabora\u00e7\u00e3o estudos e projetos e no desenvolvimento de atividades de consultoria empresarial.","publisher":{"@id":"https:\/\/conclusao.pt\/portal\/#organization"},"potentialAction":[{"@type":"SearchAction","target":{"@type":"EntryPoint","urlTemplate":"https:\/\/conclusao.pt\/portal\/?s={search_term_string}"},"query-input":{"@type":"PropertyValueSpecification","valueRequired":true,"valueName":"search_term_string"}}],"inLanguage":"pt-PT"},{"@type":"Organization","@id":"https:\/\/conclusao.pt\/portal\/#organization","name":"Conclus\u00e3o - Estudos e Forma\u00e7\u00e3o","url":"https:\/\/conclusao.pt\/portal\/","logo":{"@type":"ImageObject","inLanguage":"pt-PT","@id":"https:\/\/conclusao.pt\/portal\/#\/schema\/logo\/image\/","url":"https:\/\/conclusao.pt\/portal\/wp-content\/uploads\/2023\/09\/cropped-logotipo.png","contentUrl":"https:\/\/conclusao.pt\/portal\/wp-content\/uploads\/2023\/09\/cropped-logotipo.png","width":200,"height":65,"caption":"Conclus\u00e3o - Estudos e Forma\u00e7\u00e3o"},"image":{"@id":"https:\/\/conclusao.pt\/portal\/#\/schema\/logo\/image\/"},"sameAs":["https:\/\/www.facebook.com\/conclusaoformacao\/","https:\/\/www.instagram.com\/conclusaolda\/","https:\/\/www.linkedin.com\/company\/conclusao\/"]}]}},"uagb_featured_image_src":{"full":["https:\/\/conclusao.pt\/portal\/wp-content\/uploads\/2024\/12\/Lisboa-2030-Logotipo.jpg",776,374,false],"thumbnail":["https:\/\/conclusao.pt\/portal\/wp-content\/uploads\/2024\/12\/Lisboa-2030-Logotipo-150x150.jpg",150,150,true],"medium":["https:\/\/conclusao.pt\/portal\/wp-content\/uploads\/2024\/12\/Lisboa-2030-Logotipo-300x145.jpg",300,145,true],"medium_large":["https:\/\/conclusao.pt\/portal\/wp-content\/uploads\/2024\/12\/Lisboa-2030-Logotipo-768x370.jpg",768,370,true],"large":["https:\/\/conclusao.pt\/portal\/wp-content\/uploads\/2024\/12\/Lisboa-2030-Logotipo.jpg",776,374,false],"1536x1536":["https:\/\/conclusao.pt\/portal\/wp-content\/uploads\/2024\/12\/Lisboa-2030-Logotipo.jpg",776,374,false],"2048x2048":["https:\/\/conclusao.pt\/portal\/wp-content\/uploads\/2024\/12\/Lisboa-2030-Logotipo.jpg",776,374,false],"woocommerce_thumbnail":["https:\/\/conclusao.pt\/portal\/wp-content\/uploads\/2024\/12\/Lisboa-2030-Logotipo-300x300.jpg",300,300,true],"woocommerce_single":["https:\/\/conclusao.pt\/portal\/wp-content\/uploads\/2024\/12\/Lisboa-2030-Logotipo-600x289.jpg",600,289,true],"woocommerce_gallery_thumbnail":["https:\/\/conclusao.pt\/portal\/wp-content\/uploads\/2024\/12\/Lisboa-2030-Logotipo-100x100.jpg",100,100,true]},"uagb_author_info":{"display_name":"Hugo Neiva","author_link":"https:\/\/conclusao.pt\/portal\/author\/hugo-neiva\/"},"uagb_comment_info":0,"uagb_excerpt":"Percursos Formativos UFCDs (Lisboa 2030) O que s\u00e3o As forma\u00e7\u00f5es modulares s\u00e3o unidades de forma\u00e7\u00e3o de curta dura\u00e7\u00e3o (25 horas ou 50 horas), que s\u00e3o capitaliz\u00e1veis para a obten\u00e7\u00e3o de uma ou mais qualifica\u00e7\u00f5es constantes do Cat\u00e1logo Nacional de Qualifica\u00e7\u00f5es e permitem a cria\u00e7\u00e3o de percursos flex\u00edveis de dura\u00e7\u00e3o variada.\u00a0Sempre que um adulto conclua com&hellip;","_links":{"self":[{"href":"https:\/\/conclusao.pt\/portal\/wp-json\/wp\/v2\/pages\/48100","targetHints":{"allow":["GET"]}}],"collection":[{"href":"https:\/\/conclusao.pt\/portal\/wp-json\/wp\/v2\/pages"}],"about":[{"href":"https:\/\/conclusao.pt\/portal\/wp-json\/wp\/v2\/types\/page"}],"author":[{"embeddable":true,"href":"https:\/\/conclusao.pt\/portal\/wp-json\/wp\/v2\/users\/7"}],"replies":[{"embeddable":true,"href":"https:\/\/conclusao.pt\/portal\/wp-json\/wp\/v2\/comments?post=48100"}],"version-history":[{"count":54,"href":"https:\/\/conclusao.pt\/portal\/wp-json\/wp\/v2\/pages\/48100\/revisions"}],"predecessor-version":[{"id":48597,"href":"https:\/\/conclusao.pt\/portal\/wp-json\/wp\/v2\/pages\/48100\/revisions\/48597"}],"wp:featuredmedia":[{"embeddable":true,"href":"https:\/\/conclusao.pt\/portal\/wp-json\/wp\/v2\/media\/48107"}],"wp:attachment":[{"href":"https:\/\/conclusao.pt\/portal\/wp-json\/wp\/v2\/media?parent=48100"}],"curies":[{"name":"wp","href":"https:\/\/api.w.org\/{rel}","templated":true}]}}