{"id":4493,"date":"2023-06-10T21:22:43","date_gmt":"2023-06-10T21:22:43","guid":{"rendered":"https:\/\/devedkid.lojas-online.pt\/?page_id=4493"},"modified":"2024-11-04T18:10:20","modified_gmt":"2024-11-04T18:10:20","slug":"formacao-de-professores-e-formadores","status":"publish","type":"page","link":"https:\/\/conclusao.pt\/portal\/formacao\/formacao-de-professores-e-formadores\/","title":{"rendered":"Forma\u00e7\u00e3o de Professores e Formadores"},"content":{"rendered":"\t\t<div data-elementor-type=\"wp-page\" data-elementor-id=\"4493\" class=\"elementor elementor-4493\">\n\t\t\t\t\t\t<section class=\"elementor-section elementor-top-section elementor-element elementor-element-416372e elementor-section-boxed elementor-section-height-default elementor-section-height-default\" data-id=\"416372e\" data-element_type=\"section\" data-settings=\"{&quot;background_background&quot;:&quot;classic&quot;}\">\n\t\t\t\t\t\t<div class=\"elementor-container elementor-column-gap-no\">\n\t\t\t\t\t<div class=\"elementor-column elementor-col-100 elementor-top-column elementor-element elementor-element-8bbfb6e\" data-id=\"8bbfb6e\" data-element_type=\"column\">\n\t\t\t<div class=\"elementor-widget-wrap elementor-element-populated\">\n\t\t\t\t\t\t<div class=\"elementor-element elementor-element-a8d5fa5 elementor-widget elementor-widget-heading\" data-id=\"a8d5fa5\" data-element_type=\"widget\" data-widget_type=\"heading.default\">\n\t\t\t\t<div class=\"elementor-widget-container\">\n\t\t\t\t\t<h2 class=\"elementor-heading-title elementor-size-default\">Forma\u00e7\u00e3o de Professores e Formadores<\/h2>\t\t\t\t<\/div>\n\t\t\t\t<\/div>\n\t\t\t\t\t<\/div>\n\t\t<\/div>\n\t\t\t\t\t<\/div>\n\t\t<\/section>\n\t\t\t\t<section class=\"elementor-section elementor-top-section elementor-element elementor-element-ad660c0 elementor-section-boxed elementor-section-height-default elementor-section-height-default\" data-id=\"ad660c0\" data-element_type=\"section\">\n\t\t\t\t\t\t<div class=\"elementor-container elementor-column-gap-default\">\n\t\t\t\t\t<div class=\"elementor-column elementor-col-100 elementor-top-column elementor-element elementor-element-2d4f7b2\" data-id=\"2d4f7b2\" data-element_type=\"column\" data-settings=\"{&quot;background_background&quot;:&quot;classic&quot;}\">\n\t\t\t<div class=\"elementor-widget-wrap elementor-element-populated\">\n\t\t\t\t\t\t<div class=\"elementor-element elementor-element-494d41e elementor-widget elementor-widget-image\" data-id=\"494d41e\" data-element_type=\"widget\" data-widget_type=\"image.default\">\n\t\t\t\t<div class=\"elementor-widget-container\">\n\t\t\t\t\t\t\t\t\t\t\t\t\t\t\t<img decoding=\"async\" src=\"https:\/\/conclusao.pt\/portal\/wp-content\/uploads\/2024\/10\/formacao-de-professores-e-formadores-banner.jpg\" title=\"formacao-de-professores-e-formadores-banner\" alt=\"formacao-de-professores-e-formadores-banner\" loading=\"lazy\" \/>\t\t\t\t\t\t\t\t\t\t\t\t\t\t\t<\/div>\n\t\t\t\t<\/div>\n\t\t\t\t<div class=\"elementor-element elementor-element-ba465c9 elementor-widget elementor-widget-ld-course-list\" data-id=\"ba465c9\" data-element_type=\"widget\" data-widget_type=\"ld-course-list.default\">\n\t\t\t\t<div class=\"elementor-widget-container\">\n\t\t\t\t\t<div id=\"ld-course-list-content-b89ef84a8ed39566e5cc2faca8076cc9\" class=\"ld-course-list-content\" data-shortcode-atts=\"{&quot;num&quot;:&quot;12&quot;,&quot;order&quot;:&quot;ASC&quot;,&quot;orderby&quot;:&quot;ID&quot;,&quot;course_grid&quot;:&quot;true&quot;,&quot;progress_bar&quot;:&quot;&quot;,&quot;col&quot;:&quot;3&quot;,&quot;course_cat&quot;:&quot;384&quot;,&quot;course_categoryselector&quot;:&quot;&quot;}\">\n\t\t\t<div class=\"ld-course-list-items row\">\n\t<!-- LearnDash Course Grid v1 --><div class=\"ld_course_grid col-sm-8 col-md-4 \">\n\t<article id=\"post-47524\" class=\" thumbnail course post-47524 sfwd-courses type-sfwd-courses status-publish has-post-thumbnail hentry ld_course_category-formacao-de-professores-e-formadores-de-areas-tecnologicas ld_course_tag-1-formacao-presencial-em-sala-turma ld_course_tag-10-formacao-inicial ld_course_tag-pos-laboral\">\n\t\t\t\t\t\t\t\t<div class=\"ribbon free\">\n\t\t\t\tFree\t\t\t<\/div>\n\t\t\t\n\t\t\t\t\t\t<a href=\"https:\/\/conclusao.pt\/portal\/courses\/1-f-formacao-pedagogica-inicial-de-formadores-pos-laboral\/\" rel=\"bookmark\">\n\t\t\t\t<img fetchpriority=\"high\" decoding=\"async\" width=\"300\" height=\"205\" src=\"https:\/\/conclusao.pt\/portal\/wp-content\/uploads\/2024\/11\/3506-6-300x205.jpg\" class=\"attachment-medium size-medium wp-post-image\" alt=\"\" srcset=\"https:\/\/conclusao.pt\/portal\/wp-content\/uploads\/2024\/11\/3506-6-300x205.jpg 300w, https:\/\/conclusao.pt\/portal\/wp-content\/uploads\/2024\/11\/3506-6-768x524.jpg 768w, https:\/\/conclusao.pt\/portal\/wp-content\/uploads\/2024\/11\/3506-6-600x410.jpg 600w, https:\/\/conclusao.pt\/portal\/wp-content\/uploads\/2024\/11\/3506-6.jpg 800w\" sizes=\"(max-width: 300px) 100vw, 300px\" \/>\t\t\t<\/a>\n\t\t\t\t\t\n\t\t\t\t\t<div class=\"caption\">\n\t\t\t\t<h3 class=\"entry-title\">1\/F &#8211; Forma\u00e7\u00e3o Pedag\u00f3gica Inicial de Formadores (P\u00f3s-Laboral)<\/h3>\n\t\t\t\t\t\t\t\t<div class=\"ld_course_grid_button\"><a class=\"btn btn-primary\" role=\"button\" href=\"https:\/\/conclusao.pt\/portal\/courses\/1-f-formacao-pedagogica-inicial-de-formadores-pos-laboral\/\" rel=\"bookmark\">Enroll Now<\/a><\/div>\n\t\t\t\t\t\t\t<\/div><!-- .entry-header -->\n\t\t\t<\/article><!-- #post-## -->\n<\/div><!-- .ld_course_grid -->\n<!-- LearnDash Course Grid v1 --><div class=\"ld_course_grid col-sm-8 col-md-4 \">\n\t<article id=\"post-47526\" class=\" thumbnail course post-47526 sfwd-courses type-sfwd-courses status-publish has-post-thumbnail hentry ld_course_category-formacao-de-professores-e-formadores-de-areas-tecnologicas ld_course_tag-1-formacao-presencial-em-sala-turma ld_course_tag-10-formacao-inicial ld_course_tag-laboral\">\n\t\t\t\t\t\t\t\t<div class=\"ribbon free\">\n\t\t\t\tFree\t\t\t<\/div>\n\t\t\t\n\t\t\t\t\t\t<a href=\"https:\/\/conclusao.pt\/portal\/courses\/1-f-formacao-pedagogica-inicial-de-formadores-laboral\/\" rel=\"bookmark\">\n\t\t\t\t<img decoding=\"async\" width=\"300\" height=\"205\" src=\"https:\/\/conclusao.pt\/portal\/wp-content\/uploads\/2024\/11\/3514-6-300x205.jpg\" class=\"attachment-medium size-medium wp-post-image\" alt=\"\" srcset=\"https:\/\/conclusao.pt\/portal\/wp-content\/uploads\/2024\/11\/3514-6-300x205.jpg 300w, https:\/\/conclusao.pt\/portal\/wp-content\/uploads\/2024\/11\/3514-6-768x524.jpg 768w, https:\/\/conclusao.pt\/portal\/wp-content\/uploads\/2024\/11\/3514-6-600x410.jpg 600w, https:\/\/conclusao.pt\/portal\/wp-content\/uploads\/2024\/11\/3514-6.jpg 800w\" sizes=\"(max-width: 300px) 100vw, 300px\" \/>\t\t\t<\/a>\n\t\t\t\t\t\n\t\t\t\t\t<div class=\"caption\">\n\t\t\t\t<h3 class=\"entry-title\">1\/F &#8211; Forma\u00e7\u00e3o Pedag\u00f3gica Inicial de Formadores (Laboral)<\/h3>\n\t\t\t\t\t\t\t\t<div class=\"ld_course_grid_button\"><a class=\"btn btn-primary\" role=\"button\" href=\"https:\/\/conclusao.pt\/portal\/courses\/1-f-formacao-pedagogica-inicial-de-formadores-laboral\/\" rel=\"bookmark\">Enroll Now<\/a><\/div>\n\t\t\t\t\t\t\t<\/div><!-- .entry-header -->\n\t\t\t<\/article><!-- #post-## -->\n<\/div><!-- .ld_course_grid -->\n<!-- LearnDash Course Grid v1 --><div class=\"ld_course_grid col-sm-8 col-md-4 \">\n\t<article id=\"post-47528\" class=\" thumbnail course post-47528 sfwd-courses type-sfwd-courses status-publish has-post-thumbnail hentry ld_course_category-formacao-de-professores-e-formadores-de-areas-tecnologicas ld_course_tag-10-formacao-inicial ld_course_tag-6-formacao-em-b-learning-turma ld_course_tag-pos-laboral\">\n\t\t\t\t\t\t\t\t<div class=\"ribbon free\">\n\t\t\t\tFree\t\t\t<\/div>\n\t\t\t\n\t\t\t\t\t\t<a href=\"https:\/\/conclusao.pt\/portal\/courses\/187-fd-formacao-pedagogica-inicial-de-formadores-a-distancia-pos-laboral\/\" rel=\"bookmark\">\n\t\t\t\t<img decoding=\"async\" width=\"300\" height=\"205\" src=\"https:\/\/conclusao.pt\/portal\/wp-content\/uploads\/2024\/11\/3351-7-300x205.jpg\" class=\"attachment-medium size-medium wp-post-image\" alt=\"\" srcset=\"https:\/\/conclusao.pt\/portal\/wp-content\/uploads\/2024\/11\/3351-7-300x205.jpg 300w, https:\/\/conclusao.pt\/portal\/wp-content\/uploads\/2024\/11\/3351-7-768x524.jpg 768w, https:\/\/conclusao.pt\/portal\/wp-content\/uploads\/2024\/11\/3351-7-600x410.jpg 600w, https:\/\/conclusao.pt\/portal\/wp-content\/uploads\/2024\/11\/3351-7.jpg 800w\" sizes=\"(max-width: 300px) 100vw, 300px\" \/>\t\t\t<\/a>\n\t\t\t\t\t\n\t\t\t\t\t<div class=\"caption\">\n\t\t\t\t<h3 class=\"entry-title\">187\/FD &#8211; Forma\u00e7\u00e3o Pedag\u00f3gica Inicial de Formadores a Dist\u00e2ncia (P\u00f3s-Laboral)<\/h3>\n\t\t\t\t\t\t\t\t<div class=\"ld_course_grid_button\"><a class=\"btn btn-primary\" role=\"button\" href=\"https:\/\/conclusao.pt\/portal\/courses\/187-fd-formacao-pedagogica-inicial-de-formadores-a-distancia-pos-laboral\/\" rel=\"bookmark\">Enroll Now<\/a><\/div>\n\t\t\t\t\t\t\t<\/div><!-- .entry-header -->\n\t\t\t<\/article><!-- #post-## -->\n<\/div><!-- .ld_course_grid -->\n<!-- LearnDash Course Grid v1 --><div class=\"ld_course_grid col-sm-8 col-md-4 \">\n\t<article id=\"post-47530\" class=\" thumbnail course post-47530 sfwd-courses type-sfwd-courses status-publish has-post-thumbnail hentry ld_course_category-formacao-de-professores-e-formadores-de-areas-tecnologicas ld_course_tag-10-formacao-inicial ld_course_tag-6-formacao-em-b-learning-turma ld_course_tag-laboral\">\n\t\t\t\t\t\t\t\t<div class=\"ribbon free\">\n\t\t\t\tFree\t\t\t<\/div>\n\t\t\t\n\t\t\t\t\t\t<a href=\"https:\/\/conclusao.pt\/portal\/courses\/187-fd-formacao-pedagogica-inicial-de-formadores-a-distancia-laboral\/\" rel=\"bookmark\">\n\t\t\t\t<img loading=\"lazy\" decoding=\"async\" width=\"300\" height=\"205\" src=\"https:\/\/conclusao.pt\/portal\/wp-content\/uploads\/2024\/11\/3398-7-300x205.jpg\" class=\"attachment-medium size-medium wp-post-image\" alt=\"\" srcset=\"https:\/\/conclusao.pt\/portal\/wp-content\/uploads\/2024\/11\/3398-7-300x205.jpg 300w, https:\/\/conclusao.pt\/portal\/wp-content\/uploads\/2024\/11\/3398-7-768x524.jpg 768w, https:\/\/conclusao.pt\/portal\/wp-content\/uploads\/2024\/11\/3398-7-600x410.jpg 600w, https:\/\/conclusao.pt\/portal\/wp-content\/uploads\/2024\/11\/3398-7.jpg 800w\" sizes=\"(max-width: 300px) 100vw, 300px\" \/>\t\t\t<\/a>\n\t\t\t\t\t\n\t\t\t\t\t<div class=\"caption\">\n\t\t\t\t<h3 class=\"entry-title\">187\/FD &#8211; Forma\u00e7\u00e3o Pedag\u00f3gica Inicial de Formadores a Dist\u00e2ncia (Laboral)<\/h3>\n\t\t\t\t\t\t\t\t<div class=\"ld_course_grid_button\"><a class=\"btn btn-primary\" role=\"button\" href=\"https:\/\/conclusao.pt\/portal\/courses\/187-fd-formacao-pedagogica-inicial-de-formadores-a-distancia-laboral\/\" rel=\"bookmark\">Enroll Now<\/a><\/div>\n\t\t\t\t\t\t\t<\/div><!-- .entry-header -->\n\t\t\t<\/article><!-- #post-## -->\n<\/div><!-- .ld_course_grid -->\n<!-- LearnDash Course Grid v1 --><div class=\"ld_course_grid col-sm-8 col-md-4 \">\n\t<article id=\"post-47534\" class=\" thumbnail course post-47534 sfwd-courses type-sfwd-courses status-publish has-post-thumbnail hentry ld_course_category-formacao-de-professores-e-formadores-de-areas-tecnologicas ld_course_tag-3-formacao-a-distancia-e-learning-turma ld_course_tag-6-outras-formacoes-modulares-inseridas-no-catalogo-nacional-de-qualificacoes ld_course_tag-e-learning ld_course_tag-no-quadro-da-formacao-continua\">\n\t\t\t\t\t\t\t\t<div class=\"ribbon free\">\n\t\t\t\tFree\t\t\t<\/div>\n\t\t\t\n\t\t\t\t\t\t<a href=\"https:\/\/conclusao.pt\/portal\/courses\/288-fd-recursos-didaticos-na-formacao-e-learning\/\" rel=\"bookmark\">\n\t\t\t\t<img loading=\"lazy\" decoding=\"async\" width=\"300\" height=\"205\" src=\"https:\/\/conclusao.pt\/portal\/wp-content\/uploads\/2024\/11\/1426-6-300x205.jpg\" class=\"attachment-medium size-medium wp-post-image\" alt=\"\" srcset=\"https:\/\/conclusao.pt\/portal\/wp-content\/uploads\/2024\/11\/1426-6-300x205.jpg 300w, https:\/\/conclusao.pt\/portal\/wp-content\/uploads\/2024\/11\/1426-6-768x524.jpg 768w, https:\/\/conclusao.pt\/portal\/wp-content\/uploads\/2024\/11\/1426-6-600x410.jpg 600w, https:\/\/conclusao.pt\/portal\/wp-content\/uploads\/2024\/11\/1426-6.jpg 800w\" sizes=\"(max-width: 300px) 100vw, 300px\" \/>\t\t\t<\/a>\n\t\t\t\t\t\n\t\t\t\t\t<div class=\"caption\">\n\t\t\t\t<h3 class=\"entry-title\">288\/FD &#8211; Recursos Did\u00e1ticos na Forma\u00e7\u00e3o (e-learning)<\/h3>\n\t\t\t\t\t\t\t\t<div class=\"ld_course_grid_button\"><a class=\"btn btn-primary\" role=\"button\" href=\"https:\/\/conclusao.pt\/portal\/courses\/288-fd-recursos-didaticos-na-formacao-e-learning\/\" rel=\"bookmark\">Enroll Now<\/a><\/div>\n\t\t\t\t\t\t\t<\/div><!-- .entry-header -->\n\t\t\t<\/article><!-- #post-## -->\n<\/div><!-- .ld_course_grid -->\n<!-- LearnDash Course Grid v1 --><div class=\"ld_course_grid col-sm-8 col-md-4 \">\n\t<article id=\"post-47578\" class=\" thumbnail course post-47578 sfwd-courses type-sfwd-courses status-publish has-post-thumbnail hentry ld_course_category-formacao-de-professores-e-formadores-de-areas-tecnologicas ld_course_tag-11-formacao-de-qualificacao ld_course_tag-3-formacao-a-distancia-e-learning-turma ld_course_tag-e-learning\">\n\t\t\t\t\t\t\t\t<div class=\"ribbon free\">\n\t\t\t\tFree\t\t\t<\/div>\n\t\t\t\n\t\t\t\t\t\t<a href=\"https:\/\/conclusao.pt\/portal\/courses\/344-fd-formacao-de-e-formador-e-moodle-e-learning\/\" rel=\"bookmark\">\n\t\t\t\t<img loading=\"lazy\" decoding=\"async\" width=\"300\" height=\"205\" src=\"https:\/\/conclusao.pt\/portal\/wp-content\/uploads\/2024\/11\/3352-7-300x205.jpg\" class=\"attachment-medium size-medium wp-post-image\" alt=\"\" srcset=\"https:\/\/conclusao.pt\/portal\/wp-content\/uploads\/2024\/11\/3352-7-300x205.jpg 300w, https:\/\/conclusao.pt\/portal\/wp-content\/uploads\/2024\/11\/3352-7-768x524.jpg 768w, https:\/\/conclusao.pt\/portal\/wp-content\/uploads\/2024\/11\/3352-7-600x410.jpg 600w, https:\/\/conclusao.pt\/portal\/wp-content\/uploads\/2024\/11\/3352-7.jpg 800w\" sizes=\"(max-width: 300px) 100vw, 300px\" \/>\t\t\t<\/a>\n\t\t\t\t\t\n\t\t\t\t\t<div class=\"caption\">\n\t\t\t\t<h3 class=\"entry-title\">344\/FD &#8211; Forma\u00e7\u00e3o de E-Formador e Moodle (E-Learning)<\/h3>\n\t\t\t\t\t\t\t\t<div class=\"ld_course_grid_button\"><a class=\"btn btn-primary\" role=\"button\" href=\"https:\/\/conclusao.pt\/portal\/courses\/344-fd-formacao-de-e-formador-e-moodle-e-learning\/\" rel=\"bookmark\">Enroll Now<\/a><\/div>\n\t\t\t\t\t\t\t<\/div><!-- .entry-header -->\n\t\t\t<\/article><!-- #post-## -->\n<\/div><!-- .ld_course_grid -->\n<!-- LearnDash Course Grid v1 --><div class=\"ld_course_grid col-sm-8 col-md-4 \">\n\t<article id=\"post-47671\" class=\" thumbnail course post-47671 sfwd-courses type-sfwd-courses status-publish has-post-thumbnail hentry ld_course_category-formacao-de-professores-e-formadores-de-areas-tecnologicas ld_course_tag-11-formacao-de-qualificacao ld_course_tag-3-formacao-a-distancia-e-learning-turma ld_course_tag-e-learning\">\n\t\t\t\t\t\t\t\t<div class=\"ribbon free\">\n\t\t\t\tFree\t\t\t<\/div>\n\t\t\t\n\t\t\t\t\t\t<a href=\"https:\/\/conclusao.pt\/portal\/courses\/422-fd-mediadores-e-formadores-efa-e-learning\/\" rel=\"bookmark\">\n\t\t\t\t<img loading=\"lazy\" decoding=\"async\" width=\"300\" height=\"205\" src=\"https:\/\/conclusao.pt\/portal\/wp-content\/uploads\/2024\/11\/3353-2-300x205.jpg\" class=\"attachment-medium size-medium wp-post-image\" alt=\"\" srcset=\"https:\/\/conclusao.pt\/portal\/wp-content\/uploads\/2024\/11\/3353-2-300x205.jpg 300w, https:\/\/conclusao.pt\/portal\/wp-content\/uploads\/2024\/11\/3353-2-768x524.jpg 768w, https:\/\/conclusao.pt\/portal\/wp-content\/uploads\/2024\/11\/3353-2-600x410.jpg 600w, https:\/\/conclusao.pt\/portal\/wp-content\/uploads\/2024\/11\/3353-2.jpg 800w\" sizes=\"(max-width: 300px) 100vw, 300px\" \/>\t\t\t<\/a>\n\t\t\t\t\t\n\t\t\t\t\t<div class=\"caption\">\n\t\t\t\t<h3 class=\"entry-title\">422\/FD &#8211; Mediadores e Formadores EFA (e-learning)<\/h3>\n\t\t\t\t\t\t\t\t<div class=\"ld_course_grid_button\"><a class=\"btn btn-primary\" role=\"button\" href=\"https:\/\/conclusao.pt\/portal\/courses\/422-fd-mediadores-e-formadores-efa-e-learning\/\" rel=\"bookmark\">Enroll Now<\/a><\/div>\n\t\t\t\t\t\t\t<\/div><!-- .entry-header -->\n\t\t\t<\/article><!-- #post-## -->\n<\/div><!-- .ld_course_grid -->\n<!-- LearnDash Course Grid v1 --><div class=\"ld_course_grid col-sm-8 col-md-4 \">\n\t<article id=\"post-47687\" class=\" thumbnail course post-47687 sfwd-courses type-sfwd-courses status-publish has-post-thumbnail hentry ld_course_category-formacao-de-professores-e-formadores-de-areas-tecnologicas ld_course_tag-11-formacao-de-qualificacao ld_course_tag-3-formacao-a-distancia-e-learning-turma ld_course_tag-e-learning\">\n\t\t\t\t\t\t\t\t<div class=\"ribbon free\">\n\t\t\t\tFree\t\t\t<\/div>\n\t\t\t\n\t\t\t\t\t\t<a href=\"https:\/\/conclusao.pt\/portal\/courses\/442-fd-gestao-e-coordenacao-da-formacao-e-learning\/\" rel=\"bookmark\">\n\t\t\t\t<img loading=\"lazy\" decoding=\"async\" width=\"300\" height=\"205\" src=\"https:\/\/conclusao.pt\/portal\/wp-content\/uploads\/2024\/11\/3349-6-300x205.jpg\" class=\"attachment-medium size-medium wp-post-image\" alt=\"\" srcset=\"https:\/\/conclusao.pt\/portal\/wp-content\/uploads\/2024\/11\/3349-6-300x205.jpg 300w, https:\/\/conclusao.pt\/portal\/wp-content\/uploads\/2024\/11\/3349-6-768x524.jpg 768w, https:\/\/conclusao.pt\/portal\/wp-content\/uploads\/2024\/11\/3349-6-600x410.jpg 600w, https:\/\/conclusao.pt\/portal\/wp-content\/uploads\/2024\/11\/3349-6.jpg 800w\" sizes=\"(max-width: 300px) 100vw, 300px\" \/>\t\t\t<\/a>\n\t\t\t\t\t\n\t\t\t\t\t<div class=\"caption\">\n\t\t\t\t<h3 class=\"entry-title\">442\/FD &#8211; Gest\u00e3o e Coordena\u00e7\u00e3o da Forma\u00e7\u00e3o (E-Learning)<\/h3>\n\t\t\t\t\t\t\t\t<div class=\"ld_course_grid_button\"><a class=\"btn btn-primary\" role=\"button\" href=\"https:\/\/conclusao.pt\/portal\/courses\/442-fd-gestao-e-coordenacao-da-formacao-e-learning\/\" rel=\"bookmark\">Enroll Now<\/a><\/div>\n\t\t\t\t\t\t\t<\/div><!-- .entry-header -->\n\t\t\t<\/article><!-- #post-## -->\n<\/div><!-- .ld_course_grid -->\n\t<\/div>\n\t\t\t<\/div>\n\t\t\t\t\t\t<\/div>\n\t\t\t\t<\/div>\n\t\t\t\t\t<\/div>\n\t\t<\/div>\n\t\t\t\t\t<\/div>\n\t\t<\/section>\n\t\t\t\t<\/div>\n\t\t","protected":false},"excerpt":{"rendered":"<p>Forma\u00e7\u00e3o de Professores e Formadores<\/p>\n","protected":false},"author":1,"featured_media":0,"parent":1357,"menu_order":0,"comment_status":"closed","ping_status":"closed","template":"","meta":{"om_disable_all_campaigns":false,"_uag_custom_page_level_css":"","sfsi_plus_gutenberg_text_before_share":"","sfsi_plus_gutenberg_show_text_before_share":"","sfsi_plus_gutenberg_icon_type":"","sfsi_plus_gutenberg_icon_alignemt":"","sfsi_plus_gutenburg_max_per_row":"","site-sidebar-layout":"no-sidebar","site-content-layout":"page-builder","ast-global-header-display":"","ast-banner-title-visibility":"","ast-main-header-display":"","ast-hfb-above-header-display":"","ast-hfb-below-header-display":"","ast-hfb-mobile-header-display":"","site-post-title":"disabled","ast-breadcrumbs-content":"","ast-featured-img":"disabled","footer-sml-layout":"","theme-transparent-header-meta":"","adv-header-id-meta":"","stick-header-meta":"","header-above-stick-meta":"","header-main-stick-meta":"","header-below-stick-meta":"","_joinchat":[],"footnotes":""},"class_list":["post-4493","page","type-page","status-publish","hentry"],"yoast_head":"<!-- This site is optimized with the Yoast SEO plugin v26.5 - https:\/\/yoast.com\/wordpress\/plugins\/seo\/ -->\n<title>Forma\u00e7\u00e3o de Professores e Formadores - Conclus\u00e3o - Estudos e Forma\u00e7\u00e3o<\/title>\n<meta name=\"robots\" content=\"index, follow, max-snippet:-1, max-image-preview:large, max-video-preview:-1\" \/>\n<link rel=\"canonical\" href=\"https:\/\/conclusao.pt\/portal\/formacao\/formacao-de-professores-e-formadores\/\" \/>\n<meta property=\"og:locale\" content=\"pt_PT\" \/>\n<meta property=\"og:type\" content=\"article\" \/>\n<meta property=\"og:title\" content=\"Forma\u00e7\u00e3o de Professores e Formadores - Conclus\u00e3o - Estudos e Forma\u00e7\u00e3o\" \/>\n<meta property=\"og:description\" content=\"Forma\u00e7\u00e3o de Professores e Formadores\" \/>\n<meta property=\"og:url\" content=\"https:\/\/conclusao.pt\/portal\/formacao\/formacao-de-professores-e-formadores\/\" \/>\n<meta property=\"og:site_name\" content=\"Conclus\u00e3o - Estudos e Forma\u00e7\u00e3o\" \/>\n<meta property=\"article:publisher\" content=\"https:\/\/www.facebook.com\/conclusaoformacao\/\" \/>\n<meta property=\"article:modified_time\" content=\"2024-11-04T18:10:20+00:00\" \/>\n<meta property=\"og:image\" content=\"https:\/\/devconclusao.lojas-online.pt\/wp-content\/uploads\/2024\/10\/formacao-de-professores-e-formadores-banner.jpg\" \/>\n<meta name=\"twitter:card\" content=\"summary_large_image\" \/>\n<meta name=\"twitter:label1\" content=\"Tempo estimado de leitura\" \/>\n\t<meta name=\"twitter:data1\" content=\"1 minuto\" \/>\n<script type=\"application\/ld+json\" class=\"yoast-schema-graph\">{\"@context\":\"https:\/\/schema.org\",\"@graph\":[{\"@type\":\"WebPage\",\"@id\":\"https:\/\/conclusao.pt\/portal\/formacao\/formacao-de-professores-e-formadores\/\",\"url\":\"https:\/\/conclusao.pt\/portal\/formacao\/formacao-de-professores-e-formadores\/\",\"name\":\"Forma\u00e7\u00e3o de Professores e Formadores - Conclus\u00e3o - Estudos e Forma\u00e7\u00e3o\",\"isPartOf\":{\"@id\":\"https:\/\/conclusao.pt\/portal\/#website\"},\"primaryImageOfPage\":{\"@id\":\"https:\/\/conclusao.pt\/portal\/formacao\/formacao-de-professores-e-formadores\/#primaryimage\"},\"image\":{\"@id\":\"https:\/\/conclusao.pt\/portal\/formacao\/formacao-de-professores-e-formadores\/#primaryimage\"},\"thumbnailUrl\":\"https:\/\/devconclusao.lojas-online.pt\/wp-content\/uploads\/2024\/10\/formacao-de-professores-e-formadores-banner.jpg\",\"datePublished\":\"2023-06-10T21:22:43+00:00\",\"dateModified\":\"2024-11-04T18:10:20+00:00\",\"breadcrumb\":{\"@id\":\"https:\/\/conclusao.pt\/portal\/formacao\/formacao-de-professores-e-formadores\/#breadcrumb\"},\"inLanguage\":\"pt-PT\",\"potentialAction\":[{\"@type\":\"ReadAction\",\"target\":[\"https:\/\/conclusao.pt\/portal\/formacao\/formacao-de-professores-e-formadores\/\"]}]},{\"@type\":\"ImageObject\",\"inLanguage\":\"pt-PT\",\"@id\":\"https:\/\/conclusao.pt\/portal\/formacao\/formacao-de-professores-e-formadores\/#primaryimage\",\"url\":\"https:\/\/devconclusao.lojas-online.pt\/wp-content\/uploads\/2024\/10\/formacao-de-professores-e-formadores-banner.jpg\",\"contentUrl\":\"https:\/\/devconclusao.lojas-online.pt\/wp-content\/uploads\/2024\/10\/formacao-de-professores-e-formadores-banner.jpg\"},{\"@type\":\"BreadcrumbList\",\"@id\":\"https:\/\/conclusao.pt\/portal\/formacao\/formacao-de-professores-e-formadores\/#breadcrumb\",\"itemListElement\":[{\"@type\":\"ListItem\",\"position\":1,\"name\":\"In\u00edcio\",\"item\":\"https:\/\/conclusao.pt\/portal\/\"},{\"@type\":\"ListItem\",\"position\":2,\"name\":\"Forma\u00e7\u00e3o\",\"item\":\"https:\/\/conclusao.pt\/portal\/formacao\/\"},{\"@type\":\"ListItem\",\"position\":3,\"name\":\"Forma\u00e7\u00e3o de Professores e Formadores\"}]},{\"@type\":\"WebSite\",\"@id\":\"https:\/\/conclusao.pt\/portal\/#website\",\"url\":\"https:\/\/conclusao.pt\/portal\/\",\"name\":\"Conclus\u00e3o - Estudos e Forma\u00e7\u00e3o\",\"description\":\"A Conclus\u00e3o \u2013 Estudos e Forma\u00e7\u00e3o, Lda \u00e9 uma empresa que iniciou a sua atividade em 1987, tendo ao longo dos anos especializado na promo\u00e7\u00e3o de cursos de forma\u00e7\u00e3o profissional, na elabora\u00e7\u00e3o estudos e projetos e no desenvolvimento de atividades de consultoria empresarial.\",\"publisher\":{\"@id\":\"https:\/\/conclusao.pt\/portal\/#organization\"},\"potentialAction\":[{\"@type\":\"SearchAction\",\"target\":{\"@type\":\"EntryPoint\",\"urlTemplate\":\"https:\/\/conclusao.pt\/portal\/?s={search_term_string}\"},\"query-input\":{\"@type\":\"PropertyValueSpecification\",\"valueRequired\":true,\"valueName\":\"search_term_string\"}}],\"inLanguage\":\"pt-PT\"},{\"@type\":\"Organization\",\"@id\":\"https:\/\/conclusao.pt\/portal\/#organization\",\"name\":\"Conclus\u00e3o - Estudos e Forma\u00e7\u00e3o\",\"url\":\"https:\/\/conclusao.pt\/portal\/\",\"logo\":{\"@type\":\"ImageObject\",\"inLanguage\":\"pt-PT\",\"@id\":\"https:\/\/conclusao.pt\/portal\/#\/schema\/logo\/image\/\",\"url\":\"https:\/\/conclusao.pt\/portal\/wp-content\/uploads\/2023\/09\/cropped-logotipo.png\",\"contentUrl\":\"https:\/\/conclusao.pt\/portal\/wp-content\/uploads\/2023\/09\/cropped-logotipo.png\",\"width\":200,\"height\":65,\"caption\":\"Conclus\u00e3o - Estudos e Forma\u00e7\u00e3o\"},\"image\":{\"@id\":\"https:\/\/conclusao.pt\/portal\/#\/schema\/logo\/image\/\"},\"sameAs\":[\"https:\/\/www.facebook.com\/conclusaoformacao\/\",\"https:\/\/www.instagram.com\/conclusaolda\/\",\"https:\/\/www.linkedin.com\/company\/conclusao\/\"]}]}<\/script>\n<!-- \/ Yoast SEO plugin. -->","yoast_head_json":{"title":"Forma\u00e7\u00e3o de Professores e Formadores - Conclus\u00e3o - Estudos e Forma\u00e7\u00e3o","robots":{"index":"index","follow":"follow","max-snippet":"max-snippet:-1","max-image-preview":"max-image-preview:large","max-video-preview":"max-video-preview:-1"},"canonical":"https:\/\/conclusao.pt\/portal\/formacao\/formacao-de-professores-e-formadores\/","og_locale":"pt_PT","og_type":"article","og_title":"Forma\u00e7\u00e3o de Professores e Formadores - Conclus\u00e3o - Estudos e Forma\u00e7\u00e3o","og_description":"Forma\u00e7\u00e3o de Professores e Formadores","og_url":"https:\/\/conclusao.pt\/portal\/formacao\/formacao-de-professores-e-formadores\/","og_site_name":"Conclus\u00e3o - Estudos e Forma\u00e7\u00e3o","article_publisher":"https:\/\/www.facebook.com\/conclusaoformacao\/","article_modified_time":"2024-11-04T18:10:20+00:00","og_image":[{"url":"https:\/\/devconclusao.lojas-online.pt\/wp-content\/uploads\/2024\/10\/formacao-de-professores-e-formadores-banner.jpg","type":"","width":"","height":""}],"twitter_card":"summary_large_image","twitter_misc":{"Tempo estimado de leitura":"1 minuto"},"schema":{"@context":"https:\/\/schema.org","@graph":[{"@type":"WebPage","@id":"https:\/\/conclusao.pt\/portal\/formacao\/formacao-de-professores-e-formadores\/","url":"https:\/\/conclusao.pt\/portal\/formacao\/formacao-de-professores-e-formadores\/","name":"Forma\u00e7\u00e3o de Professores e Formadores - Conclus\u00e3o - Estudos e Forma\u00e7\u00e3o","isPartOf":{"@id":"https:\/\/conclusao.pt\/portal\/#website"},"primaryImageOfPage":{"@id":"https:\/\/conclusao.pt\/portal\/formacao\/formacao-de-professores-e-formadores\/#primaryimage"},"image":{"@id":"https:\/\/conclusao.pt\/portal\/formacao\/formacao-de-professores-e-formadores\/#primaryimage"},"thumbnailUrl":"https:\/\/devconclusao.lojas-online.pt\/wp-content\/uploads\/2024\/10\/formacao-de-professores-e-formadores-banner.jpg","datePublished":"2023-06-10T21:22:43+00:00","dateModified":"2024-11-04T18:10:20+00:00","breadcrumb":{"@id":"https:\/\/conclusao.pt\/portal\/formacao\/formacao-de-professores-e-formadores\/#breadcrumb"},"inLanguage":"pt-PT","potentialAction":[{"@type":"ReadAction","target":["https:\/\/conclusao.pt\/portal\/formacao\/formacao-de-professores-e-formadores\/"]}]},{"@type":"ImageObject","inLanguage":"pt-PT","@id":"https:\/\/conclusao.pt\/portal\/formacao\/formacao-de-professores-e-formadores\/#primaryimage","url":"https:\/\/devconclusao.lojas-online.pt\/wp-content\/uploads\/2024\/10\/formacao-de-professores-e-formadores-banner.jpg","contentUrl":"https:\/\/devconclusao.lojas-online.pt\/wp-content\/uploads\/2024\/10\/formacao-de-professores-e-formadores-banner.jpg"},{"@type":"BreadcrumbList","@id":"https:\/\/conclusao.pt\/portal\/formacao\/formacao-de-professores-e-formadores\/#breadcrumb","itemListElement":[{"@type":"ListItem","position":1,"name":"In\u00edcio","item":"https:\/\/conclusao.pt\/portal\/"},{"@type":"ListItem","position":2,"name":"Forma\u00e7\u00e3o","item":"https:\/\/conclusao.pt\/portal\/formacao\/"},{"@type":"ListItem","position":3,"name":"Forma\u00e7\u00e3o de Professores e Formadores"}]},{"@type":"WebSite","@id":"https:\/\/conclusao.pt\/portal\/#website","url":"https:\/\/conclusao.pt\/portal\/","name":"Conclus\u00e3o - Estudos e Forma\u00e7\u00e3o","description":"A Conclus\u00e3o \u2013 Estudos e Forma\u00e7\u00e3o, Lda \u00e9 uma empresa que iniciou a sua atividade em 1987, tendo ao longo dos anos especializado na promo\u00e7\u00e3o de cursos de forma\u00e7\u00e3o profissional, na elabora\u00e7\u00e3o estudos e projetos e no desenvolvimento de atividades de consultoria empresarial.","publisher":{"@id":"https:\/\/conclusao.pt\/portal\/#organization"},"potentialAction":[{"@type":"SearchAction","target":{"@type":"EntryPoint","urlTemplate":"https:\/\/conclusao.pt\/portal\/?s={search_term_string}"},"query-input":{"@type":"PropertyValueSpecification","valueRequired":true,"valueName":"search_term_string"}}],"inLanguage":"pt-PT"},{"@type":"Organization","@id":"https:\/\/conclusao.pt\/portal\/#organization","name":"Conclus\u00e3o - Estudos e Forma\u00e7\u00e3o","url":"https:\/\/conclusao.pt\/portal\/","logo":{"@type":"ImageObject","inLanguage":"pt-PT","@id":"https:\/\/conclusao.pt\/portal\/#\/schema\/logo\/image\/","url":"https:\/\/conclusao.pt\/portal\/wp-content\/uploads\/2023\/09\/cropped-logotipo.png","contentUrl":"https:\/\/conclusao.pt\/portal\/wp-content\/uploads\/2023\/09\/cropped-logotipo.png","width":200,"height":65,"caption":"Conclus\u00e3o - Estudos e Forma\u00e7\u00e3o"},"image":{"@id":"https:\/\/conclusao.pt\/portal\/#\/schema\/logo\/image\/"},"sameAs":["https:\/\/www.facebook.com\/conclusaoformacao\/","https:\/\/www.instagram.com\/conclusaolda\/","https:\/\/www.linkedin.com\/company\/conclusao\/"]}]}},"uagb_featured_image_src":{"full":false,"thumbnail":false,"medium":false,"medium_large":false,"large":false,"1536x1536":false,"2048x2048":false,"woocommerce_thumbnail":false,"woocommerce_single":false,"woocommerce_gallery_thumbnail":false},"uagb_author_info":{"display_name":"Karma Design","author_link":"https:\/\/conclusao.pt\/portal\/author\/karma-design\/"},"uagb_comment_info":0,"uagb_excerpt":"Forma\u00e7\u00e3o de Professores e Formadores","_links":{"self":[{"href":"https:\/\/conclusao.pt\/portal\/wp-json\/wp\/v2\/pages\/4493","targetHints":{"allow":["GET"]}}],"collection":[{"href":"https:\/\/conclusao.pt\/portal\/wp-json\/wp\/v2\/pages"}],"about":[{"href":"https:\/\/conclusao.pt\/portal\/wp-json\/wp\/v2\/types\/page"}],"author":[{"embeddable":true,"href":"https:\/\/conclusao.pt\/portal\/wp-json\/wp\/v2\/users\/1"}],"replies":[{"embeddable":true,"href":"https:\/\/conclusao.pt\/portal\/wp-json\/wp\/v2\/comments?post=4493"}],"version-history":[{"count":23,"href":"https:\/\/conclusao.pt\/portal\/wp-json\/wp\/v2\/pages\/4493\/revisions"}],"predecessor-version":[{"id":37118,"href":"https:\/\/conclusao.pt\/portal\/wp-json\/wp\/v2\/pages\/4493\/revisions\/37118"}],"up":[{"embeddable":true,"href":"https:\/\/conclusao.pt\/portal\/wp-json\/wp\/v2\/pages\/1357"}],"wp:attachment":[{"href":"https:\/\/conclusao.pt\/portal\/wp-json\/wp\/v2\/media?parent=4493"}],"curies":[{"name":"wp","href":"https:\/\/api.w.org\/{rel}","templated":true}]}}