{"id":3,"date":"2022-09-21T21:16:34","date_gmt":"2022-09-21T21:16:34","guid":{"rendered":"http:\/\/edkid.lojas-online.pt\/?page_id=3"},"modified":"2023-09-25T11:01:27","modified_gmt":"2023-09-25T11:01:27","slug":"politica-de-privacidade","status":"publish","type":"page","link":"https:\/\/conclusao.pt\/portal\/politica-de-privacidade\/","title":{"rendered":"Pol\u00edtica de Privacidade"},"content":{"rendered":"\t\t<div data-elementor-type=\"wp-page\" data-elementor-id=\"3\" class=\"elementor elementor-3\">\n\t\t\t\t\t\t<section class=\"elementor-section elementor-top-section elementor-element elementor-element-1a1ca99 elementor-section-boxed elementor-section-height-default elementor-section-height-default\" data-id=\"1a1ca99\" data-element_type=\"section\" data-settings=\"{&quot;background_background&quot;:&quot;classic&quot;}\">\n\t\t\t\t\t\t<div class=\"elementor-container elementor-column-gap-no\">\n\t\t\t\t\t<div class=\"elementor-column elementor-col-100 elementor-top-column elementor-element elementor-element-7f1dac8\" data-id=\"7f1dac8\" data-element_type=\"column\">\n\t\t\t<div class=\"elementor-widget-wrap elementor-element-populated\">\n\t\t\t\t\t\t<div class=\"elementor-element elementor-element-5f2b24d elementor-widget elementor-widget-heading\" data-id=\"5f2b24d\" data-element_type=\"widget\" data-widget_type=\"heading.default\">\n\t\t\t\t<div class=\"elementor-widget-container\">\n\t\t\t\t\t<h2 class=\"elementor-heading-title elementor-size-default\">Pol\u00edtica de Privacidade<\/h2>\t\t\t\t<\/div>\n\t\t\t\t<\/div>\n\t\t\t\t\t<\/div>\n\t\t<\/div>\n\t\t\t\t\t<\/div>\n\t\t<\/section>\n\t\t\t\t<section class=\"elementor-section elementor-top-section elementor-element elementor-element-5944a42 elementor-section-content-middle elementor-section-boxed elementor-section-height-default elementor-section-height-default\" data-id=\"5944a42\" data-element_type=\"section\" data-settings=\"{&quot;background_background&quot;:&quot;classic&quot;}\">\n\t\t\t\t\t\t<div class=\"elementor-container elementor-column-gap-no\">\n\t\t\t\t\t<div class=\"elementor-column elementor-col-100 elementor-top-column elementor-element elementor-element-8092ad9\" data-id=\"8092ad9\" data-element_type=\"column\">\n\t\t\t<div class=\"elementor-widget-wrap elementor-element-populated\">\n\t\t\t\t\t\t<div class=\"elementor-element elementor-element-b357c91 elementor-widget elementor-widget-text-editor\" data-id=\"b357c91\" data-element_type=\"widget\" data-widget_type=\"text-editor.default\">\n\t\t\t\t<div class=\"elementor-widget-container\">\n\t\t\t\t\t\t\t\t\t<p>A garantia da confidencialidade dos dados pessoais dos utilizadores dos nossos servi\u00e7os e plataformas (incluindo os sites de Internet) \u00e9 importante para a Conclus\u00e3o \u2013 Estudos e Forma\u00e7\u00e3o, Lda (Conclus\u00e3o).<\/p><p>Todas as suas informa\u00e7\u00f5es pessoais recolhidas, ser\u00e3o usadas para o ajudar a tornar a sua rela\u00e7\u00e3o connosco o mais produtiva e agrad\u00e1vel poss\u00edvel.<\/p><p>As informa\u00e7\u00f5es pessoais relativas a membros, assinantes, clientes, candidatos a emprego, ou visitantes dos nossos sites de Internet ser\u00e3o tratadas em concord\u00e2ncia com o Regulamento (UE) 2016\/679, conhecido como RGPD \u2013 Regulamento Geral sobre a Prote\u00e7\u00e3o de Dados.<\/p><p>A Conclus\u00e3o compromete-se a usar todos os meios tecnol\u00f3gicos de que disp\u00f5e para proteger a privacidade dos utilizadores dos seus servi\u00e7os\/atividades.<\/p><p>A Conclus\u00e3o respeita o direito \u00e0 imagem, garantindo a defesa contra divulga\u00e7\u00e3o e reprodu\u00e7\u00e3o n\u00e3o autorizadas. No caso concreto das imagens de pessoas constantes dos v\u00eddeos e fotografias do site de Internet, pelo facto de se enquadrarem em reprodu\u00e7\u00f5es de espa\u00e7os p\u00fablicos de natureza did\u00e1tica, a sua utiliza\u00e7\u00e3o respeita na \u00edntegra as disposi\u00e7\u00f5es do C\u00f3digo Civil.<\/p>\t\t\t\t\t\t\t\t<\/div>\n\t\t\t\t<\/div>\n\t\t\t\t<div class=\"elementor-element elementor-element-4b3a486 elementor-widget elementor-widget-heading\" data-id=\"4b3a486\" data-element_type=\"widget\" data-widget_type=\"heading.default\">\n\t\t\t\t<div class=\"elementor-widget-container\">\n\t\t\t\t\t<h4 class=\"elementor-heading-title elementor-size-default\">1. Termos de Utiliza\u00e7\u00e3o dos s\u00edtios de internet<\/h4>\t\t\t\t<\/div>\n\t\t\t\t<\/div>\n\t\t\t\t<div class=\"elementor-element elementor-element-88015dd elementor-widget elementor-widget-text-editor\" data-id=\"88015dd\" data-element_type=\"widget\" data-widget_type=\"text-editor.default\">\n\t\t\t\t<div class=\"elementor-widget-container\">\n\t\t\t\t\t\t\t\t\t<p>Na elabora\u00e7\u00e3o do site de Internet da Conclus\u00e3o foram reunidos todos os esfor\u00e7os para que as informa\u00e7\u00f5es dele constante sejam corretas, precisas e atualizadas, n\u00e3o se garantindo, no entanto, a n\u00e3o ocorr\u00eancia de erros.<\/p><p>Ao consultar a informa\u00e7\u00e3o disponibilizada, o utilizador aceita expressamente os termos e condi\u00e7\u00f5es a seguir descritos:<\/p>\t\t\t\t\t\t\t\t<\/div>\n\t\t\t\t<\/div>\n\t\t\t\t<div class=\"elementor-element elementor-element-bbad0eb elementor-align-left elementor-icon-list--layout-traditional elementor-list-item-link-full_width elementor-widget elementor-widget-icon-list\" data-id=\"bbad0eb\" data-element_type=\"widget\" data-widget_type=\"icon-list.default\">\n\t\t\t\t<div class=\"elementor-widget-container\">\n\t\t\t\t\t\t\t<ul class=\"elementor-icon-list-items\">\n\t\t\t\t\t\t\t<li class=\"elementor-icon-list-item\">\n\t\t\t\t\t\t\t\t\t\t\t<span class=\"elementor-icon-list-icon\">\n\t\t\t\t\t\t\t<i aria-hidden=\"true\" class=\"fas fa-check\"><\/i>\t\t\t\t\t\t<\/span>\n\t\t\t\t\t\t\t\t\t\t<span class=\"elementor-icon-list-text\">Todas as informa\u00e7\u00f5es est\u00e3o sujeitas a atualiza\u00e7\u00f5es e\/ou altera\u00e7\u00f5es sem aviso pr\u00e9vio;<\/span>\n\t\t\t\t\t\t\t\t\t<\/li>\n\t\t\t\t\t\t\t\t<li class=\"elementor-icon-list-item\">\n\t\t\t\t\t\t\t\t\t\t\t<span class=\"elementor-icon-list-icon\">\n\t\t\t\t\t\t\t<i aria-hidden=\"true\" class=\"fas fa-check\"><\/i>\t\t\t\t\t\t<\/span>\n\t\t\t\t\t\t\t\t\t\t<span class=\"elementor-icon-list-text\">A Conclus\u00e3o reserva-se o direito de rever os termos de utiliza\u00e7\u00e3o a qualquer momento e sem aviso pr\u00e9vio;<\/span>\n\t\t\t\t\t\t\t\t\t<\/li>\n\t\t\t\t\t\t\t\t<li class=\"elementor-icon-list-item\">\n\t\t\t\t\t\t\t\t\t\t\t<span class=\"elementor-icon-list-icon\">\n\t\t\t\t\t\t\t<i aria-hidden=\"true\" class=\"fas fa-check\"><\/i>\t\t\t\t\t\t<\/span>\n\t\t\t\t\t\t\t\t\t\t<span class=\"elementor-icon-list-text\">O utilizador deve tomar conhecimento dos termos de utiliza\u00e7\u00e3o mais recentes, visitando regularmente esta p\u00e1gina \u2013 a \u00faltima vers\u00e3o dos termos de utiliza\u00e7\u00e3o tem car\u00e1ter vinculativo. A utiliza\u00e7\u00e3o destes s\u00edtios de Internet ap\u00f3s tais altera\u00e7\u00f5es representa a aceita\u00e7\u00e3o por parte do utilizador;<\/span>\n\t\t\t\t\t\t\t\t\t<\/li>\n\t\t\t\t\t\t\t\t<li class=\"elementor-icon-list-item\">\n\t\t\t\t\t\t\t\t\t\t\t<span class=\"elementor-icon-list-icon\">\n\t\t\t\t\t\t\t<i aria-hidden=\"true\" class=\"fas fa-check\"><\/i>\t\t\t\t\t\t<\/span>\n\t\t\t\t\t\t\t\t\t\t<span class=\"elementor-icon-list-text\">O utilizador n\u00e3o poder\u00e1 modificar, reproduzir, exibir ou difundir publicamente, nem utilizar p\u00fablica ou comercialmente os materiais ou conte\u00fados destes s\u00edtios de Internet.<\/span>\n\t\t\t\t\t\t\t\t\t<\/li>\n\t\t\t\t\t\t<\/ul>\n\t\t\t\t\t\t<\/div>\n\t\t\t\t<\/div>\n\t\t\t\t<div class=\"elementor-element elementor-element-d1c1555 elementor-widget elementor-widget-text-editor\" data-id=\"d1c1555\" data-element_type=\"widget\" data-widget_type=\"text-editor.default\">\n\t\t\t\t<div class=\"elementor-widget-container\">\n\t\t\t\t\t\t\t\t\t<p>Os materiais e a informa\u00e7\u00e3o disponibilizados neste site de Internet encontram-se protegidos por direitos de autor e qualquer utiliza\u00e7\u00e3o n\u00e3o autorizada poder\u00e1 violar disposi\u00e7\u00f5es legais ou regulamentares relativas a direitos de autor, marcas ou outras.<\/p><p>De modo a oferecer valor acrescentado aos nossos visitantes, A Conclus\u00e3o pode disponibilizar links relativos a sites operados por entidades terceiras. No entanto, a Conclus\u00e3o n\u00e3o tem controlo sobre esses sites, mesmo no caso de essas entidades serem parceiras ou associadas, os quais apresentam pr\u00e1ticas de privacidade e recolha de dados distintas e independentes da Conclus\u00e3o. Esses sites s\u00e3o apenas disponibilizados para conveni\u00eancia dos utilizadores, pelo que o seu acesso \u00e9 feito por sua conta e risco. Todavia, a Conclus\u00e3o procura proteger a integridade dos seus sites e dos links disponibilizados nos mesmos, pelo que solicita qualquer feedback, n\u00e3o s\u00f3 sobre o seu pr\u00f3prio site, como tamb\u00e9m dos links disponibilizados (incluindo quando um link espec\u00edfico n\u00e3o funciona).<\/p><p>A nossa pol\u00edtica de privacidade n\u00e3o \u00e9 aplicada a sites de terceiros, pelo que, caso visite outro site a partir dos nossos dever\u00e1 ler a pol\u00edtica de privacidade do mesmo. N\u00e3o nos responsabilizamos pela pol\u00edtica de privacidade ou conte\u00fado presente nesses mesmos sites.<\/p><p>A publica\u00e7\u00e3o de conte\u00fado do site da Conclus\u00e3o impressa ou online sem autoriza\u00e7\u00e3o dos autores est\u00e1 sujeita a san\u00e7\u00f5es legais.<\/p>\t\t\t\t\t\t\t\t<\/div>\n\t\t\t\t<\/div>\n\t\t\t\t<div class=\"elementor-element elementor-element-ccccd72 elementor-widget elementor-widget-heading\" data-id=\"ccccd72\" data-element_type=\"widget\" data-widget_type=\"heading.default\">\n\t\t\t\t<div class=\"elementor-widget-container\">\n\t\t\t\t\t<h4 class=\"elementor-heading-title elementor-size-default\">2. Tratamento de Dados Pessoais<\/h4>\t\t\t\t<\/div>\n\t\t\t\t<\/div>\n\t\t\t\t<div class=\"elementor-element elementor-element-00176b8 elementor-widget elementor-widget-text-editor\" data-id=\"00176b8\" data-element_type=\"widget\" data-widget_type=\"text-editor.default\">\n\t\t\t\t<div class=\"elementor-widget-container\">\n\t\t\t\t\t\t\t\t\t<p><strong>O tratamento de dados pessoais por parte da Conclus\u00e3o obedece aos seguintes princ\u00edpios e regras:<\/strong><\/p>\t\t\t\t\t\t\t\t<\/div>\n\t\t\t\t<\/div>\n\t\t\t\t<div class=\"elementor-element elementor-element-2982220 elementor-align-left elementor-icon-list--layout-traditional elementor-list-item-link-full_width elementor-widget elementor-widget-icon-list\" data-id=\"2982220\" data-element_type=\"widget\" data-widget_type=\"icon-list.default\">\n\t\t\t\t<div class=\"elementor-widget-container\">\n\t\t\t\t\t\t\t<ul class=\"elementor-icon-list-items\">\n\t\t\t\t\t\t\t<li class=\"elementor-icon-list-item\">\n\t\t\t\t\t\t\t\t\t\t\t<span class=\"elementor-icon-list-icon\">\n\t\t\t\t\t\t\t<i aria-hidden=\"true\" class=\"fas fa-check\"><\/i>\t\t\t\t\t\t<\/span>\n\t\t\t\t\t\t\t\t\t\t<span class=\"elementor-icon-list-text\">O Encarregado da prote\u00e7\u00e3o de dados (EPD) pode ser contactado atrav\u00e9s do seguinte mail: protecaodados@conclusao.pt;<\/span>\n\t\t\t\t\t\t\t\t\t<\/li>\n\t\t\t\t\t\t\t\t<li class=\"elementor-icon-list-item\">\n\t\t\t\t\t\t\t\t\t\t\t<span class=\"elementor-icon-list-icon\">\n\t\t\t\t\t\t\t<i aria-hidden=\"true\" class=\"fas fa-check\"><\/i>\t\t\t\t\t\t<\/span>\n\t\t\t\t\t\t\t\t\t\t<span class=\"elementor-icon-list-text\">O tratamento dos dados pessoais destina-se \u00e0s seguintes finalidades:<\/span>\n\t\t\t\t\t\t\t\t\t<\/li>\n\t\t\t\t\t\t<\/ul>\n\t\t\t\t\t\t<\/div>\n\t\t\t\t<\/div>\n\t\t\t\t<div class=\"elementor-element elementor-element-873fb7c elementor-align-left elementor-icon-list--layout-traditional elementor-list-item-link-full_width elementor-widget elementor-widget-icon-list\" data-id=\"873fb7c\" data-element_type=\"widget\" data-widget_type=\"icon-list.default\">\n\t\t\t\t<div class=\"elementor-widget-container\">\n\t\t\t\t\t\t\t<ul class=\"elementor-icon-list-items\">\n\t\t\t\t\t\t\t<li class=\"elementor-icon-list-item\">\n\t\t\t\t\t\t\t\t\t\t\t<span class=\"elementor-icon-list-icon\">\n\t\t\t\t\t\t\t<i aria-hidden=\"true\" class=\"fas fa-check\"><\/i>\t\t\t\t\t\t<\/span>\n\t\t\t\t\t\t\t\t\t\t<span class=\"elementor-icon-list-text\">Cumprimento de obriga\u00e7\u00f5es legais;<\/span>\n\t\t\t\t\t\t\t\t\t<\/li>\n\t\t\t\t\t\t\t\t<li class=\"elementor-icon-list-item\">\n\t\t\t\t\t\t\t\t\t\t\t<span class=\"elementor-icon-list-icon\">\n\t\t\t\t\t\t\t<i aria-hidden=\"true\" class=\"fas fa-check\"><\/i>\t\t\t\t\t\t<\/span>\n\t\t\t\t\t\t\t\t\t\t<span class=\"elementor-icon-list-text\">Cumprimento das obriga\u00e7\u00f5es contratuais resultantes da frequ\u00eancia da forma\u00e7\u00e3o, presta\u00e7\u00e3o de outros servi\u00e7os ou participa\u00e7\u00e3o em atividades;<\/span>\n\t\t\t\t\t\t\t\t\t<\/li>\n\t\t\t\t\t\t\t\t<li class=\"elementor-icon-list-item\">\n\t\t\t\t\t\t\t\t\t\t\t<span class=\"elementor-icon-list-icon\">\n\t\t\t\t\t\t\t<i aria-hidden=\"true\" class=\"fas fa-check\"><\/i>\t\t\t\t\t\t<\/span>\n\t\t\t\t\t\t\t\t\t\t<span class=\"elementor-icon-list-text\">Divulga\u00e7\u00e3o de atividades\/servi\u00e7os desenvolvidos pela Conclus\u00e3o e entidades parceiras, nomeadamente: Edicad. Lda, JADRC, Edkid, Lda.<\/span>\n\t\t\t\t\t\t\t\t\t<\/li>\n\t\t\t\t\t\t<\/ul>\n\t\t\t\t\t\t<\/div>\n\t\t\t\t<\/div>\n\t\t\t\t<div class=\"elementor-element elementor-element-b7b9981 elementor-align-left elementor-icon-list--layout-traditional elementor-list-item-link-full_width elementor-widget elementor-widget-icon-list\" data-id=\"b7b9981\" data-element_type=\"widget\" data-widget_type=\"icon-list.default\">\n\t\t\t\t<div class=\"elementor-widget-container\">\n\t\t\t\t\t\t\t<ul class=\"elementor-icon-list-items\">\n\t\t\t\t\t\t\t<li class=\"elementor-icon-list-item\">\n\t\t\t\t\t\t\t\t\t\t\t<span class=\"elementor-icon-list-icon\">\n\t\t\t\t\t\t\t<i aria-hidden=\"true\" class=\"fas fa-check\"><\/i>\t\t\t\t\t\t<\/span>\n\t\t\t\t\t\t\t\t\t\t<span class=\"elementor-icon-list-text\">O prazo de conserva\u00e7\u00e3o dos dados pessoais \u00e9, regra geral, de 5 anos ap\u00f3s o \u00faltimo relacionamento com a Conclus\u00e3o. Findo este prazo, os dados pessoais s\u00e3o removidos dos respetivos ficheiros, ressalvando sempre o previsto na ponto 9;<\/span>\n\t\t\t\t\t\t\t\t\t<\/li>\n\t\t\t\t\t\t\t\t<li class=\"elementor-icon-list-item\">\n\t\t\t\t\t\t\t\t\t\t\t<span class=\"elementor-icon-list-icon\">\n\t\t\t\t\t\t\t<i aria-hidden=\"true\" class=\"fas fa-check\"><\/i>\t\t\t\t\t\t<\/span>\n\t\t\t\t\t\t\t\t\t\t<span class=\"elementor-icon-list-text\">No tratamento dos dados pessoais \u00e9 sempre garantida a sua minimiza\u00e7\u00e3o, sendo apenas tratados dados pessoais absolutamente necess\u00e1rios para as respetivas finalidades;<\/span>\n\t\t\t\t\t\t\t\t\t<\/li>\n\t\t\t\t\t\t\t\t<li class=\"elementor-icon-list-item\">\n\t\t\t\t\t\t\t\t\t\t\t<span class=\"elementor-icon-list-icon\">\n\t\t\t\t\t\t\t<i aria-hidden=\"true\" class=\"fas fa-check\"><\/i>\t\t\t\t\t\t<\/span>\n\t\t\t\t\t\t\t\t\t\t<span class=\"elementor-icon-list-text\">Os dados pessoais nunca s\u00e3o transmitidos a terceiros sem autoriza\u00e7\u00e3o express\u00e3o dos titulares (exceto se para cumprimento de obriga\u00e7\u00f5es legais);<\/span>\n\t\t\t\t\t\t\t\t\t<\/li>\n\t\t\t\t\t\t\t\t<li class=\"elementor-icon-list-item\">\n\t\t\t\t\t\t\t\t\t\t\t<span class=\"elementor-icon-list-icon\">\n\t\t\t\t\t\t\t<i aria-hidden=\"true\" class=\"fas fa-check\"><\/i>\t\t\t\t\t\t<\/span>\n\t\t\t\t\t\t\t\t\t\t<span class=\"elementor-icon-list-text\">A Conclus\u00e3o pode ceder os seus dados pessoais, com o seu consentimento, \u00e0s entidades parceiras referidas anteriormente.<\/span>\n\t\t\t\t\t\t\t\t\t<\/li>\n\t\t\t\t\t\t\t\t<li class=\"elementor-icon-list-item\">\n\t\t\t\t\t\t\t\t\t\t\t<span class=\"elementor-icon-list-icon\">\n\t\t\t\t\t\t\t<i aria-hidden=\"true\" class=\"fas fa-check\"><\/i>\t\t\t\t\t\t<\/span>\n\t\t\t\t\t\t\t\t\t\t<span class=\"elementor-icon-list-text\">Os titulares de dados pessoais podem, a qualquer momento, exercer os seguintes direitos:<\/span>\n\t\t\t\t\t\t\t\t\t<\/li>\n\t\t\t\t\t\t<\/ul>\n\t\t\t\t\t\t<\/div>\n\t\t\t\t<\/div>\n\t\t\t\t<div class=\"elementor-element elementor-element-8705a11 elementor-align-left elementor-icon-list--layout-traditional elementor-list-item-link-full_width elementor-widget elementor-widget-icon-list\" data-id=\"8705a11\" data-element_type=\"widget\" data-widget_type=\"icon-list.default\">\n\t\t\t\t<div class=\"elementor-widget-container\">\n\t\t\t\t\t\t\t<ul class=\"elementor-icon-list-items\">\n\t\t\t\t\t\t\t<li class=\"elementor-icon-list-item\">\n\t\t\t\t\t\t\t\t\t\t\t<span class=\"elementor-icon-list-icon\">\n\t\t\t\t\t\t\t<i aria-hidden=\"true\" class=\"fas fa-check\"><\/i>\t\t\t\t\t\t<\/span>\n\t\t\t\t\t\t\t\t\t\t<span class=\"elementor-icon-list-text\">Acesso gratuito aos dados pessoais;<\/span>\n\t\t\t\t\t\t\t\t\t<\/li>\n\t\t\t\t\t\t\t\t<li class=\"elementor-icon-list-item\">\n\t\t\t\t\t\t\t\t\t\t\t<span class=\"elementor-icon-list-icon\">\n\t\t\t\t\t\t\t<i aria-hidden=\"true\" class=\"fas fa-check\"><\/i>\t\t\t\t\t\t<\/span>\n\t\t\t\t\t\t\t\t\t\t<span class=\"elementor-icon-list-text\">Retifica\u00e7\u00e3o dos dados pessoais;<\/span>\n\t\t\t\t\t\t\t\t\t<\/li>\n\t\t\t\t\t\t\t\t<li class=\"elementor-icon-list-item\">\n\t\t\t\t\t\t\t\t\t\t\t<span class=\"elementor-icon-list-icon\">\n\t\t\t\t\t\t\t<i aria-hidden=\"true\" class=\"fas fa-check\"><\/i>\t\t\t\t\t\t<\/span>\n\t\t\t\t\t\t\t\t\t\t<span class=\"elementor-icon-list-text\">Apagamento dos dados pessoais \u2013 direito ao esquecimento (sem preju\u00edzo do definido no ponto 9);<\/span>\n\t\t\t\t\t\t\t\t\t<\/li>\n\t\t\t\t\t\t\t\t<li class=\"elementor-icon-list-item\">\n\t\t\t\t\t\t\t\t\t\t\t<span class=\"elementor-icon-list-icon\">\n\t\t\t\t\t\t\t<i aria-hidden=\"true\" class=\"fas fa-check\"><\/i>\t\t\t\t\t\t<\/span>\n\t\t\t\t\t\t\t\t\t\t<span class=\"elementor-icon-list-text\">Limita\u00e7\u00e3o do tratamento dos dados pessoais;<\/span>\n\t\t\t\t\t\t\t\t\t<\/li>\n\t\t\t\t\t\t\t\t<li class=\"elementor-icon-list-item\">\n\t\t\t\t\t\t\t\t\t\t\t<span class=\"elementor-icon-list-icon\">\n\t\t\t\t\t\t\t<i aria-hidden=\"true\" class=\"fas fa-check\"><\/i>\t\t\t\t\t\t<\/span>\n\t\t\t\t\t\t\t\t\t\t<span class=\"elementor-icon-list-text\">Oposi\u00e7\u00e3o ao tratamento dos dados pessoais;<\/span>\n\t\t\t\t\t\t\t\t\t<\/li>\n\t\t\t\t\t\t\t\t<li class=\"elementor-icon-list-item\">\n\t\t\t\t\t\t\t\t\t\t\t<span class=\"elementor-icon-list-icon\">\n\t\t\t\t\t\t\t<i aria-hidden=\"true\" class=\"fas fa-check\"><\/i>\t\t\t\t\t\t<\/span>\n\t\t\t\t\t\t\t\t\t\t<span class=\"elementor-icon-list-text\">Portabilidade dos dados pessoais;<\/span>\n\t\t\t\t\t\t\t\t\t<\/li>\n\t\t\t\t\t\t\t\t<li class=\"elementor-icon-list-item\">\n\t\t\t\t\t\t\t\t\t\t\t<span class=\"elementor-icon-list-icon\">\n\t\t\t\t\t\t\t<i aria-hidden=\"true\" class=\"fas fa-check\"><\/i>\t\t\t\t\t\t<\/span>\n\t\t\t\t\t\t\t\t\t\t<span class=\"elementor-icon-list-text\">Retirar o consentimento previamente dado para tratamento dos dados pessoais;<\/span>\n\t\t\t\t\t\t\t\t\t<\/li>\n\t\t\t\t\t\t\t\t<li class=\"elementor-icon-list-item\">\n\t\t\t\t\t\t\t\t\t\t\t<span class=\"elementor-icon-list-icon\">\n\t\t\t\t\t\t\t<i aria-hidden=\"true\" class=\"fas fa-check\"><\/i>\t\t\t\t\t\t<\/span>\n\t\t\t\t\t\t\t\t\t\t<span class=\"elementor-icon-list-text\">Apresentar uma reclama\u00e7\u00e3o junto do EPD;<\/span>\n\t\t\t\t\t\t\t\t\t<\/li>\n\t\t\t\t\t\t\t\t<li class=\"elementor-icon-list-item\">\n\t\t\t\t\t\t\t\t\t\t\t<span class=\"elementor-icon-list-icon\">\n\t\t\t\t\t\t\t<i aria-hidden=\"true\" class=\"fas fa-check\"><\/i>\t\t\t\t\t\t<\/span>\n\t\t\t\t\t\t\t\t\t\t<span class=\"elementor-icon-list-text\">Apresentar uma reclama\u00e7\u00e3o junto de uma autoridade de controlo.<\/span>\n\t\t\t\t\t\t\t\t\t<\/li>\n\t\t\t\t\t\t<\/ul>\n\t\t\t\t\t\t<\/div>\n\t\t\t\t<\/div>\n\t\t\t\t<div class=\"elementor-element elementor-element-f1bf99f elementor-align-left elementor-icon-list--layout-traditional elementor-list-item-link-full_width elementor-widget elementor-widget-icon-list\" data-id=\"f1bf99f\" data-element_type=\"widget\" data-widget_type=\"icon-list.default\">\n\t\t\t\t<div class=\"elementor-widget-container\">\n\t\t\t\t\t\t\t<ul class=\"elementor-icon-list-items\">\n\t\t\t\t\t\t\t<li class=\"elementor-icon-list-item\">\n\t\t\t\t\t\t\t\t\t\t\t<span class=\"elementor-icon-list-icon\">\n\t\t\t\t\t\t\t<i aria-hidden=\"true\" class=\"fas fa-check\"><\/i>\t\t\t\t\t\t<\/span>\n\t\t\t\t\t\t\t\t\t\t<span class=\"elementor-icon-list-text\">O tratamento dos dados pessoais poder\u00e1 dar lugar a decis\u00f5es automatizadas, nomeadamente a cria\u00e7\u00e3o de perfis para efeitos de divulga\u00e7\u00e3o dos servi\u00e7os\/atividades da Conclus\u00e3o. Tal permitir\u00e1 dirigir a divulga\u00e7\u00e3o daqueles servi\u00e7os\/atividades de forma potencialmente mais adequada e eficaz em fun\u00e7\u00e3o dos crit\u00e9rios utilizados para a cria\u00e7\u00e3o de perfis de titulares de dados (por exemplo, em fun\u00e7\u00e3o da sua localiza\u00e7\u00e3o);<\/span>\n\t\t\t\t\t\t\t\t\t<\/li>\n\t\t\t\t\t\t\t\t<li class=\"elementor-icon-list-item\">\n\t\t\t\t\t\t\t\t\t\t\t<span class=\"elementor-icon-list-icon\">\n\t\t\t\t\t\t\t<i aria-hidden=\"true\" class=\"fas fa-check\"><\/i>\t\t\t\t\t\t<\/span>\n\t\t\t\t\t\t\t\t\t\t<span class=\"elementor-icon-list-text\">O direito ao esquecimento ou o n\u00e3o consentimento n\u00e3o invalidam que a Conclus\u00e3o arquive documentos que contenham dados pessoais por tempo indeterminado necess\u00e1rios para o cumprimento das obriga\u00e7\u00f5es inerentes \u00e0 presta\u00e7\u00e3o de servi\u00e7os de forma\u00e7\u00e3o profissional e outros de que resultem documentos dos quais possam vir a ser solicitadas, legitimamente, segundas vias (como, por exemplo, certificados\/diplomas de forma\u00e7\u00e3o) ou outros comprovativos e ainda para efeitos de tratamento estat\u00edstico. A manuten\u00e7\u00e3o destes documentos em arquivo n\u00e3o invalida o apagamento dos dados pessoais dos respetivos ficheiros (sempre que o utilizador exer\u00e7a o direito ao esquecimento ou retire o consentimento ou se esgote o prazo de conserva\u00e7\u00e3o), nem o cumprimento do procedimento de seguran\u00e7a dos dados que garante que aqueles documentos n\u00e3o possam ser acedidos por terceiros n\u00e3o autorizados.<\/span>\n\t\t\t\t\t\t\t\t\t<\/li>\n\t\t\t\t\t\t\t\t<li class=\"elementor-icon-list-item\">\n\t\t\t\t\t\t\t\t\t\t\t<span class=\"elementor-icon-list-icon\">\n\t\t\t\t\t\t\t<i aria-hidden=\"true\" class=\"fas fa-check\"><\/i>\t\t\t\t\t\t<\/span>\n\t\t\t\t\t\t\t\t\t\t<span class=\"elementor-icon-list-text\">O relacionamento comercial (aquisi\u00e7\u00e3o dos servi\u00e7os prestados) de pessoas singulares com a Conclus\u00e3o pressup\u00f5e a aceita\u00e7\u00e3o desta Pol\u00edtica de Privacidade. A Conclus\u00e3o reserva-se o direito de alterar esta Pol\u00edtica de Privacidade sem aviso pr\u00e9vio. Deste modo, recomendamos que consulte a nossa Pol\u00edtica de Privacidade com regularidade de forma a estar sempre atualizado atrav\u00e9s do nosso site de Internet ou contactando o EPD.<\/span>\n\t\t\t\t\t\t\t\t\t<\/li>\n\t\t\t\t\t\t<\/ul>\n\t\t\t\t\t\t<\/div>\n\t\t\t\t<\/div>\n\t\t\t\t<div class=\"elementor-element elementor-element-86254a0 elementor-widget elementor-widget-heading\" data-id=\"86254a0\" data-element_type=\"widget\" data-widget_type=\"heading.default\">\n\t\t\t\t<div class=\"elementor-widget-container\">\n\t\t\t\t\t<h4 class=\"elementor-heading-title elementor-size-default\">3. Os an\u00fancios de divulga\u00e7\u00e3o das nossas ativdades<\/h4>\t\t\t\t<\/div>\n\t\t\t\t<\/div>\n\t\t\t\t<div class=\"elementor-element elementor-element-fec19f1 elementor-widget elementor-widget-text-editor\" data-id=\"fec19f1\" data-element_type=\"widget\" data-widget_type=\"text-editor.default\">\n\t\t\t\t<div class=\"elementor-widget-container\">\n\t\t\t\t\t\t\t\t\t<p>Tal como outros websites, coletamos e utilizamos informa\u00e7\u00e3o contida nos an\u00fancios. A informa\u00e7\u00e3o contida nos an\u00fancios, inclui o seu endere\u00e7o IP (Internet Protocol), o seu ISP (Internet Service Provider), o browser que utilizou ao visitar o nosso website (como o Internet Explorer ou o Firefox), o tempo da sua visita e que p\u00e1ginas visitou dentro do nosso website.<\/p>\t\t\t\t\t\t\t\t<\/div>\n\t\t\t\t<\/div>\n\t\t\t\t<div class=\"elementor-element elementor-element-d5ef131 elementor-widget elementor-widget-heading\" data-id=\"d5ef131\" data-element_type=\"widget\" data-widget_type=\"heading.default\">\n\t\t\t\t<div class=\"elementor-widget-container\">\n\t\t\t\t\t<h4 class=\"elementor-heading-title elementor-size-default\">4. Candidaturas a emprego<\/h4>\t\t\t\t<\/div>\n\t\t\t\t<\/div>\n\t\t\t\t<div class=\"elementor-element elementor-element-831796e elementor-widget elementor-widget-text-editor\" data-id=\"831796e\" data-element_type=\"widget\" data-widget_type=\"text-editor.default\">\n\t\t\t\t<div class=\"elementor-widget-container\">\n\t\t\t\t\t\t\t\t\t<p><strong>4.1 Acesso e registo de dados pessoais<\/strong><\/p><p>No caso dos\/as candidato\/as que respondem a an\u00fancios de ofertas de emprego (n\u00e3o aplic\u00e1vel \u00e0 integra\u00e7\u00e3o nas Bolsas de Formadores da Conclus\u00e3o) da responsabilidade da Conclus\u00e3o, esta apenas efetua o tratamento dos dados pessoais solicitados nos referidos an\u00fancios para cumprimento da finalidade do processo de recrutamento e sele\u00e7\u00e3o em causa.<\/p><p>A Conclus\u00e3o recebe as candidaturas a emprego via emails disponibilizados nos respetivos an\u00fancios. Quaisquer candidaturas enviadas para outros emails ou em suporte papel s\u00e3o imediatamente destru\u00eddas.<\/p><p>Nota: Em breve, os candidatos ter\u00e3o de submeter as suas candidaturas exclusivamente atrav\u00e9s do site de Internet da Conclus\u00e3o (como j\u00e1 sucede com as candidaturas espont\u00e2neas).<\/p><p>Finalizado cada processo de recrutamento e sele\u00e7\u00e3o, todos os candidatos s\u00e3o notificados atrav\u00e9s do mesmo email para o qual enviaram a sua candidatura quanto aos resultados do mesmo. No caso de candidatos exclu\u00eddos na fase de recrutamento, os mesmos s\u00e3o informados desse facto, sendo-lhes solicitado se desejam e consentem que os seus dados pessoais sejam conservados pelo per\u00edodo de 1 ano para a eventualidade de surgirem outras oportunidades de emprego mais adequado ao seu perfil. Este consentimento abrange a autoriza\u00e7\u00e3o para ser contactado (atrav\u00e9s dos dados pessoais facultados) no \u00e2mbito de processos de recrutamento e sele\u00e7\u00e3o ao qual o candidato n\u00e3o concorreu de sua iniciativa. Poder\u00e1 ser solicitado tamb\u00e9m aos candidatos o consentimento para receberem divulga\u00e7\u00e3o de servi\u00e7os\/atividades da Conclus\u00e3o, sendo esse consentimento independente do anteriormente mencionado.<\/p><p>O descrito no par\u00e1grafo anterior aplica-se aos candidatos que, transitando para fase de sele\u00e7\u00e3o, n\u00e3o s\u00e3o objeto de contrata\u00e7\u00e3o pelo empregador.<\/p><p>A conserva\u00e7\u00e3o dos dados pessoais de todos os candidatos, diz apenas respeito a ficheiros digitais, nomeadamente os documentos solicitados no an\u00fancio original, uma vez que eventuais ficheiros noutro tipo de suporte s\u00e3o sempre destru\u00eddos no final de cada processo de recrutamento e sele\u00e7\u00e3o.<\/p><p>N\u00e3o existe, pois, registo de dados pessoais que possam criar ficheiros com vista a um tratamento posterior desses dados para finalidades que n\u00e3o as relacionadas com o processo de recrutamento e sele\u00e7\u00e3o original, exceto o tratamento estat\u00edstico (ver par\u00e1grafo seguinte).<\/p><p>Para fins exclusivamente de tratamento estat\u00edstico, poder\u00e1 a Conclus\u00e3o criar ficheiros que incluam alguns dos dados pessoais (exceto o nome e outros dados que permitam a identifica\u00e7\u00e3o de um individuo, p.e. n\u00famero do documento de identifica\u00e7\u00e3o) dos candidatos, mas sempre de forma a garantir o seu anonimato. Por exemplo, no exerc\u00edcio dos seus leg\u00edtimos interesses, a Conclus\u00e3o pode criar ficheiros que incluam dados pessoais de candidatos que lhe permita quantificar os seguintes aspetos:<\/p><p>\u2013 N.\u00ba total de candidatos\/an\u00fancio;<\/p><p>\u2013 Caracter\u00edsticas relevantes dos candidatos\/an\u00fancio para o tratamento estat\u00edstico: (localiza\u00e7\u00e3o, idade, g\u00e9nero, habilita\u00e7\u00f5es, etc.).<\/p><p>Este tratamento estat\u00edstico \u00e9 relevante para o controlo das atividades da Conclus\u00e3o, assim como para a sua melhoria cont\u00ednua.<\/p><p><strong>4.2 Exerc\u00edcio de Direitos<\/strong><\/p><p>Tendo em conta o referido anteriormente, os candidatos poder\u00e3o exercer, a qualquer momento, os direitos de acesso, retifica\u00e7\u00e3o, limita\u00e7\u00e3o, oposi\u00e7\u00e3o \u00e0 finalidade de marketing e elimina\u00e7\u00e3o dos seus dados pessoais, mediante pedido para os contactos fornecidos no ponto 2.<\/p><p>No caso espec\u00edfico do direto ao acesso, o mesmo estar\u00e1 limitado em fun\u00e7\u00e3o do descrito no ponto 4.1.<\/p><p>Atrav\u00e9s dos mesmos meios (ponto 2) poder\u00e3o, a qualquer momento, os candidatos exercer os direitos previsto no n\u00famero 7 do ponto 2, tendo em conta a limita\u00e7\u00e3o decorrente do exposto no ponto 4.1.<\/p><p><strong>4.3 Candidaturas Espont\u00e2neas<\/strong><\/p><p>As candidaturas espont\u00e2neas s\u00e3o tratadas, no que diz respeito, aos dados pessoais dos candidatos em moldes equivalentes aos descritos nos pontos 4.1. e 4.2. Estas candidaturas s\u00e3o recolhidas exclusivamente atrav\u00e9s do site de Internet da Conclus\u00e3o (separador \u201cCarreiras\u201d). O tratamento efetuado dos dados pessoais recolhidos \u00e9 equivalente ao que se descreve adiante no ponto 4.4 mas limitado aos dados recolhidos para este efeito: nome, email, n.\u00ba de contacto m\u00f3vel (n\u00e3o obrigat\u00f3rio) e curriculum vitae.<\/p><p><strong>4.4 Candidaturas via Website<\/strong><\/p><p>Assim que poss\u00edvel, todas as candidaturas a emprego (incluindo candidaturas espont\u00e2neas) ser\u00e3o recolhidas atrav\u00e9s das p\u00e1ginas de Internet da Conclus\u00e3o e das entidades parceiras. A partir desse momento, ser\u00e3o aplicadas as seguintes medidas quanto \u00e0 recolha e tratamento de dados pessoais.<\/p><p><strong>4.4.1 Tratamento de dados de Car\u00e1ter Pessoal<\/strong><\/p><p>A Conclus\u00e3o d\u00e1 a oportunidade aos candidatos de registarem os seus dados pessoais e profissionais e participar deste modo no processo de recrutamento e sele\u00e7\u00e3o em curso e noutros futuros (se assim o consentirem).<\/p><p>Todos os dados de car\u00e1ter pessoal que os candidatos facultem atrav\u00e9s deste Portal far\u00e3o parte de um ficheiro automatizado de car\u00e1ter pessoal do qual a Conclus\u00e3o \u00e9 respons\u00e1vel.<\/p><p>Os referidos dados pessoais ser\u00e3o objeto de tratamento automatizado, ficando deste modo registado nos ecr\u00e3s Web os dados facultados para a produ\u00e7\u00e3o do curriculum vitae dos candidatos. Para efeitos de avalia\u00e7\u00e3o dos curr\u00edculos, podem ser efetuados pela Conclus\u00e3o opera\u00e7\u00f5es de defini\u00e7\u00e3o de perfis, dentro dos limites impostos pela legisla\u00e7\u00e3o aplic\u00e1vel.<\/p><p>A informa\u00e7\u00e3o disponibilizada pelos candidatos ter\u00e1 como finalidade a gest\u00e3o de candidaturas e processos de sele\u00e7\u00e3o. Adicionalmente, e mediante consentimento espec\u00edfico para o efeito, poder\u00e3o os dados dos candidatos ser utilizados para efeitos de envio de comunica\u00e7\u00f5es de marketing da Conclus\u00e3o e das entidades parceiras.<\/p><p>Os dados pessoais poder\u00e3o ser comunicados a terceiros, nomeadamente os empregadores respons\u00e1veis pelo an\u00fancio original.<\/p><p>Os dados pessoais recolhidos ser\u00e3o conservados apenas durante o per\u00edodo que for necess\u00e1rio \u00e0 finalidade para o qual s\u00e3o recolhidos. Para as finalidades aqui descritas, ser\u00e3o conservados at\u00e9 um ano ap\u00f3s o seu registo.<\/p><p><strong>4.4.2 Exerc\u00edcio Direitos<\/strong><\/p><p>Os candidatos poder\u00e3o exercer, a qualquer momento, os direitos previstos no n\u00famero 7 do ponto 2, atrav\u00e9s dos contactos fornecidos no ponto 2.<\/p>\t\t\t\t\t\t\t\t<\/div>\n\t\t\t\t<\/div>\n\t\t\t\t<div class=\"elementor-element elementor-element-c346fc4 elementor-widget elementor-widget-heading\" data-id=\"c346fc4\" data-element_type=\"widget\" data-widget_type=\"heading.default\">\n\t\t\t\t<div class=\"elementor-widget-container\">\n\t\t\t\t\t<h4 class=\"elementor-heading-title elementor-size-default\">5. Pol\u00edtica de Cookies<\/h4>\t\t\t\t<\/div>\n\t\t\t\t<\/div>\n\t\t\t\t<div class=\"elementor-element elementor-element-64b7329 elementor-widget elementor-widget-text-editor\" data-id=\"64b7329\" data-element_type=\"widget\" data-widget_type=\"text-editor.default\">\n\t\t\t\t<div class=\"elementor-widget-container\">\n\t\t\t\t\t\t\t\t\t<p>O cookie \u00e9 um pequeno ficheiro de texto que, embora n\u00e3o recolhendo informa\u00e7\u00f5es pessoais que permitam identificar o utilizador, guardam sobre este, no dispositivo de acesso, informa\u00e7\u00f5es gen\u00e9ricas que lhe permitem uma posterior utiliza\u00e7\u00e3o dos sites de forma mais r\u00e1pida e eficiente.<\/p><p>Os cookies t\u00eam fun\u00e7\u00f5es espec\u00edficas, podendo durar a sess\u00e3o do utilizador ou prolongar-se ap\u00f3s o seu fecho, de forma persistente, conforme a fun\u00e7\u00e3o a que se destinem.<\/p>\t\t\t\t\t\t\t\t<\/div>\n\t\t\t\t<\/div>\n\t\t\t\t<div class=\"elementor-element elementor-element-017b950 elementor-widget elementor-widget-heading\" data-id=\"017b950\" data-element_type=\"widget\" data-widget_type=\"heading.default\">\n\t\t\t\t<div class=\"elementor-widget-container\">\n\t\t\t\t\t<h5 class=\"elementor-heading-title elementor-size-default\">Tipo de Cookies<\/h5>\t\t\t\t<\/div>\n\t\t\t\t<\/div>\n\t\t\t\t<div class=\"elementor-element elementor-element-3108fbe elementor-widget elementor-widget-text-editor\" data-id=\"3108fbe\" data-element_type=\"widget\" data-widget_type=\"text-editor.default\">\n\t\t\t\t<div class=\"elementor-widget-container\">\n\t\t\t\t\t\t\t\t\t<p><strong>Os cookies podem ser:<\/strong><\/p><ul><li>Necess\u00e1rios \u2013 geralmente ativos apenas durante a sess\u00e3o do utilizador, permitindo identific\u00e1-lo, s\u00e3o essenciais ao funcionamento dos servi\u00e7os disponibilizados nos sites;<\/li><li>De performance \u2013 ativos durante a sess\u00e3o do utilizador, ou de forma persistente, com o fim de melhorar o desempenho do site, atrav\u00e9s de an\u00e1lise da forma como os utilizadores o usam;<\/li><li>Funcionais \u2013 ativos durante a sess\u00e3o do utilizador, ou de forma persistente, com o fim de permitir ao utilizador uma navega\u00e7\u00e3o mais eficiente e individualizada; e<\/li><li>De publicidade \u2013 ativos de forma persistente mas por per\u00edodo limitado, com o fim de recolherem informa\u00e7\u00e3o do utilizador sobre h\u00e1bitos de navega\u00e7\u00e3o na internet de modo a que a publicidade visualizada por aquele corresponda \u00e0s suas necessidades e interesses.<\/li><\/ul><p><strong>Desativa\u00e7\u00e3o dos cookies<\/strong><\/p><p>Todos os browsers permitem ao utilizador aceitar, recusar ou apagar cookies, nomeadamente atrav\u00e9s da sele\u00e7\u00e3o das defini\u00e7\u00f5es apropriadas no respetivo navegador, pelo que o utilizador pode, a qualquer momento, desativar parcial ou totalmente os cookies utilizados nos sites da Conclus\u00e3o.<\/p><p>Para obter mais informa\u00e7\u00f5es consulte as instru\u00e7\u00f5es e manuais do pr\u00f3prio navegador.<\/p><p>Sobre cookies e a respetiva utiliza\u00e7\u00e3o consulte os seguintes links:<\/p><p><a href=\"http:\/\/www.microsoft.com\/info\/cookies.mspx\" target=\"_blank\" rel=\"noopener\">Microsoft Cookies guide<\/a><br \/><a href=\"http:\/\/www.allaboutcookies.org\/\" target=\"_blank\" rel=\"noopener\">All About Cookies<\/a><\/p>\t\t\t\t\t\t\t\t<\/div>\n\t\t\t\t<\/div>\n\t\t\t\t<div class=\"elementor-element elementor-element-1e9e55d elementor-widget elementor-widget-heading\" data-id=\"1e9e55d\" data-element_type=\"widget\" data-widget_type=\"heading.default\">\n\t\t\t\t<div class=\"elementor-widget-container\">\n\t\t\t\t\t<h4 class=\"elementor-heading-title elementor-size-default\">6. Entidade de Resolu\u00e7\u00e3o Alternativa de Consumo (RAL)<\/h4>\t\t\t\t<\/div>\n\t\t\t\t<\/div>\n\t\t\t\t<div class=\"elementor-element elementor-element-9d1e17c elementor-widget elementor-widget-text-editor\" data-id=\"9d1e17c\" data-element_type=\"widget\" data-widget_type=\"text-editor.default\">\n\t\t\t\t<div class=\"elementor-widget-container\">\n\t\t\t\t\t\t\t\t\t<p>Em caso de lit\u00edgio, o foro competente ser\u00e1 o da Comarca em que se encontra situada a nossa sede, dispon\u00edvel em www.centrodearbitragemdecoimbra.com conforme estipulado na Lei 144-2015 de 8 de Setembro de 2015<\/p>\t\t\t\t\t\t\t\t<\/div>\n\t\t\t\t<\/div>\n\t\t\t\t\t<\/div>\n\t\t<\/div>\n\t\t\t\t\t<\/div>\n\t\t<\/section>\n\t\t\t\t<\/div>\n\t\t","protected":false},"excerpt":{"rendered":"<p>Pol\u00edtica de Privacidade A garantia da confidencialidade dos dados pessoais dos utilizadores dos nossos servi\u00e7os e plataformas (incluindo os sites de Internet) \u00e9 importante para a Conclus\u00e3o \u2013 Estudos e Forma\u00e7\u00e3o, Lda (Conclus\u00e3o). Todas as suas informa\u00e7\u00f5es pessoais recolhidas, ser\u00e3o usadas para o ajudar a tornar a sua rela\u00e7\u00e3o connosco o mais produtiva e agrad\u00e1vel &hellip;<\/p>\n<p class=\"read-more\"> <a class=\"\" href=\"https:\/\/conclusao.pt\/portal\/politica-de-privacidade\/\"> <span class=\"screen-reader-text\">Pol\u00edtica de Privacidade<\/span> Read More &raquo;<\/a><\/p>\n","protected":false},"author":1,"featured_media":0,"parent":0,"menu_order":0,"comment_status":"closed","ping_status":"open","template":"","meta":{"om_disable_all_campaigns":false,"_uag_custom_page_level_css":"","sfsi_plus_gutenberg_text_before_share":"","sfsi_plus_gutenberg_show_text_before_share":"","sfsi_plus_gutenberg_icon_type":"","sfsi_plus_gutenberg_icon_alignemt":"","sfsi_plus_gutenburg_max_per_row":"","site-sidebar-layout":"no-sidebar","site-content-layout":"page-builder","ast-global-header-display":"","ast-banner-title-visibility":"","ast-main-header-display":"","ast-hfb-above-header-display":"","ast-hfb-below-header-display":"","ast-hfb-mobile-header-display":"","site-post-title":"disabled","ast-breadcrumbs-content":"","ast-featured-img":"disabled","footer-sml-layout":"","theme-transparent-header-meta":"","adv-header-id-meta":"","stick-header-meta":"","header-above-stick-meta":"","header-main-stick-meta":"","header-below-stick-meta":"","_joinchat":[],"footnotes":""},"class_list":["post-3","page","type-page","status-publish","hentry"],"yoast_head":"<!-- This site is optimized with the Yoast SEO plugin v26.5 - https:\/\/yoast.com\/wordpress\/plugins\/seo\/ -->\n<title>Pol\u00edtica de Privacidade - Conclus\u00e3o - Estudos e Forma\u00e7\u00e3o<\/title>\n<meta name=\"robots\" content=\"index, follow, max-snippet:-1, max-image-preview:large, max-video-preview:-1\" \/>\n<link rel=\"canonical\" href=\"https:\/\/conclusao.pt\/portal\/politica-de-privacidade\/\" \/>\n<meta property=\"og:locale\" content=\"pt_PT\" \/>\n<meta property=\"og:type\" content=\"article\" \/>\n<meta property=\"og:title\" content=\"Pol\u00edtica de Privacidade - Conclus\u00e3o - Estudos e Forma\u00e7\u00e3o\" \/>\n<meta property=\"og:description\" content=\"Pol\u00edtica de Privacidade A garantia da confidencialidade dos dados pessoais dos utilizadores dos nossos servi\u00e7os e plataformas (incluindo os sites de Internet) \u00e9 importante para a Conclus\u00e3o \u2013 Estudos e Forma\u00e7\u00e3o, Lda (Conclus\u00e3o). Todas as suas informa\u00e7\u00f5es pessoais recolhidas, ser\u00e3o usadas para o ajudar a tornar a sua rela\u00e7\u00e3o connosco o mais produtiva e agrad\u00e1vel &hellip; Pol\u00edtica de Privacidade Read More &raquo;\" \/>\n<meta property=\"og:url\" content=\"https:\/\/conclusao.pt\/portal\/politica-de-privacidade\/\" \/>\n<meta property=\"og:site_name\" content=\"Conclus\u00e3o - Estudos e Forma\u00e7\u00e3o\" \/>\n<meta property=\"article:publisher\" content=\"https:\/\/www.facebook.com\/conclusaoformacao\/\" \/>\n<meta property=\"article:modified_time\" content=\"2023-09-25T11:01:27+00:00\" \/>\n<meta name=\"twitter:card\" content=\"summary_large_image\" \/>\n<meta name=\"twitter:label1\" content=\"Tempo estimado de leitura\" \/>\n\t<meta name=\"twitter:data1\" content=\"13 minutos\" \/>\n<script type=\"application\/ld+json\" class=\"yoast-schema-graph\">{\"@context\":\"https:\/\/schema.org\",\"@graph\":[{\"@type\":\"WebPage\",\"@id\":\"https:\/\/conclusao.pt\/portal\/politica-de-privacidade\/\",\"url\":\"https:\/\/conclusao.pt\/portal\/politica-de-privacidade\/\",\"name\":\"Pol\u00edtica de Privacidade - Conclus\u00e3o - Estudos e Forma\u00e7\u00e3o\",\"isPartOf\":{\"@id\":\"https:\/\/conclusao.pt\/portal\/#website\"},\"datePublished\":\"2022-09-21T21:16:34+00:00\",\"dateModified\":\"2023-09-25T11:01:27+00:00\",\"breadcrumb\":{\"@id\":\"https:\/\/conclusao.pt\/portal\/politica-de-privacidade\/#breadcrumb\"},\"inLanguage\":\"pt-PT\",\"potentialAction\":[{\"@type\":\"ReadAction\",\"target\":[\"https:\/\/conclusao.pt\/portal\/politica-de-privacidade\/\"]}]},{\"@type\":\"BreadcrumbList\",\"@id\":\"https:\/\/conclusao.pt\/portal\/politica-de-privacidade\/#breadcrumb\",\"itemListElement\":[{\"@type\":\"ListItem\",\"position\":1,\"name\":\"In\u00edcio\",\"item\":\"https:\/\/conclusao.pt\/portal\/\"},{\"@type\":\"ListItem\",\"position\":2,\"name\":\"Pol\u00edtica de Privacidade\"}]},{\"@type\":\"WebSite\",\"@id\":\"https:\/\/conclusao.pt\/portal\/#website\",\"url\":\"https:\/\/conclusao.pt\/portal\/\",\"name\":\"Conclus\u00e3o - Estudos e Forma\u00e7\u00e3o\",\"description\":\"A Conclus\u00e3o \u2013 Estudos e Forma\u00e7\u00e3o, Lda \u00e9 uma empresa que iniciou a sua atividade em 1987, tendo ao longo dos anos especializado na promo\u00e7\u00e3o de cursos de forma\u00e7\u00e3o profissional, na elabora\u00e7\u00e3o estudos e projetos e no desenvolvimento de atividades de consultoria empresarial.\",\"publisher\":{\"@id\":\"https:\/\/conclusao.pt\/portal\/#organization\"},\"potentialAction\":[{\"@type\":\"SearchAction\",\"target\":{\"@type\":\"EntryPoint\",\"urlTemplate\":\"https:\/\/conclusao.pt\/portal\/?s={search_term_string}\"},\"query-input\":{\"@type\":\"PropertyValueSpecification\",\"valueRequired\":true,\"valueName\":\"search_term_string\"}}],\"inLanguage\":\"pt-PT\"},{\"@type\":\"Organization\",\"@id\":\"https:\/\/conclusao.pt\/portal\/#organization\",\"name\":\"Conclus\u00e3o - Estudos e Forma\u00e7\u00e3o\",\"url\":\"https:\/\/conclusao.pt\/portal\/\",\"logo\":{\"@type\":\"ImageObject\",\"inLanguage\":\"pt-PT\",\"@id\":\"https:\/\/conclusao.pt\/portal\/#\/schema\/logo\/image\/\",\"url\":\"https:\/\/conclusao.pt\/portal\/wp-content\/uploads\/2023\/09\/cropped-logotipo.png\",\"contentUrl\":\"https:\/\/conclusao.pt\/portal\/wp-content\/uploads\/2023\/09\/cropped-logotipo.png\",\"width\":200,\"height\":65,\"caption\":\"Conclus\u00e3o - Estudos e Forma\u00e7\u00e3o\"},\"image\":{\"@id\":\"https:\/\/conclusao.pt\/portal\/#\/schema\/logo\/image\/\"},\"sameAs\":[\"https:\/\/www.facebook.com\/conclusaoformacao\/\",\"https:\/\/www.instagram.com\/conclusaolda\/\",\"https:\/\/www.linkedin.com\/company\/conclusao\/\"]}]}<\/script>\n<!-- \/ Yoast SEO plugin. -->","yoast_head_json":{"title":"Pol\u00edtica de Privacidade - Conclus\u00e3o - Estudos e Forma\u00e7\u00e3o","robots":{"index":"index","follow":"follow","max-snippet":"max-snippet:-1","max-image-preview":"max-image-preview:large","max-video-preview":"max-video-preview:-1"},"canonical":"https:\/\/conclusao.pt\/portal\/politica-de-privacidade\/","og_locale":"pt_PT","og_type":"article","og_title":"Pol\u00edtica de Privacidade - Conclus\u00e3o - Estudos e Forma\u00e7\u00e3o","og_description":"Pol\u00edtica de Privacidade A garantia da confidencialidade dos dados pessoais dos utilizadores dos nossos servi\u00e7os e plataformas (incluindo os sites de Internet) \u00e9 importante para a Conclus\u00e3o \u2013 Estudos e Forma\u00e7\u00e3o, Lda (Conclus\u00e3o). Todas as suas informa\u00e7\u00f5es pessoais recolhidas, ser\u00e3o usadas para o ajudar a tornar a sua rela\u00e7\u00e3o connosco o mais produtiva e agrad\u00e1vel &hellip; Pol\u00edtica de Privacidade Read More &raquo;","og_url":"https:\/\/conclusao.pt\/portal\/politica-de-privacidade\/","og_site_name":"Conclus\u00e3o - Estudos e Forma\u00e7\u00e3o","article_publisher":"https:\/\/www.facebook.com\/conclusaoformacao\/","article_modified_time":"2023-09-25T11:01:27+00:00","twitter_card":"summary_large_image","twitter_misc":{"Tempo estimado de leitura":"13 minutos"},"schema":{"@context":"https:\/\/schema.org","@graph":[{"@type":"WebPage","@id":"https:\/\/conclusao.pt\/portal\/politica-de-privacidade\/","url":"https:\/\/conclusao.pt\/portal\/politica-de-privacidade\/","name":"Pol\u00edtica de Privacidade - Conclus\u00e3o - Estudos e Forma\u00e7\u00e3o","isPartOf":{"@id":"https:\/\/conclusao.pt\/portal\/#website"},"datePublished":"2022-09-21T21:16:34+00:00","dateModified":"2023-09-25T11:01:27+00:00","breadcrumb":{"@id":"https:\/\/conclusao.pt\/portal\/politica-de-privacidade\/#breadcrumb"},"inLanguage":"pt-PT","potentialAction":[{"@type":"ReadAction","target":["https:\/\/conclusao.pt\/portal\/politica-de-privacidade\/"]}]},{"@type":"BreadcrumbList","@id":"https:\/\/conclusao.pt\/portal\/politica-de-privacidade\/#breadcrumb","itemListElement":[{"@type":"ListItem","position":1,"name":"In\u00edcio","item":"https:\/\/conclusao.pt\/portal\/"},{"@type":"ListItem","position":2,"name":"Pol\u00edtica de Privacidade"}]},{"@type":"WebSite","@id":"https:\/\/conclusao.pt\/portal\/#website","url":"https:\/\/conclusao.pt\/portal\/","name":"Conclus\u00e3o - Estudos e Forma\u00e7\u00e3o","description":"A Conclus\u00e3o \u2013 Estudos e Forma\u00e7\u00e3o, Lda \u00e9 uma empresa que iniciou a sua atividade em 1987, tendo ao longo dos anos especializado na promo\u00e7\u00e3o de cursos de forma\u00e7\u00e3o profissional, na elabora\u00e7\u00e3o estudos e projetos e no desenvolvimento de atividades de consultoria empresarial.","publisher":{"@id":"https:\/\/conclusao.pt\/portal\/#organization"},"potentialAction":[{"@type":"SearchAction","target":{"@type":"EntryPoint","urlTemplate":"https:\/\/conclusao.pt\/portal\/?s={search_term_string}"},"query-input":{"@type":"PropertyValueSpecification","valueRequired":true,"valueName":"search_term_string"}}],"inLanguage":"pt-PT"},{"@type":"Organization","@id":"https:\/\/conclusao.pt\/portal\/#organization","name":"Conclus\u00e3o - Estudos e Forma\u00e7\u00e3o","url":"https:\/\/conclusao.pt\/portal\/","logo":{"@type":"ImageObject","inLanguage":"pt-PT","@id":"https:\/\/conclusao.pt\/portal\/#\/schema\/logo\/image\/","url":"https:\/\/conclusao.pt\/portal\/wp-content\/uploads\/2023\/09\/cropped-logotipo.png","contentUrl":"https:\/\/conclusao.pt\/portal\/wp-content\/uploads\/2023\/09\/cropped-logotipo.png","width":200,"height":65,"caption":"Conclus\u00e3o - Estudos e Forma\u00e7\u00e3o"},"image":{"@id":"https:\/\/conclusao.pt\/portal\/#\/schema\/logo\/image\/"},"sameAs":["https:\/\/www.facebook.com\/conclusaoformacao\/","https:\/\/www.instagram.com\/conclusaolda\/","https:\/\/www.linkedin.com\/company\/conclusao\/"]}]}},"uagb_featured_image_src":{"full":false,"thumbnail":false,"medium":false,"medium_large":false,"large":false,"1536x1536":false,"2048x2048":false,"woocommerce_thumbnail":false,"woocommerce_single":false,"woocommerce_gallery_thumbnail":false},"uagb_author_info":{"display_name":"Karma Design","author_link":"https:\/\/conclusao.pt\/portal\/author\/karma-design\/"},"uagb_comment_info":0,"uagb_excerpt":"Pol\u00edtica de Privacidade A garantia da confidencialidade dos dados pessoais dos utilizadores dos nossos servi\u00e7os e plataformas (incluindo os sites de Internet) \u00e9 importante para a Conclus\u00e3o \u2013 Estudos e Forma\u00e7\u00e3o, Lda (Conclus\u00e3o). Todas as suas informa\u00e7\u00f5es pessoais recolhidas, ser\u00e3o usadas para o ajudar a tornar a sua rela\u00e7\u00e3o connosco o mais produtiva e agrad\u00e1vel&hellip;","_links":{"self":[{"href":"https:\/\/conclusao.pt\/portal\/wp-json\/wp\/v2\/pages\/3","targetHints":{"allow":["GET"]}}],"collection":[{"href":"https:\/\/conclusao.pt\/portal\/wp-json\/wp\/v2\/pages"}],"about":[{"href":"https:\/\/conclusao.pt\/portal\/wp-json\/wp\/v2\/types\/page"}],"author":[{"embeddable":true,"href":"https:\/\/conclusao.pt\/portal\/wp-json\/wp\/v2\/users\/1"}],"replies":[{"embeddable":true,"href":"https:\/\/conclusao.pt\/portal\/wp-json\/wp\/v2\/comments?post=3"}],"version-history":[{"count":18,"href":"https:\/\/conclusao.pt\/portal\/wp-json\/wp\/v2\/pages\/3\/revisions"}],"predecessor-version":[{"id":19719,"href":"https:\/\/conclusao.pt\/portal\/wp-json\/wp\/v2\/pages\/3\/revisions\/19719"}],"wp:attachment":[{"href":"https:\/\/conclusao.pt\/portal\/wp-json\/wp\/v2\/media?parent=3"}],"curies":[{"name":"wp","href":"https:\/\/api.w.org\/{rel}","templated":true}]}}