{"id":1935,"date":"2022-10-31T11:05:09","date_gmt":"2022-10-31T11:05:09","guid":{"rendered":"https:\/\/edkid.lojas-online.pt\/?page_id=1935"},"modified":"2024-10-03T21:52:30","modified_gmt":"2024-10-03T21:52:30","slug":"enquadramento-na-organizacao-empresa","status":"publish","type":"page","link":"https:\/\/conclusao.pt\/portal\/formacao\/enquadramento-na-organizacao-empresa\/","title":{"rendered":"Enquadramento na Organiza\u00e7\u00e3o\/Empresa"},"content":{"rendered":"\t\t<div data-elementor-type=\"wp-page\" data-elementor-id=\"1935\" class=\"elementor elementor-1935\">\n\t\t\t\t\t\t<section class=\"elementor-section elementor-top-section elementor-element elementor-element-daa2ba6 elementor-section-boxed elementor-section-height-default elementor-section-height-default\" data-id=\"daa2ba6\" data-element_type=\"section\" data-settings=\"{&quot;background_background&quot;:&quot;classic&quot;}\">\n\t\t\t\t\t\t<div class=\"elementor-container elementor-column-gap-no\">\n\t\t\t\t\t<div class=\"elementor-column elementor-col-100 elementor-top-column elementor-element elementor-element-34d31e7\" data-id=\"34d31e7\" data-element_type=\"column\">\n\t\t\t<div class=\"elementor-widget-wrap elementor-element-populated\">\n\t\t\t\t\t\t<div class=\"elementor-element elementor-element-9483242 elementor-widget elementor-widget-heading\" data-id=\"9483242\" data-element_type=\"widget\" data-widget_type=\"heading.default\">\n\t\t\t\t<div class=\"elementor-widget-container\">\n\t\t\t\t\t<h2 class=\"elementor-heading-title elementor-size-default\">Enquadramento na Organiza\u00e7\u00e3o\/Empresa<\/h2>\t\t\t\t<\/div>\n\t\t\t\t<\/div>\n\t\t\t\t\t<\/div>\n\t\t<\/div>\n\t\t\t\t\t<\/div>\n\t\t<\/section>\n\t\t\t\t<section class=\"elementor-section elementor-top-section elementor-element elementor-element-d937227 elementor-section-boxed elementor-section-height-default elementor-section-height-default\" data-id=\"d937227\" data-element_type=\"section\">\n\t\t\t\t\t\t<div class=\"elementor-container elementor-column-gap-default\">\n\t\t\t\t\t<div class=\"elementor-column elementor-col-100 elementor-top-column elementor-element elementor-element-cd5651a\" data-id=\"cd5651a\" data-element_type=\"column\" data-settings=\"{&quot;background_background&quot;:&quot;classic&quot;}\">\n\t\t\t<div class=\"elementor-widget-wrap elementor-element-populated\">\n\t\t\t\t\t\t<div class=\"elementor-element elementor-element-b144b70 elementor-widget elementor-widget-image\" data-id=\"b144b70\" data-element_type=\"widget\" data-widget_type=\"image.default\">\n\t\t\t\t<div class=\"elementor-widget-container\">\n\t\t\t\t\t\t\t\t\t\t\t\t\t\t\t<img decoding=\"async\" src=\"https:\/\/conclusao.pt\/portal\/wp-content\/uploads\/2024\/10\/enquadramento-na-organizacao-empresa-banner.jpg\" title=\"enquadramento-na-organizacao-empresa-banner\" alt=\"enquadramento-na-organizacao-empresa-banner\" loading=\"lazy\" \/>\t\t\t\t\t\t\t\t\t\t\t\t\t\t\t<\/div>\n\t\t\t\t<\/div>\n\t\t\t\t<div class=\"elementor-element elementor-element-156064e elementor-widget elementor-widget-ld-course-list\" data-id=\"156064e\" data-element_type=\"widget\" data-widget_type=\"ld-course-list.default\">\n\t\t\t\t<div class=\"elementor-widget-container\">\n\t\t\t\t\t<div id=\"ld-course-list-content-3423b3b8e5758af5c86331a2cd4502e9\" class=\"ld-course-list-content\" data-shortcode-atts=\"{&quot;num&quot;:&quot;12&quot;,&quot;order&quot;:&quot;ASC&quot;,&quot;orderby&quot;:&quot;ID&quot;,&quot;course_grid&quot;:&quot;true&quot;,&quot;progress_bar&quot;:&quot;&quot;,&quot;col&quot;:&quot;3&quot;,&quot;course_cat&quot;:&quot;414&quot;,&quot;course_categoryselector&quot;:&quot;&quot;}\">\n\t\t\t<div class=\"ld-course-list-items row\">\n\t<!-- LearnDash Course Grid v1 --><div class=\"ld_course_grid col-sm-8 col-md-4 \">\n\t<article id=\"post-47558\" class=\" thumbnail course post-47558 sfwd-courses type-sfwd-courses status-publish has-post-thumbnail hentry ld_course_category-enquadramento-na-organizacao-empresa ld_course_tag-12-formacao-de-actualizacao-aperfeicoamento ld_course_tag-3-formacao-a-distancia-e-learning-turma ld_course_tag-auditorias-a-laboratorios\">\n\t\t\t\t\t\t\t\t<div class=\"ribbon free\">\n\t\t\t\tFree\t\t\t<\/div>\n\t\t\t\n\t\t\t\t\t\t<a href=\"https:\/\/conclusao.pt\/portal\/courses\/397-fd-auditorias-a-laboratorios-auditorias-a-laboratorios\/\" rel=\"bookmark\">\n\t\t\t\t<img fetchpriority=\"high\" decoding=\"async\" width=\"300\" height=\"205\" src=\"https:\/\/conclusao.pt\/portal\/wp-content\/uploads\/2024\/11\/1292-3-300x205.jpg\" class=\"attachment-medium size-medium wp-post-image\" alt=\"\" srcset=\"https:\/\/conclusao.pt\/portal\/wp-content\/uploads\/2024\/11\/1292-3-300x205.jpg 300w, https:\/\/conclusao.pt\/portal\/wp-content\/uploads\/2024\/11\/1292-3-768x524.jpg 768w, https:\/\/conclusao.pt\/portal\/wp-content\/uploads\/2024\/11\/1292-3-600x410.jpg 600w, https:\/\/conclusao.pt\/portal\/wp-content\/uploads\/2024\/11\/1292-3.jpg 800w\" sizes=\"(max-width: 300px) 100vw, 300px\" \/>\t\t\t<\/a>\n\t\t\t\t\t\n\t\t\t\t\t<div class=\"caption\">\n\t\t\t\t<h3 class=\"entry-title\">397\/FD Auditorias a Laborat\u00f3rios (Auditorias a Laborat\u00f3rios)<\/h3>\n\t\t\t\t\t\t\t\t<div class=\"ld_course_grid_button\"><a class=\"btn btn-primary\" role=\"button\" href=\"https:\/\/conclusao.pt\/portal\/courses\/397-fd-auditorias-a-laboratorios-auditorias-a-laboratorios\/\" rel=\"bookmark\">Enroll Now<\/a><\/div>\n\t\t\t\t\t\t\t<\/div><!-- .entry-header -->\n\t\t\t<\/article><!-- #post-## -->\n<\/div><!-- .ld_course_grid -->\n<!-- LearnDash Course Grid v1 --><div class=\"ld_course_grid col-sm-8 col-md-4 \">\n\t<article id=\"post-47574\" class=\" thumbnail course post-47574 sfwd-courses type-sfwd-courses status-publish has-post-thumbnail hentry ld_course_category-enquadramento-na-organizacao-empresa ld_course_tag-12-formacao-de-actualizacao-aperfeicoamento ld_course_tag-3-formacao-a-distancia-e-learning-turma ld_course_tag-implementacao-do-sistema-de-gestao-da-qualidade-iso-90012015\">\n\t\t\t\t\t\t\t\t<div class=\"ribbon free\">\n\t\t\t\tFree\t\t\t<\/div>\n\t\t\t\n\t\t\t\t\t\t<a href=\"https:\/\/conclusao.pt\/portal\/courses\/314-fd-implementacao-do-sistema-de-gestao-da-qualidade-iso-90012015-implementacao-do-sistema-de-gestao-da-qualidade-iso-90012015\/\" rel=\"bookmark\">\n\t\t\t\t<img decoding=\"async\" width=\"300\" height=\"205\" src=\"https:\/\/conclusao.pt\/portal\/wp-content\/uploads\/2024\/11\/1883-3-300x205.jpg\" class=\"attachment-medium size-medium wp-post-image\" alt=\"\" srcset=\"https:\/\/conclusao.pt\/portal\/wp-content\/uploads\/2024\/11\/1883-3-300x205.jpg 300w, https:\/\/conclusao.pt\/portal\/wp-content\/uploads\/2024\/11\/1883-3-768x524.jpg 768w, https:\/\/conclusao.pt\/portal\/wp-content\/uploads\/2024\/11\/1883-3-600x410.jpg 600w, https:\/\/conclusao.pt\/portal\/wp-content\/uploads\/2024\/11\/1883-3.jpg 800w\" sizes=\"(max-width: 300px) 100vw, 300px\" \/>\t\t\t<\/a>\n\t\t\t\t\t\n\t\t\t\t\t<div class=\"caption\">\n\t\t\t\t<h3 class=\"entry-title\">314\/FD Implementa\u00e7\u00e3o do Sistema de Gest\u00e3o da Qualidade ISO 9001:2015 (Implementa\u00e7\u00e3o do Sistema de Gest\u00e3o da Qualidade ISO 9001:2015)<\/h3>\n\t\t\t\t\t\t\t\t<div class=\"ld_course_grid_button\"><a class=\"btn btn-primary\" role=\"button\" href=\"https:\/\/conclusao.pt\/portal\/courses\/314-fd-implementacao-do-sistema-de-gestao-da-qualidade-iso-90012015-implementacao-do-sistema-de-gestao-da-qualidade-iso-90012015\/\" rel=\"bookmark\">Enroll Now<\/a><\/div>\n\t\t\t\t\t\t\t<\/div><!-- .entry-header -->\n\t\t\t<\/article><!-- #post-## -->\n<\/div><!-- .ld_course_grid -->\n<!-- LearnDash Course Grid v1 --><div class=\"ld_course_grid col-sm-8 col-md-4 \">\n\t<article id=\"post-47704\" class=\" thumbnail course post-47704 sfwd-courses type-sfwd-courses status-publish has-post-thumbnail hentry ld_course_category-enquadramento-na-organizacao-empresa ld_course_tag-3-formacao-a-distancia-e-learning-turma ld_course_tag-8-outras-accoes-de-formacao-continua-nao-inseridas-no-catalogo-nacional-de-qualificacoes ld_course_tag-e-learning\">\n\t\t\t\t\t\t\t\t<div class=\"ribbon free\">\n\t\t\t\tFree\t\t\t<\/div>\n\t\t\t\n\t\t\t\t\t\t<a href=\"https:\/\/conclusao.pt\/portal\/courses\/470-fd-acreditacao-de-laboratorios-clinicos-pela-norma-np-en-iso-15189-e-learning\/\" rel=\"bookmark\">\n\t\t\t\t<img decoding=\"async\" width=\"300\" height=\"205\" src=\"https:\/\/conclusao.pt\/portal\/wp-content\/uploads\/2024\/11\/2255-3-300x205.jpg\" class=\"attachment-medium size-medium wp-post-image\" alt=\"\" srcset=\"https:\/\/conclusao.pt\/portal\/wp-content\/uploads\/2024\/11\/2255-3-300x205.jpg 300w, https:\/\/conclusao.pt\/portal\/wp-content\/uploads\/2024\/11\/2255-3-768x524.jpg 768w, https:\/\/conclusao.pt\/portal\/wp-content\/uploads\/2024\/11\/2255-3-600x410.jpg 600w, https:\/\/conclusao.pt\/portal\/wp-content\/uploads\/2024\/11\/2255-3.jpg 800w\" sizes=\"(max-width: 300px) 100vw, 300px\" \/>\t\t\t<\/a>\n\t\t\t\t\t\n\t\t\t\t\t<div class=\"caption\">\n\t\t\t\t<h3 class=\"entry-title\">470\/FD &#8211; Acredita\u00e7\u00e3o de Laborat\u00f3rios Cl\u00ednicos pela Norma NP EN ISO 15189 (e-Learning)<\/h3>\n\t\t\t\t\t\t\t\t<div class=\"ld_course_grid_button\"><a class=\"btn btn-primary\" role=\"button\" href=\"https:\/\/conclusao.pt\/portal\/courses\/470-fd-acreditacao-de-laboratorios-clinicos-pela-norma-np-en-iso-15189-e-learning\/\" rel=\"bookmark\">Enroll Now<\/a><\/div>\n\t\t\t\t\t\t\t<\/div><!-- .entry-header -->\n\t\t\t<\/article><!-- #post-## -->\n<\/div><!-- .ld_course_grid -->\n\t<\/div>\n\t\t\t<\/div>\n\t\t\t\t\t\t<\/div>\n\t\t\t\t<\/div>\n\t\t\t\t\t<\/div>\n\t\t<\/div>\n\t\t\t\t\t<\/div>\n\t\t<\/section>\n\t\t\t\t<\/div>\n\t\t","protected":false},"excerpt":{"rendered":"<p>Enquadramento na Organiza\u00e7\u00e3o\/Empresa<\/p>\n","protected":false},"author":1,"featured_media":0,"parent":1357,"menu_order":0,"comment_status":"closed","ping_status":"closed","template":"","meta":{"om_disable_all_campaigns":false,"_uag_custom_page_level_css":"","sfsi_plus_gutenberg_text_before_share":"","sfsi_plus_gutenberg_show_text_before_share":"","sfsi_plus_gutenberg_icon_type":"","sfsi_plus_gutenberg_icon_alignemt":"","sfsi_plus_gutenburg_max_per_row":"","site-sidebar-layout":"no-sidebar","site-content-layout":"page-builder","ast-global-header-display":"","ast-banner-title-visibility":"","ast-main-header-display":"","ast-hfb-above-header-display":"","ast-hfb-below-header-display":"","ast-hfb-mobile-header-display":"","site-post-title":"disabled","ast-breadcrumbs-content":"","ast-featured-img":"disabled","footer-sml-layout":"","theme-transparent-header-meta":"","adv-header-id-meta":"","stick-header-meta":"","header-above-stick-meta":"","header-main-stick-meta":"","header-below-stick-meta":"","_joinchat":[],"footnotes":""},"class_list":["post-1935","page","type-page","status-publish","hentry"],"yoast_head":"<!-- This site is optimized with the Yoast SEO plugin v26.5 - https:\/\/yoast.com\/wordpress\/plugins\/seo\/ -->\n<title>Enquadramento na Organiza\u00e7\u00e3o\/Empresa - Conclus\u00e3o - Estudos e Forma\u00e7\u00e3o<\/title>\n<meta name=\"robots\" content=\"index, follow, max-snippet:-1, max-image-preview:large, max-video-preview:-1\" \/>\n<link rel=\"canonical\" href=\"https:\/\/conclusao.pt\/portal\/formacao\/enquadramento-na-organizacao-empresa\/\" \/>\n<meta property=\"og:locale\" content=\"pt_PT\" \/>\n<meta property=\"og:type\" content=\"article\" \/>\n<meta property=\"og:title\" content=\"Enquadramento na Organiza\u00e7\u00e3o\/Empresa - Conclus\u00e3o - Estudos e Forma\u00e7\u00e3o\" \/>\n<meta property=\"og:description\" content=\"Enquadramento na Organiza\u00e7\u00e3o\/Empresa\" \/>\n<meta property=\"og:url\" content=\"https:\/\/conclusao.pt\/portal\/formacao\/enquadramento-na-organizacao-empresa\/\" \/>\n<meta property=\"og:site_name\" content=\"Conclus\u00e3o - Estudos e Forma\u00e7\u00e3o\" \/>\n<meta property=\"article:publisher\" content=\"https:\/\/www.facebook.com\/conclusaoformacao\/\" \/>\n<meta property=\"article:modified_time\" content=\"2024-10-03T21:52:30+00:00\" \/>\n<meta property=\"og:image\" content=\"https:\/\/devconclusao.lojas-online.pt\/wp-content\/uploads\/2024\/10\/enquadramento-na-organizacao-empresa-banner.jpg\" \/>\n<meta name=\"twitter:card\" content=\"summary_large_image\" \/>\n<script type=\"application\/ld+json\" class=\"yoast-schema-graph\">{\"@context\":\"https:\/\/schema.org\",\"@graph\":[{\"@type\":\"WebPage\",\"@id\":\"https:\/\/conclusao.pt\/portal\/formacao\/enquadramento-na-organizacao-empresa\/\",\"url\":\"https:\/\/conclusao.pt\/portal\/formacao\/enquadramento-na-organizacao-empresa\/\",\"name\":\"Enquadramento na Organiza\u00e7\u00e3o\/Empresa - Conclus\u00e3o - Estudos e Forma\u00e7\u00e3o\",\"isPartOf\":{\"@id\":\"https:\/\/conclusao.pt\/portal\/#website\"},\"primaryImageOfPage\":{\"@id\":\"https:\/\/conclusao.pt\/portal\/formacao\/enquadramento-na-organizacao-empresa\/#primaryimage\"},\"image\":{\"@id\":\"https:\/\/conclusao.pt\/portal\/formacao\/enquadramento-na-organizacao-empresa\/#primaryimage\"},\"thumbnailUrl\":\"https:\/\/devconclusao.lojas-online.pt\/wp-content\/uploads\/2024\/10\/enquadramento-na-organizacao-empresa-banner.jpg\",\"datePublished\":\"2022-10-31T11:05:09+00:00\",\"dateModified\":\"2024-10-03T21:52:30+00:00\",\"breadcrumb\":{\"@id\":\"https:\/\/conclusao.pt\/portal\/formacao\/enquadramento-na-organizacao-empresa\/#breadcrumb\"},\"inLanguage\":\"pt-PT\",\"potentialAction\":[{\"@type\":\"ReadAction\",\"target\":[\"https:\/\/conclusao.pt\/portal\/formacao\/enquadramento-na-organizacao-empresa\/\"]}]},{\"@type\":\"ImageObject\",\"inLanguage\":\"pt-PT\",\"@id\":\"https:\/\/conclusao.pt\/portal\/formacao\/enquadramento-na-organizacao-empresa\/#primaryimage\",\"url\":\"https:\/\/devconclusao.lojas-online.pt\/wp-content\/uploads\/2024\/10\/enquadramento-na-organizacao-empresa-banner.jpg\",\"contentUrl\":\"https:\/\/devconclusao.lojas-online.pt\/wp-content\/uploads\/2024\/10\/enquadramento-na-organizacao-empresa-banner.jpg\"},{\"@type\":\"BreadcrumbList\",\"@id\":\"https:\/\/conclusao.pt\/portal\/formacao\/enquadramento-na-organizacao-empresa\/#breadcrumb\",\"itemListElement\":[{\"@type\":\"ListItem\",\"position\":1,\"name\":\"In\u00edcio\",\"item\":\"https:\/\/conclusao.pt\/portal\/\"},{\"@type\":\"ListItem\",\"position\":2,\"name\":\"Forma\u00e7\u00e3o\",\"item\":\"https:\/\/conclusao.pt\/portal\/formacao\/\"},{\"@type\":\"ListItem\",\"position\":3,\"name\":\"Enquadramento na Organiza\u00e7\u00e3o\/Empresa\"}]},{\"@type\":\"WebSite\",\"@id\":\"https:\/\/conclusao.pt\/portal\/#website\",\"url\":\"https:\/\/conclusao.pt\/portal\/\",\"name\":\"Conclus\u00e3o - Estudos e Forma\u00e7\u00e3o\",\"description\":\"A Conclus\u00e3o \u2013 Estudos e Forma\u00e7\u00e3o, Lda \u00e9 uma empresa que iniciou a sua atividade em 1987, tendo ao longo dos anos especializado na promo\u00e7\u00e3o de cursos de forma\u00e7\u00e3o profissional, na elabora\u00e7\u00e3o estudos e projetos e no desenvolvimento de atividades de consultoria empresarial.\",\"publisher\":{\"@id\":\"https:\/\/conclusao.pt\/portal\/#organization\"},\"potentialAction\":[{\"@type\":\"SearchAction\",\"target\":{\"@type\":\"EntryPoint\",\"urlTemplate\":\"https:\/\/conclusao.pt\/portal\/?s={search_term_string}\"},\"query-input\":{\"@type\":\"PropertyValueSpecification\",\"valueRequired\":true,\"valueName\":\"search_term_string\"}}],\"inLanguage\":\"pt-PT\"},{\"@type\":\"Organization\",\"@id\":\"https:\/\/conclusao.pt\/portal\/#organization\",\"name\":\"Conclus\u00e3o - Estudos e Forma\u00e7\u00e3o\",\"url\":\"https:\/\/conclusao.pt\/portal\/\",\"logo\":{\"@type\":\"ImageObject\",\"inLanguage\":\"pt-PT\",\"@id\":\"https:\/\/conclusao.pt\/portal\/#\/schema\/logo\/image\/\",\"url\":\"https:\/\/conclusao.pt\/portal\/wp-content\/uploads\/2023\/09\/cropped-logotipo.png\",\"contentUrl\":\"https:\/\/conclusao.pt\/portal\/wp-content\/uploads\/2023\/09\/cropped-logotipo.png\",\"width\":200,\"height\":65,\"caption\":\"Conclus\u00e3o - Estudos e Forma\u00e7\u00e3o\"},\"image\":{\"@id\":\"https:\/\/conclusao.pt\/portal\/#\/schema\/logo\/image\/\"},\"sameAs\":[\"https:\/\/www.facebook.com\/conclusaoformacao\/\",\"https:\/\/www.instagram.com\/conclusaolda\/\",\"https:\/\/www.linkedin.com\/company\/conclusao\/\"]}]}<\/script>\n<!-- \/ Yoast SEO plugin. -->","yoast_head_json":{"title":"Enquadramento na Organiza\u00e7\u00e3o\/Empresa - Conclus\u00e3o - Estudos e Forma\u00e7\u00e3o","robots":{"index":"index","follow":"follow","max-snippet":"max-snippet:-1","max-image-preview":"max-image-preview:large","max-video-preview":"max-video-preview:-1"},"canonical":"https:\/\/conclusao.pt\/portal\/formacao\/enquadramento-na-organizacao-empresa\/","og_locale":"pt_PT","og_type":"article","og_title":"Enquadramento na Organiza\u00e7\u00e3o\/Empresa - Conclus\u00e3o - Estudos e Forma\u00e7\u00e3o","og_description":"Enquadramento na Organiza\u00e7\u00e3o\/Empresa","og_url":"https:\/\/conclusao.pt\/portal\/formacao\/enquadramento-na-organizacao-empresa\/","og_site_name":"Conclus\u00e3o - Estudos e Forma\u00e7\u00e3o","article_publisher":"https:\/\/www.facebook.com\/conclusaoformacao\/","article_modified_time":"2024-10-03T21:52:30+00:00","og_image":[{"url":"https:\/\/devconclusao.lojas-online.pt\/wp-content\/uploads\/2024\/10\/enquadramento-na-organizacao-empresa-banner.jpg","type":"","width":"","height":""}],"twitter_card":"summary_large_image","schema":{"@context":"https:\/\/schema.org","@graph":[{"@type":"WebPage","@id":"https:\/\/conclusao.pt\/portal\/formacao\/enquadramento-na-organizacao-empresa\/","url":"https:\/\/conclusao.pt\/portal\/formacao\/enquadramento-na-organizacao-empresa\/","name":"Enquadramento na Organiza\u00e7\u00e3o\/Empresa - Conclus\u00e3o - Estudos e Forma\u00e7\u00e3o","isPartOf":{"@id":"https:\/\/conclusao.pt\/portal\/#website"},"primaryImageOfPage":{"@id":"https:\/\/conclusao.pt\/portal\/formacao\/enquadramento-na-organizacao-empresa\/#primaryimage"},"image":{"@id":"https:\/\/conclusao.pt\/portal\/formacao\/enquadramento-na-organizacao-empresa\/#primaryimage"},"thumbnailUrl":"https:\/\/devconclusao.lojas-online.pt\/wp-content\/uploads\/2024\/10\/enquadramento-na-organizacao-empresa-banner.jpg","datePublished":"2022-10-31T11:05:09+00:00","dateModified":"2024-10-03T21:52:30+00:00","breadcrumb":{"@id":"https:\/\/conclusao.pt\/portal\/formacao\/enquadramento-na-organizacao-empresa\/#breadcrumb"},"inLanguage":"pt-PT","potentialAction":[{"@type":"ReadAction","target":["https:\/\/conclusao.pt\/portal\/formacao\/enquadramento-na-organizacao-empresa\/"]}]},{"@type":"ImageObject","inLanguage":"pt-PT","@id":"https:\/\/conclusao.pt\/portal\/formacao\/enquadramento-na-organizacao-empresa\/#primaryimage","url":"https:\/\/devconclusao.lojas-online.pt\/wp-content\/uploads\/2024\/10\/enquadramento-na-organizacao-empresa-banner.jpg","contentUrl":"https:\/\/devconclusao.lojas-online.pt\/wp-content\/uploads\/2024\/10\/enquadramento-na-organizacao-empresa-banner.jpg"},{"@type":"BreadcrumbList","@id":"https:\/\/conclusao.pt\/portal\/formacao\/enquadramento-na-organizacao-empresa\/#breadcrumb","itemListElement":[{"@type":"ListItem","position":1,"name":"In\u00edcio","item":"https:\/\/conclusao.pt\/portal\/"},{"@type":"ListItem","position":2,"name":"Forma\u00e7\u00e3o","item":"https:\/\/conclusao.pt\/portal\/formacao\/"},{"@type":"ListItem","position":3,"name":"Enquadramento na Organiza\u00e7\u00e3o\/Empresa"}]},{"@type":"WebSite","@id":"https:\/\/conclusao.pt\/portal\/#website","url":"https:\/\/conclusao.pt\/portal\/","name":"Conclus\u00e3o - Estudos e Forma\u00e7\u00e3o","description":"A Conclus\u00e3o \u2013 Estudos e Forma\u00e7\u00e3o, Lda \u00e9 uma empresa que iniciou a sua atividade em 1987, tendo ao longo dos anos especializado na promo\u00e7\u00e3o de cursos de forma\u00e7\u00e3o profissional, na elabora\u00e7\u00e3o estudos e projetos e no desenvolvimento de atividades de consultoria empresarial.","publisher":{"@id":"https:\/\/conclusao.pt\/portal\/#organization"},"potentialAction":[{"@type":"SearchAction","target":{"@type":"EntryPoint","urlTemplate":"https:\/\/conclusao.pt\/portal\/?s={search_term_string}"},"query-input":{"@type":"PropertyValueSpecification","valueRequired":true,"valueName":"search_term_string"}}],"inLanguage":"pt-PT"},{"@type":"Organization","@id":"https:\/\/conclusao.pt\/portal\/#organization","name":"Conclus\u00e3o - Estudos e Forma\u00e7\u00e3o","url":"https:\/\/conclusao.pt\/portal\/","logo":{"@type":"ImageObject","inLanguage":"pt-PT","@id":"https:\/\/conclusao.pt\/portal\/#\/schema\/logo\/image\/","url":"https:\/\/conclusao.pt\/portal\/wp-content\/uploads\/2023\/09\/cropped-logotipo.png","contentUrl":"https:\/\/conclusao.pt\/portal\/wp-content\/uploads\/2023\/09\/cropped-logotipo.png","width":200,"height":65,"caption":"Conclus\u00e3o - Estudos e Forma\u00e7\u00e3o"},"image":{"@id":"https:\/\/conclusao.pt\/portal\/#\/schema\/logo\/image\/"},"sameAs":["https:\/\/www.facebook.com\/conclusaoformacao\/","https:\/\/www.instagram.com\/conclusaolda\/","https:\/\/www.linkedin.com\/company\/conclusao\/"]}]}},"uagb_featured_image_src":{"full":false,"thumbnail":false,"medium":false,"medium_large":false,"large":false,"1536x1536":false,"2048x2048":false,"woocommerce_thumbnail":false,"woocommerce_single":false,"woocommerce_gallery_thumbnail":false},"uagb_author_info":{"display_name":"Karma Design","author_link":"https:\/\/conclusao.pt\/portal\/author\/karma-design\/"},"uagb_comment_info":0,"uagb_excerpt":"Enquadramento na Organiza\u00e7\u00e3o\/Empresa","_links":{"self":[{"href":"https:\/\/conclusao.pt\/portal\/wp-json\/wp\/v2\/pages\/1935","targetHints":{"allow":["GET"]}}],"collection":[{"href":"https:\/\/conclusao.pt\/portal\/wp-json\/wp\/v2\/pages"}],"about":[{"href":"https:\/\/conclusao.pt\/portal\/wp-json\/wp\/v2\/types\/page"}],"author":[{"embeddable":true,"href":"https:\/\/conclusao.pt\/portal\/wp-json\/wp\/v2\/users\/1"}],"replies":[{"embeddable":true,"href":"https:\/\/conclusao.pt\/portal\/wp-json\/wp\/v2\/comments?post=1935"}],"version-history":[{"count":62,"href":"https:\/\/conclusao.pt\/portal\/wp-json\/wp\/v2\/pages\/1935\/revisions"}],"predecessor-version":[{"id":37161,"href":"https:\/\/conclusao.pt\/portal\/wp-json\/wp\/v2\/pages\/1935\/revisions\/37161"}],"up":[{"embeddable":true,"href":"https:\/\/conclusao.pt\/portal\/wp-json\/wp\/v2\/pages\/1357"}],"wp:attachment":[{"href":"https:\/\/conclusao.pt\/portal\/wp-json\/wp\/v2\/media?parent=1935"}],"curies":[{"name":"wp","href":"https:\/\/api.w.org\/{rel}","templated":true}]}}