{"id":19185,"date":"2023-09-22T10:24:58","date_gmt":"2023-09-22T10:24:58","guid":{"rendered":"https:\/\/devconclusao.lojas-online.pt\/?page_id=19185"},"modified":"2023-09-22T10:52:27","modified_gmt":"2023-09-22T10:52:27","slug":"internacionalizacao-consultoria","status":"publish","type":"page","link":"https:\/\/conclusao.pt\/portal\/internacionalizacao-consultoria\/","title":{"rendered":"Internacionaliza\u00e7\u00e3o \u2013 Consultoria"},"content":{"rendered":"\t\t<div data-elementor-type=\"wp-page\" data-elementor-id=\"19185\" class=\"elementor elementor-19185\">\n\t\t\t\t\t\t<section class=\"elementor-section elementor-top-section elementor-element elementor-element-77a23f9 elementor-section-boxed elementor-section-height-default elementor-section-height-default\" data-id=\"77a23f9\" data-element_type=\"section\" data-settings=\"{&quot;background_background&quot;:&quot;classic&quot;}\">\n\t\t\t\t\t\t<div class=\"elementor-container elementor-column-gap-no\">\n\t\t\t\t\t<div class=\"elementor-column elementor-col-100 elementor-top-column elementor-element elementor-element-93ee8c6\" data-id=\"93ee8c6\" data-element_type=\"column\">\n\t\t\t<div class=\"elementor-widget-wrap elementor-element-populated\">\n\t\t\t\t\t\t<div class=\"elementor-element elementor-element-0a5a6fa elementor-widget elementor-widget-heading\" data-id=\"0a5a6fa\" data-element_type=\"widget\" data-widget_type=\"heading.default\">\n\t\t\t\t<div class=\"elementor-widget-container\">\n\t\t\t\t\t<h2 class=\"elementor-heading-title elementor-size-default\">Internacionaliza\u00e7\u00e3o - Consultoria<\/h2>\t\t\t\t<\/div>\n\t\t\t\t<\/div>\n\t\t\t\t\t<\/div>\n\t\t<\/div>\n\t\t\t\t\t<\/div>\n\t\t<\/section>\n\t\t\t\t<section class=\"elementor-section elementor-top-section elementor-element elementor-element-05fb2d3 elementor-section-boxed elementor-section-height-default elementor-section-height-default\" data-id=\"05fb2d3\" data-element_type=\"section\" data-settings=\"{&quot;background_background&quot;:&quot;classic&quot;}\">\n\t\t\t\t\t\t<div class=\"elementor-container elementor-column-gap-default\">\n\t\t\t\t\t<div class=\"elementor-column elementor-col-100 elementor-top-column elementor-element elementor-element-17a8cbd\" data-id=\"17a8cbd\" data-element_type=\"column\">\n\t\t\t<div class=\"elementor-widget-wrap elementor-element-populated\">\n\t\t\t\t\t\t<div class=\"elementor-element elementor-element-64a5cd0 elementor-widget elementor-widget-image\" data-id=\"64a5cd0\" data-element_type=\"widget\" data-widget_type=\"image.default\">\n\t\t\t\t<div class=\"elementor-widget-container\">\n\t\t\t\t\t\t\t\t\t\t\t\t\t\t\t<img decoding=\"async\" src=\"https:\/\/conclusao.pt\/portal\/wp-content\/uploads\/2023\/09\/internacionalizacao.jpg\" title=\"internacionalizacao\" alt=\"internacionalizacao\" loading=\"lazy\" \/>\t\t\t\t\t\t\t\t\t\t\t\t\t\t\t<\/div>\n\t\t\t\t<\/div>\n\t\t\t\t<div class=\"elementor-element elementor-element-4fbca39 elementor-widget elementor-widget-text-editor\" data-id=\"4fbca39\" data-element_type=\"widget\" data-widget_type=\"text-editor.default\">\n\t\t\t\t<div class=\"elementor-widget-container\">\n\t\t\t\t\t\t\t\t\t<p>A Conclus\u00e3o tem como parceiro o Centro de Neg\u00f3cios e Multiservi\u00e7os apresentando como miss\u00e3o a execu\u00e7\u00e3o de servi\u00e7os partilhados EU \u2013 Portugal-Mo\u00e7ambique, que ir\u00e3o potenciar em fun\u00e7\u00e3o de v\u00e1rias atividades, a execu\u00e7\u00e3o de servi\u00e7os , a organiza\u00e7\u00e3o de eventos, encontros bilaterais de voca\u00e7\u00e3o empresarial e tur\u00edstica.<\/p><p>Relativamente aos servi\u00e7os partilhados EU \u2013 Portugal \u2013 Mo\u00e7ambique, \u00e9 estrat\u00e9gia do CNM sediar e alavancar todos os servi\u00e7os comuns de apoio a empresas j\u00e1 existentes no mercado mo\u00e7ambicano, bem como aquelas que se venham no futuro aqui a localizar, em fun\u00e7\u00e3o de investimento estrangeiro.<\/p><p>Para cumprir esta estrat\u00e9gia, s\u00e3o quatro as fases a cumprir:<\/p>\t\t\t\t\t\t\t\t<\/div>\n\t\t\t\t<\/div>\n\t\t\t\t<div class=\"elementor-element elementor-element-af97d2e elementor-widget elementor-widget-heading\" data-id=\"af97d2e\" data-element_type=\"widget\" data-widget_type=\"heading.default\">\n\t\t\t\t<div class=\"elementor-widget-container\">\n\t\t\t\t\t<h4 class=\"elementor-heading-title elementor-size-default\">1\u00aa Fase<\/h4>\t\t\t\t<\/div>\n\t\t\t\t<\/div>\n\t\t\t\t<div class=\"elementor-element elementor-element-e62803e elementor-widget elementor-widget-text-editor\" data-id=\"e62803e\" data-element_type=\"widget\" data-widget_type=\"text-editor.default\">\n\t\t\t\t<div class=\"elementor-widget-container\">\n\t\t\t\t\t\t\t\t\t<p>Realiza\u00e7\u00e3o de conv\u00e9nios e protocolos para desenvolvimento de projetos espec\u00edficos, centro de forma\u00e7\u00e3o e neg\u00f3cios \u2013 projetos digitais e de produ\u00e7\u00e3o, projetos tur\u00edsticos e outros projetos que tragam mais valias s\u00f3cio econ\u00f3micas para o mercado mo\u00e7ambicano.<\/p>\t\t\t\t\t\t\t\t<\/div>\n\t\t\t\t<\/div>\n\t\t\t\t<div class=\"elementor-element elementor-element-660e8b6 elementor-widget elementor-widget-heading\" data-id=\"660e8b6\" data-element_type=\"widget\" data-widget_type=\"heading.default\">\n\t\t\t\t<div class=\"elementor-widget-container\">\n\t\t\t\t\t<h4 class=\"elementor-heading-title elementor-size-default\">2\u00aa Fase<\/h4>\t\t\t\t<\/div>\n\t\t\t\t<\/div>\n\t\t\t\t<div class=\"elementor-element elementor-element-3ad6a9b elementor-widget elementor-widget-text-editor\" data-id=\"3ad6a9b\" data-element_type=\"widget\" data-widget_type=\"text-editor.default\">\n\t\t\t\t<div class=\"elementor-widget-container\">\n\t\t\t\t\t\t\t\t\t<p>Reuni\u00f5es em Portugal com respons\u00e1veis de entidades de desenvolvimento da coopera\u00e7\u00e3o e investimento empresarial (IAPMEI, AICEP e outras entidade de coopera\u00e7\u00e3o Portugal \/ Mo\u00e7ambique).<\/p>\t\t\t\t\t\t\t\t<\/div>\n\t\t\t\t<\/div>\n\t\t\t\t<div class=\"elementor-element elementor-element-3d781b1 elementor-widget elementor-widget-heading\" data-id=\"3d781b1\" data-element_type=\"widget\" data-widget_type=\"heading.default\">\n\t\t\t\t<div class=\"elementor-widget-container\">\n\t\t\t\t\t<h4 class=\"elementor-heading-title elementor-size-default\">3\u00aa Fase<\/h4>\t\t\t\t<\/div>\n\t\t\t\t<\/div>\n\t\t\t\t<div class=\"elementor-element elementor-element-9c7bd76 elementor-widget elementor-widget-text-editor\" data-id=\"9c7bd76\" data-element_type=\"widget\" data-widget_type=\"text-editor.default\">\n\t\t\t\t<div class=\"elementor-widget-container\">\n\t\t\t\t\t\t\t\t\t<p>Implementa\u00e7\u00e3o de outros projetos, que venham a ser definidos e identificados como oportunidades de investimento.<\/p>\t\t\t\t\t\t\t\t<\/div>\n\t\t\t\t<\/div>\n\t\t\t\t<div class=\"elementor-element elementor-element-7827fcd elementor-widget elementor-widget-heading\" data-id=\"7827fcd\" data-element_type=\"widget\" data-widget_type=\"heading.default\">\n\t\t\t\t<div class=\"elementor-widget-container\">\n\t\t\t\t\t<h4 class=\"elementor-heading-title elementor-size-default\">4\u00aa Fase<\/h4>\t\t\t\t<\/div>\n\t\t\t\t<\/div>\n\t\t\t\t<div class=\"elementor-element elementor-element-20c64a1 elementor-widget elementor-widget-text-editor\" data-id=\"20c64a1\" data-element_type=\"widget\" data-widget_type=\"text-editor.default\">\n\t\t\t\t<div class=\"elementor-widget-container\">\n\t\t\t\t\t\t\t\t\t<p>Implementa\u00e7\u00e3o de projetos com envolvimento de parcerias mo\u00e7ambicanas\/portuguesas com forte impacto social e econ\u00f3mico.<\/p><p>A ideia do Centro de Neg\u00f3cios e servi\u00e7os partilhados EU \u2013 Portugal-Mo\u00e7ambique, ir\u00e1 potenciar em fun\u00e7\u00e3o de v\u00e1rias atividades e servi\u00e7os a organiza\u00e7\u00e3o de eventos, encontros bilaterais e alavancar encontros de voca\u00e7\u00e3o empresarial e tur\u00edstica.<\/p>\t\t\t\t\t\t\t\t<\/div>\n\t\t\t\t<\/div>\n\t\t\t\t\t<\/div>\n\t\t<\/div>\n\t\t\t\t\t<\/div>\n\t\t<\/section>\n\t\t\t\t<\/div>\n\t\t","protected":false},"excerpt":{"rendered":"<p>Internacionaliza\u00e7\u00e3o &#8211; Consultoria A Conclus\u00e3o tem como parceiro o Centro de Neg\u00f3cios e Multiservi\u00e7os apresentando como miss\u00e3o a execu\u00e7\u00e3o de servi\u00e7os partilhados EU \u2013 Portugal-Mo\u00e7ambique, que ir\u00e3o potenciar em fun\u00e7\u00e3o de v\u00e1rias atividades, a execu\u00e7\u00e3o de servi\u00e7os , a organiza\u00e7\u00e3o de eventos, encontros bilaterais de voca\u00e7\u00e3o empresarial e tur\u00edstica. Relativamente aos servi\u00e7os partilhados EU \u2013 &hellip;<\/p>\n<p class=\"read-more\"> <a class=\"\" href=\"https:\/\/conclusao.pt\/portal\/internacionalizacao-consultoria\/\"> <span class=\"screen-reader-text\">Internacionaliza\u00e7\u00e3o \u2013 Consultoria<\/span> Read More &raquo;<\/a><\/p>\n","protected":false},"author":1,"featured_media":0,"parent":0,"menu_order":0,"comment_status":"closed","ping_status":"closed","template":"","meta":{"om_disable_all_campaigns":false,"_uag_custom_page_level_css":"","sfsi_plus_gutenberg_text_before_share":"","sfsi_plus_gutenberg_show_text_before_share":"","sfsi_plus_gutenberg_icon_type":"","sfsi_plus_gutenberg_icon_alignemt":"","sfsi_plus_gutenburg_max_per_row":"","site-sidebar-layout":"no-sidebar","site-content-layout":"page-builder","ast-global-header-display":"","ast-banner-title-visibility":"","ast-main-header-display":"","ast-hfb-above-header-display":"","ast-hfb-below-header-display":"","ast-hfb-mobile-header-display":"","site-post-title":"disabled","ast-breadcrumbs-content":"","ast-featured-img":"disabled","footer-sml-layout":"","theme-transparent-header-meta":"","adv-header-id-meta":"","stick-header-meta":"","header-above-stick-meta":"","header-main-stick-meta":"","header-below-stick-meta":"","_joinchat":[],"footnotes":""},"class_list":["post-19185","page","type-page","status-publish","hentry"],"yoast_head":"<!-- This site is optimized with the Yoast SEO plugin v26.5 - https:\/\/yoast.com\/wordpress\/plugins\/seo\/ -->\n<title>Internacionaliza\u00e7\u00e3o \u2013 Consultoria - Conclus\u00e3o - Estudos e Forma\u00e7\u00e3o<\/title>\n<meta name=\"robots\" content=\"index, follow, max-snippet:-1, max-image-preview:large, max-video-preview:-1\" \/>\n<link rel=\"canonical\" href=\"https:\/\/conclusao.pt\/portal\/internacionalizacao-consultoria\/\" \/>\n<meta property=\"og:locale\" content=\"pt_PT\" \/>\n<meta property=\"og:type\" content=\"article\" \/>\n<meta property=\"og:title\" content=\"Internacionaliza\u00e7\u00e3o \u2013 Consultoria - Conclus\u00e3o - Estudos e Forma\u00e7\u00e3o\" \/>\n<meta property=\"og:description\" content=\"Internacionaliza\u00e7\u00e3o &#8211; Consultoria A Conclus\u00e3o tem como parceiro o Centro de Neg\u00f3cios e Multiservi\u00e7os apresentando como miss\u00e3o a execu\u00e7\u00e3o de servi\u00e7os partilhados EU \u2013 Portugal-Mo\u00e7ambique, que ir\u00e3o potenciar em fun\u00e7\u00e3o de v\u00e1rias atividades, a execu\u00e7\u00e3o de servi\u00e7os , a organiza\u00e7\u00e3o de eventos, encontros bilaterais de voca\u00e7\u00e3o empresarial e tur\u00edstica. Relativamente aos servi\u00e7os partilhados EU \u2013 &hellip; Internacionaliza\u00e7\u00e3o \u2013 Consultoria Read More &raquo;\" \/>\n<meta property=\"og:url\" content=\"https:\/\/conclusao.pt\/portal\/internacionalizacao-consultoria\/\" \/>\n<meta property=\"og:site_name\" content=\"Conclus\u00e3o - Estudos e Forma\u00e7\u00e3o\" \/>\n<meta property=\"article:publisher\" content=\"https:\/\/www.facebook.com\/conclusaoformacao\/\" \/>\n<meta property=\"article:modified_time\" content=\"2023-09-22T10:52:27+00:00\" \/>\n<meta property=\"og:image\" content=\"https:\/\/devconclusao.lojas-online.pt\/wp-content\/uploads\/2023\/09\/internacionalizacao.jpg\" \/>\n<meta name=\"twitter:card\" content=\"summary_large_image\" \/>\n<meta name=\"twitter:label1\" content=\"Tempo estimado de leitura\" \/>\n\t<meta name=\"twitter:data1\" content=\"1 minuto\" \/>\n<script type=\"application\/ld+json\" class=\"yoast-schema-graph\">{\"@context\":\"https:\/\/schema.org\",\"@graph\":[{\"@type\":\"WebPage\",\"@id\":\"https:\/\/conclusao.pt\/portal\/internacionalizacao-consultoria\/\",\"url\":\"https:\/\/conclusao.pt\/portal\/internacionalizacao-consultoria\/\",\"name\":\"Internacionaliza\u00e7\u00e3o \u2013 Consultoria - Conclus\u00e3o - Estudos e Forma\u00e7\u00e3o\",\"isPartOf\":{\"@id\":\"https:\/\/conclusao.pt\/portal\/#website\"},\"primaryImageOfPage\":{\"@id\":\"https:\/\/conclusao.pt\/portal\/internacionalizacao-consultoria\/#primaryimage\"},\"image\":{\"@id\":\"https:\/\/conclusao.pt\/portal\/internacionalizacao-consultoria\/#primaryimage\"},\"thumbnailUrl\":\"https:\/\/devconclusao.lojas-online.pt\/wp-content\/uploads\/2023\/09\/internacionalizacao.jpg\",\"datePublished\":\"2023-09-22T10:24:58+00:00\",\"dateModified\":\"2023-09-22T10:52:27+00:00\",\"breadcrumb\":{\"@id\":\"https:\/\/conclusao.pt\/portal\/internacionalizacao-consultoria\/#breadcrumb\"},\"inLanguage\":\"pt-PT\",\"potentialAction\":[{\"@type\":\"ReadAction\",\"target\":[\"https:\/\/conclusao.pt\/portal\/internacionalizacao-consultoria\/\"]}]},{\"@type\":\"ImageObject\",\"inLanguage\":\"pt-PT\",\"@id\":\"https:\/\/conclusao.pt\/portal\/internacionalizacao-consultoria\/#primaryimage\",\"url\":\"https:\/\/devconclusao.lojas-online.pt\/wp-content\/uploads\/2023\/09\/internacionalizacao.jpg\",\"contentUrl\":\"https:\/\/devconclusao.lojas-online.pt\/wp-content\/uploads\/2023\/09\/internacionalizacao.jpg\"},{\"@type\":\"BreadcrumbList\",\"@id\":\"https:\/\/conclusao.pt\/portal\/internacionalizacao-consultoria\/#breadcrumb\",\"itemListElement\":[{\"@type\":\"ListItem\",\"position\":1,\"name\":\"In\u00edcio\",\"item\":\"https:\/\/conclusao.pt\/portal\/\"},{\"@type\":\"ListItem\",\"position\":2,\"name\":\"Internacionaliza\u00e7\u00e3o \u2013 Consultoria\"}]},{\"@type\":\"WebSite\",\"@id\":\"https:\/\/conclusao.pt\/portal\/#website\",\"url\":\"https:\/\/conclusao.pt\/portal\/\",\"name\":\"Conclus\u00e3o - Estudos e Forma\u00e7\u00e3o\",\"description\":\"A Conclus\u00e3o \u2013 Estudos e Forma\u00e7\u00e3o, Lda \u00e9 uma empresa que iniciou a sua atividade em 1987, tendo ao longo dos anos especializado na promo\u00e7\u00e3o de cursos de forma\u00e7\u00e3o profissional, na elabora\u00e7\u00e3o estudos e projetos e no desenvolvimento de atividades de consultoria empresarial.\",\"publisher\":{\"@id\":\"https:\/\/conclusao.pt\/portal\/#organization\"},\"potentialAction\":[{\"@type\":\"SearchAction\",\"target\":{\"@type\":\"EntryPoint\",\"urlTemplate\":\"https:\/\/conclusao.pt\/portal\/?s={search_term_string}\"},\"query-input\":{\"@type\":\"PropertyValueSpecification\",\"valueRequired\":true,\"valueName\":\"search_term_string\"}}],\"inLanguage\":\"pt-PT\"},{\"@type\":\"Organization\",\"@id\":\"https:\/\/conclusao.pt\/portal\/#organization\",\"name\":\"Conclus\u00e3o - Estudos e Forma\u00e7\u00e3o\",\"url\":\"https:\/\/conclusao.pt\/portal\/\",\"logo\":{\"@type\":\"ImageObject\",\"inLanguage\":\"pt-PT\",\"@id\":\"https:\/\/conclusao.pt\/portal\/#\/schema\/logo\/image\/\",\"url\":\"https:\/\/conclusao.pt\/portal\/wp-content\/uploads\/2023\/09\/cropped-logotipo.png\",\"contentUrl\":\"https:\/\/conclusao.pt\/portal\/wp-content\/uploads\/2023\/09\/cropped-logotipo.png\",\"width\":200,\"height\":65,\"caption\":\"Conclus\u00e3o - Estudos e Forma\u00e7\u00e3o\"},\"image\":{\"@id\":\"https:\/\/conclusao.pt\/portal\/#\/schema\/logo\/image\/\"},\"sameAs\":[\"https:\/\/www.facebook.com\/conclusaoformacao\/\",\"https:\/\/www.instagram.com\/conclusaolda\/\",\"https:\/\/www.linkedin.com\/company\/conclusao\/\"]}]}<\/script>\n<!-- \/ Yoast SEO plugin. -->","yoast_head_json":{"title":"Internacionaliza\u00e7\u00e3o \u2013 Consultoria - Conclus\u00e3o - Estudos e Forma\u00e7\u00e3o","robots":{"index":"index","follow":"follow","max-snippet":"max-snippet:-1","max-image-preview":"max-image-preview:large","max-video-preview":"max-video-preview:-1"},"canonical":"https:\/\/conclusao.pt\/portal\/internacionalizacao-consultoria\/","og_locale":"pt_PT","og_type":"article","og_title":"Internacionaliza\u00e7\u00e3o \u2013 Consultoria - Conclus\u00e3o - Estudos e Forma\u00e7\u00e3o","og_description":"Internacionaliza\u00e7\u00e3o &#8211; Consultoria A Conclus\u00e3o tem como parceiro o Centro de Neg\u00f3cios e Multiservi\u00e7os apresentando como miss\u00e3o a execu\u00e7\u00e3o de servi\u00e7os partilhados EU \u2013 Portugal-Mo\u00e7ambique, que ir\u00e3o potenciar em fun\u00e7\u00e3o de v\u00e1rias atividades, a execu\u00e7\u00e3o de servi\u00e7os , a organiza\u00e7\u00e3o de eventos, encontros bilaterais de voca\u00e7\u00e3o empresarial e tur\u00edstica. Relativamente aos servi\u00e7os partilhados EU \u2013 &hellip; Internacionaliza\u00e7\u00e3o \u2013 Consultoria Read More &raquo;","og_url":"https:\/\/conclusao.pt\/portal\/internacionalizacao-consultoria\/","og_site_name":"Conclus\u00e3o - Estudos e Forma\u00e7\u00e3o","article_publisher":"https:\/\/www.facebook.com\/conclusaoformacao\/","article_modified_time":"2023-09-22T10:52:27+00:00","og_image":[{"url":"https:\/\/devconclusao.lojas-online.pt\/wp-content\/uploads\/2023\/09\/internacionalizacao.jpg","type":"","width":"","height":""}],"twitter_card":"summary_large_image","twitter_misc":{"Tempo estimado de leitura":"1 minuto"},"schema":{"@context":"https:\/\/schema.org","@graph":[{"@type":"WebPage","@id":"https:\/\/conclusao.pt\/portal\/internacionalizacao-consultoria\/","url":"https:\/\/conclusao.pt\/portal\/internacionalizacao-consultoria\/","name":"Internacionaliza\u00e7\u00e3o \u2013 Consultoria - Conclus\u00e3o - Estudos e Forma\u00e7\u00e3o","isPartOf":{"@id":"https:\/\/conclusao.pt\/portal\/#website"},"primaryImageOfPage":{"@id":"https:\/\/conclusao.pt\/portal\/internacionalizacao-consultoria\/#primaryimage"},"image":{"@id":"https:\/\/conclusao.pt\/portal\/internacionalizacao-consultoria\/#primaryimage"},"thumbnailUrl":"https:\/\/devconclusao.lojas-online.pt\/wp-content\/uploads\/2023\/09\/internacionalizacao.jpg","datePublished":"2023-09-22T10:24:58+00:00","dateModified":"2023-09-22T10:52:27+00:00","breadcrumb":{"@id":"https:\/\/conclusao.pt\/portal\/internacionalizacao-consultoria\/#breadcrumb"},"inLanguage":"pt-PT","potentialAction":[{"@type":"ReadAction","target":["https:\/\/conclusao.pt\/portal\/internacionalizacao-consultoria\/"]}]},{"@type":"ImageObject","inLanguage":"pt-PT","@id":"https:\/\/conclusao.pt\/portal\/internacionalizacao-consultoria\/#primaryimage","url":"https:\/\/devconclusao.lojas-online.pt\/wp-content\/uploads\/2023\/09\/internacionalizacao.jpg","contentUrl":"https:\/\/devconclusao.lojas-online.pt\/wp-content\/uploads\/2023\/09\/internacionalizacao.jpg"},{"@type":"BreadcrumbList","@id":"https:\/\/conclusao.pt\/portal\/internacionalizacao-consultoria\/#breadcrumb","itemListElement":[{"@type":"ListItem","position":1,"name":"In\u00edcio","item":"https:\/\/conclusao.pt\/portal\/"},{"@type":"ListItem","position":2,"name":"Internacionaliza\u00e7\u00e3o \u2013 Consultoria"}]},{"@type":"WebSite","@id":"https:\/\/conclusao.pt\/portal\/#website","url":"https:\/\/conclusao.pt\/portal\/","name":"Conclus\u00e3o - Estudos e Forma\u00e7\u00e3o","description":"A Conclus\u00e3o \u2013 Estudos e Forma\u00e7\u00e3o, Lda \u00e9 uma empresa que iniciou a sua atividade em 1987, tendo ao longo dos anos especializado na promo\u00e7\u00e3o de cursos de forma\u00e7\u00e3o profissional, na elabora\u00e7\u00e3o estudos e projetos e no desenvolvimento de atividades de consultoria empresarial.","publisher":{"@id":"https:\/\/conclusao.pt\/portal\/#organization"},"potentialAction":[{"@type":"SearchAction","target":{"@type":"EntryPoint","urlTemplate":"https:\/\/conclusao.pt\/portal\/?s={search_term_string}"},"query-input":{"@type":"PropertyValueSpecification","valueRequired":true,"valueName":"search_term_string"}}],"inLanguage":"pt-PT"},{"@type":"Organization","@id":"https:\/\/conclusao.pt\/portal\/#organization","name":"Conclus\u00e3o - Estudos e Forma\u00e7\u00e3o","url":"https:\/\/conclusao.pt\/portal\/","logo":{"@type":"ImageObject","inLanguage":"pt-PT","@id":"https:\/\/conclusao.pt\/portal\/#\/schema\/logo\/image\/","url":"https:\/\/conclusao.pt\/portal\/wp-content\/uploads\/2023\/09\/cropped-logotipo.png","contentUrl":"https:\/\/conclusao.pt\/portal\/wp-content\/uploads\/2023\/09\/cropped-logotipo.png","width":200,"height":65,"caption":"Conclus\u00e3o - Estudos e Forma\u00e7\u00e3o"},"image":{"@id":"https:\/\/conclusao.pt\/portal\/#\/schema\/logo\/image\/"},"sameAs":["https:\/\/www.facebook.com\/conclusaoformacao\/","https:\/\/www.instagram.com\/conclusaolda\/","https:\/\/www.linkedin.com\/company\/conclusao\/"]}]}},"uagb_featured_image_src":{"full":false,"thumbnail":false,"medium":false,"medium_large":false,"large":false,"1536x1536":false,"2048x2048":false,"woocommerce_thumbnail":false,"woocommerce_single":false,"woocommerce_gallery_thumbnail":false},"uagb_author_info":{"display_name":"Karma Design","author_link":"https:\/\/conclusao.pt\/portal\/author\/karma-design\/"},"uagb_comment_info":0,"uagb_excerpt":"Internacionaliza\u00e7\u00e3o &#8211; Consultoria A Conclus\u00e3o tem como parceiro o Centro de Neg\u00f3cios e Multiservi\u00e7os apresentando como miss\u00e3o a execu\u00e7\u00e3o de servi\u00e7os partilhados EU \u2013 Portugal-Mo\u00e7ambique, que ir\u00e3o potenciar em fun\u00e7\u00e3o de v\u00e1rias atividades, a execu\u00e7\u00e3o de servi\u00e7os , a organiza\u00e7\u00e3o de eventos, encontros bilaterais de voca\u00e7\u00e3o empresarial e tur\u00edstica. Relativamente aos servi\u00e7os partilhados EU \u2013&hellip;","_links":{"self":[{"href":"https:\/\/conclusao.pt\/portal\/wp-json\/wp\/v2\/pages\/19185","targetHints":{"allow":["GET"]}}],"collection":[{"href":"https:\/\/conclusao.pt\/portal\/wp-json\/wp\/v2\/pages"}],"about":[{"href":"https:\/\/conclusao.pt\/portal\/wp-json\/wp\/v2\/types\/page"}],"author":[{"embeddable":true,"href":"https:\/\/conclusao.pt\/portal\/wp-json\/wp\/v2\/users\/1"}],"replies":[{"embeddable":true,"href":"https:\/\/conclusao.pt\/portal\/wp-json\/wp\/v2\/comments?post=19185"}],"version-history":[{"count":10,"href":"https:\/\/conclusao.pt\/portal\/wp-json\/wp\/v2\/pages\/19185\/revisions"}],"predecessor-version":[{"id":19221,"href":"https:\/\/conclusao.pt\/portal\/wp-json\/wp\/v2\/pages\/19185\/revisions\/19221"}],"wp:attachment":[{"href":"https:\/\/conclusao.pt\/portal\/wp-json\/wp\/v2\/media?parent=19185"}],"curies":[{"name":"wp","href":"https:\/\/api.w.org\/{rel}","templated":true}]}}